{"id":9570,"date":"2020-03-31T09:56:50","date_gmt":"2020-03-31T07:56:50","guid":{"rendered":"https:\/\/cdincbarcelona.com\/?page_id=9570"},"modified":"2020-03-31T18:02:23","modified_gmt":"2020-03-31T16:02:23","slug":"enfermedad-de-parkinson","status":"publish","type":"page","link":"https:\/\/cdincbarcelona.com\/es\/especialidades-cdinc\/enfermedad-parkinson-trastornos-movimiento\/enfermedad-de-parkinson\/","title":{"rendered":"Enfermedad  de Parkinson"},"content":{"rendered":"[vc_row type=\u00bbfull_width_background\u00bb full_screen_row_position=\u00bbmiddle\u00bb column_margin=\u00bbdefault\u00bb bg_image=\u00bb6675&#8243; bg_position=\u00bbleft top\u00bb bg_repeat=\u00bbno-repeat\u00bb bg_color=\u00bb#333333&#8243; scene_position=\u00bbcenter\u00bb video_bg=\u00bbuse_video\u00bb text_color=\u00bblight\u00bb text_align=\u00bbleft\u00bb top_padding=\u00bb7%\u00bb bottom_padding=\u00bb3%\u00bb color_overlay=\u00bb#0a0a0a\u00bb overlay_strength=\u00bb0.5&#8243; shape_divider_position=\u00bbbottom\u00bb bg_image_animation=\u00bbnone\u00bb parallax_bg=\u00bbtrue\u00bb parallax_bg_speed=\u00bbfast\u00bb video_mute=\u00bbtrue\u00bb shape_type=\u00bb\u00bb][vc_column column_padding=\u00bbno-extra-padding\u00bb column_padding_position=\u00bball\u00bb background_color_opacity=\u00bb1&#8243; background_hover_color_opacity=\u00bb1&#8243; column_link_target=\u00bb_self\u00bb column_shadow=\u00bbnone\u00bb column_border_radius=\u00bbnone\u00bb width=\u00bb1\/1&#8243; tablet_width_inherit=\u00bbdefault\u00bb tablet_text_alignment=\u00bbdefault\u00bb phone_text_alignment=\u00bbdefault\u00bb overlay_strength=\u00bb0.3&#8243; column_border_width=\u00bbnone\u00bb column_border_style=\u00bbsolid\u00bb bg_image_animation=\u00bbnone\u00bb][vc_custom_heading text=\u00bbEnfermedad de Parkinson\u00bb font_container=\u00bbtag:h1|text_align:left|color:%23ffffff\u00bb use_theme_fonts=\u00bbyes\u00bb][vc_custom_heading text=\u00bbTRASTORNOS DEL MOVIMIENTO\u00bb font_container=\u00bbtag:h5|text_align:left|color:rgba(255%2C255%2C255%2C0.74)\u00bb use_theme_fonts=\u00bbyes\u00bb css_animation=\u00bbnone\u00bb link=\u00bburl:https%3A%2F%2Fcdincbarcelona.com%2Fes%2Fespecialidades-cdinc%2Fenfermedad-parkinson-trastornos-movimiento%2F|title:Malaltia%20de%20Parkinson%20i%20altres%20trastorns%20del%20moviment||\u00bb][\/vc_column][\/vc_row][vc_row type=\u00bbfull_width_background\u00bb full_screen_row_position=\u00bbmiddle\u00bb equal_height=\u00bbyes\u00bb column_margin=\u00bbdefault\u00bb scene_position=\u00bbcenter\u00bb text_color=\u00bbdark\u00bb text_align=\u00bbleft\u00bb top_padding=\u00bb4%\u00bb bottom_padding=\u00bb4%\u00bb overlay_strength=\u00bb0.3&#8243; shape_divider_position=\u00bbbottom\u00bb bg_image_animation=\u00bbnone\u00bb shape_type=\u00bb\u00bb][vc_column column_padding=\u00bbno-extra-padding\u00bb column_padding_position=\u00bball\u00bb background_color_opacity=\u00bb1&#8243; background_hover_color_opacity=\u00bb1&#8243; column_link_target=\u00bb_self\u00bb column_shadow=\u00bbnone\u00bb column_border_radius=\u00bbnone\u00bb width=\u00bb1\/1&#8243; tablet_width_inherit=\u00bbdefault\u00bb tablet_text_alignment=\u00bbdefault\u00bb phone_text_alignment=\u00bbdefault\u00bb overlay_strength=\u00bb0.3&#8243; column_border_width=\u00bbnone\u00bb column_border_style=\u00bbsolid\u00bb bg_image_animation=\u00bbnone\u00bb][vc_custom_heading text=\u00bb\u00bfQu\u00e9 es la enfermedad de Parkinson?\u00bb font_container=\u00bbtag:h3|font_size:38px|text_align:left|line_height:47px\u00bb use_theme_fonts=\u00bbyes\u00bb][divider line_type=\u00bbNo Line\u00bb custom_height=\u00bb25&#8243;][vc_row_inner column_margin=\u00bbdefault\u00bb text_align=\u00bbleft\u00bb][vc_column_inner column_padding=\u00bbno-extra-padding\u00bb column_padding_position=\u00bball\u00bb background_color_opacity=\u00bb1&#8243; background_hover_color_opacity=\u00bb1&#8243; column_shadow=\u00bbnone\u00bb column_border_radius=\u00bbnone\u00bb column_link_target=\u00bb_self\u00bb width=\u00bb1\/3&#8243; tablet_width_inherit=\u00bbdefault\u00bb overlay_strength=\u00bb0.3&#8243; column_border_width=\u00bbnone\u00bb column_border_style=\u00bbsolid\u00bb bg_image_animation=\u00bbnone\u00bb][vc_column_text]La enfermedad de Parkinson (EP) es un <strong>trastorno neurodegenerativo caracterizado por el desarrollo de s\u00edntomas motores tales como lentitud, rigidez, temblor en reposo y alteraci\u00f3n de los reflejos posturales, adem\u00e1s de poder asociar problemas de equilibrio y del habla<\/strong>. Frecuentemente, la EP tambi\u00e9n asocia toda una serie de s\u00edntomas no motores tales como los problemas de memoria y el deterioro cognitivo progresivo, la depresi\u00f3n, la p\u00e9rdida de la motivaci\u00f3n, las conductas compulsivas y las alucinaciones entre otros.[\/vc_column_text][\/vc_column_inner][vc_column_inner column_padding=\u00bbno-extra-padding\u00bb column_padding_position=\u00bball\u00bb background_color_opacity=\u00bb1&#8243; background_hover_color_opacity=\u00bb1&#8243; column_shadow=\u00bbnone\u00bb column_border_radius=\u00bbnone\u00bb column_link_target=\u00bb_self\u00bb width=\u00bb2\/3&#8243; tablet_width_inherit=\u00bbdefault\u00bb overlay_strength=\u00bb0.3&#8243; column_border_width=\u00bbnone\u00bb column_border_style=\u00bbsolid\u00bb bg_image_animation=\u00bbnone\u00bb][vc_video link=\u00bbhttps:\/\/www.youtube.com\/watch?v=JVPG4WDNwpE\u00bb align=\u00bbcenter\u00bb][\/vc_column_inner][\/vc_row_inner][divider line_type=\u00bbNo Line\u00bb custom_height=\u00bb25&#8243;][vc_column_text]La EP se asocia a la p\u00e9rdida progresiva de ciertas poblaciones de neuronas, siendo especialmente vulnerables aquellas que se dedican a la producci\u00f3n de un neurotransmisor llamado dopamina. Paralelamente, en el sistema nervioso de los pacientes afectos de EP existen agregados de ciertos tipos de prote\u00ednas relacionadas con el da\u00f1o neuronal que se conocen como cuerpos de Lewy.<\/p>\n<p>La EP llega a afectar hasta un 1% de la poblaci\u00f3n mayor de 60 a\u00f1os y representa la segunda enfermedad neurodegenerativa m\u00e1s frecuente despu\u00e9s de la enfermedad de Alzheimer. \u00a0A pesar de ser una enfermedad que t\u00edpicamente afecta a personas en la edad adulta, un 10% de los casos lo presentan personas de menos de 40 a\u00f1os edad en lo que denominamos la variante de EP de inicio temprano.<\/p>\n<p>Resulta importante destacar, que a pesar de la idea generalizada de que todos los pacientes con EP presentan temblor, <strong>cerca de la mitad de los casos cursan sin manifestar temblor.<\/strong>[\/vc_column_text][\/vc_column][\/vc_row][vc_row type=\u00bbfull_width_background\u00bb full_screen_row_position=\u00bbmiddle\u00bb equal_height=\u00bbyes\u00bb column_margin=\u00bbdefault\u00bb bg_color=\u00bb#ffffff\u00bb scene_position=\u00bbcenter\u00bb text_color=\u00bbdark\u00bb text_align=\u00bbleft\u00bb top_padding=\u00bb4%\u00bb bottom_padding=\u00bb4%\u00bb overlay_strength=\u00bb0.3&#8243; shape_divider_position=\u00bbbottom\u00bb bg_image_animation=\u00bbnone\u00bb shape_type=\u00bb\u00bb][vc_column column_padding=\u00bbno-extra-padding\u00bb column_padding_position=\u00bball\u00bb background_color_opacity=\u00bb1&#8243; background_hover_color_opacity=\u00bb1&#8243; column_link_target=\u00bb_self\u00bb column_shadow=\u00bbnone\u00bb column_border_radius=\u00bbnone\u00bb width=\u00bb1\/1&#8243; tablet_width_inherit=\u00bbdefault\u00bb tablet_text_alignment=\u00bbdefault\u00bb phone_text_alignment=\u00bbdefault\u00bb overlay_strength=\u00bb0.3&#8243; column_border_width=\u00bbnone\u00bb column_border_style=\u00bbsolid\u00bb bg_image_animation=\u00bbnone\u00bb][vc_custom_heading text=\u00bb\u00bfQu\u00e9 causa la enfermedad de Parkinson?\u00bb font_container=\u00bbtag:h3|font_size:38px|text_align:left|line_height:47px\u00bb use_theme_fonts=\u00bbyes\u00bb][divider line_type=\u00bbNo Line\u00bb custom_height=\u00bb25&#8243;][vc_column_text]La mayor\u00eda de casos de EP son de origen \u201cidiop\u00e1tico\u201d. Ello significa que se desconoce su causa. Actualmente se asume que intervienen m\u00faltiples factores desencadenantes que predisponen al desarrollo de la enfermedad. A pesar de no conocer exactamente los mecanismos que llevan a desarrollar la EP, existen algunas mutaciones gen\u00e9ticas que se asocian con mayor riesgo a desarrollar la enfermedad, as\u00ed como ciertas mutaciones que se asocian con formas familiares, autos\u00f3micas dominantes de enfermedad de Parkinson de inicio temprano.[\/vc_column_text][\/vc_column][\/vc_row][vc_row type=\u00bbfull_width_background\u00bb full_screen_row_position=\u00bbmiddle\u00bb equal_height=\u00bbyes\u00bb column_margin=\u00bbdefault\u00bb scene_position=\u00bbcenter\u00bb text_color=\u00bbdark\u00bb text_align=\u00bbleft\u00bb top_padding=\u00bb4%\u00bb bottom_padding=\u00bb4%\u00bb overlay_strength=\u00bb0.3&#8243; shape_divider_position=\u00bbbottom\u00bb bg_image_animation=\u00bbnone\u00bb shape_type=\u00bb\u00bb][vc_column column_padding=\u00bbno-extra-padding\u00bb column_padding_position=\u00bball\u00bb background_color_opacity=\u00bb1&#8243; background_hover_color_opacity=\u00bb1&#8243; column_link_target=\u00bb_self\u00bb column_shadow=\u00bbnone\u00bb column_border_radius=\u00bbnone\u00bb width=\u00bb1\/1&#8243; tablet_width_inherit=\u00bbdefault\u00bb tablet_text_alignment=\u00bbdefault\u00bb phone_text_alignment=\u00bbdefault\u00bb overlay_strength=\u00bb0.3&#8243; column_border_width=\u00bbnone\u00bb column_border_style=\u00bbsolid\u00bb bg_image_animation=\u00bbnone\u00bb][vc_custom_heading text=\u00bb\u00bfCu\u00e1les son los s\u00edntomas de la enfermedad de Parkinson y su tratamiento?\u00bb font_container=\u00bbtag:h3|font_size:38px|text_align:left|line_height:47px\u00bb use_theme_fonts=\u00bbyes\u00bb][divider line_type=\u00bbNo Line\u00bb custom_height=\u00bb25&#8243;][vc_column_text]Los s\u00edntomas de la EP pueden dividirse entre lo que denominamos s\u00edntomas motores y s\u00edntomas no motores. A pesar de que algunos de estos s\u00edntomas son m\u00e1s frecuentes en etapas avanzadas de la enfermedad, muchos de los s\u00edntomas que asocia la EP pueden aparecer en cualquier momento a lo largo de su evoluci\u00f3n.[\/vc_column_text][divider line_type=\u00bbNo Line\u00bb custom_height=\u00bb50&#8243;][vc_row_inner column_margin=\u00bbdefault\u00bb top_padding=\u00bb24&#8243; text_align=\u00bbleft\u00bb][vc_column_inner column_padding=\u00bbno-extra-padding\u00bb column_padding_position=\u00bball\u00bb background_color_opacity=\u00bb1&#8243; background_hover_color_opacity=\u00bb1&#8243; column_shadow=\u00bbnone\u00bb column_border_radius=\u00bbnone\u00bb column_link_target=\u00bb_self\u00bb width=\u00bb1\/4&#8243; tablet_width_inherit=\u00bbdefault\u00bb overlay_strength=\u00bb0.3&#8243; column_border_width=\u00bbnone\u00bb column_border_style=\u00bbsolid\u00bb bg_image_animation=\u00bbnone\u00bb][vc_custom_heading text=\u00bbS\u00edntomas motores\u00bb font_container=\u00bbtag:h4|font_size:25px|text_align:left|line_height:30px\u00bb use_theme_fonts=\u00bbyes\u00bb][\/vc_column_inner][vc_column_inner column_padding=\u00bbno-extra-padding\u00bb column_padding_position=\u00bball\u00bb background_color_opacity=\u00bb1&#8243; background_hover_color_opacity=\u00bb1&#8243; column_shadow=\u00bbnone\u00bb column_border_radius=\u00bbnone\u00bb column_link_target=\u00bb_self\u00bb width=\u00bb3\/4&#8243; tablet_width_inherit=\u00bbdefault\u00bb overlay_strength=\u00bb0.3&#8243; column_border_width=\u00bbnone\u00bb column_border_style=\u00bbsolid\u00bb bg_image_animation=\u00bbnone\u00bb][vc_column_text]Las personas afectadas de EP suelen presentar l<strong>entitud, torpeza, rigidez o temblor<\/strong> que generalmente se inicia en un solo lado del cuerpo y \/o extremidad y que progresivamente afectar\u00e1 a todo el cuerpo. En algunos casos, inicialmente el paciente o los familiares detectan una cierta tendencia a arrastrar una de las extremidades inferiores al andar, a no balancear los brazos, a estar m\u00e1s torpe, lento o presentar una forma de temblor cuando se est\u00e1 en reposo, eso es, mientras no realiza ninguna actividad.<\/p>\n<p>La <strong>exploraci\u00f3n neurol\u00f3gica<\/strong> por parte de un m\u00e9dico especialista en trastornos del movimiento permite detectar si los s\u00edntomas que presenta el paciente son compatibles con una EP o si bien tienen otra causa.<\/p>\n<p>El tratamiento de los s\u00edntomas motores en la EP se realiza mediante las terapias de reemplazo dopamin\u00e9rgico, eso es, mediante f\u00e1rmacos que aumentan los niveles de neurotransmisi\u00f3n de dopamina que el proceso degenerativo ha ido disminuyendo. Con un <strong>\u00f3ptimo manejo farmacol\u00f3gico<\/strong>, muchas personas en fases tempranas de la EP muestran una excelente respuesta y pueden mantenerse durante varios a\u00f1os sin asociar ninguna limitaci\u00f3n funcional.<\/p>\n<p>La progresi\u00f3n de la EP asocia complicaciones de los s\u00edntomas motores y una peor respuesta a los tratamientos farmacol\u00f3gicos habituales, siendo entonces necesaria una revisi\u00f3n exhaustiva e incluso resulta posible plantearse lo que denominamos tratamientos avanzados.<\/p>\n<p>Los tratamientos avanzados para la EP incluyen la implantaci\u00f3n de dispositivos que de manera autom\u00e1tica liberan de forma continua y programada ciertas cantidades de f\u00e1rmaco, limitando as\u00ed las fluctuaciones motoras t\u00edpicas de la enfermedad. Otras opciones a tener en cuenta incluyen la estimulaci\u00f3n cerebral profunda que consiste en un procedimiento neuroquir\u00fargico a trav\u00e9s del cual se implanta un sistema de electrodos en el sistema nervioso del paciente que a modo de \u201cmarcapasos\u201d consigue restaurar de manera significativa el funcionamiento cerebral y, en consecuencia, el control del movimiento.[\/vc_column_text][\/vc_column_inner][\/vc_row_inner][divider line_type=\u00bbFull Width Line\u00bb line_thickness=\u00bb1&#8243; divider_color=\u00bbdefault\u00bb custom_height=\u00bb20&#8243;][vc_row_inner column_margin=\u00bbdefault\u00bb top_padding=\u00bb24&#8243; text_align=\u00bbleft\u00bb][vc_column_inner column_padding=\u00bbno-extra-padding\u00bb column_padding_position=\u00bball\u00bb background_color_opacity=\u00bb1&#8243; background_hover_color_opacity=\u00bb1&#8243; column_shadow=\u00bbnone\u00bb column_border_radius=\u00bbnone\u00bb column_link_target=\u00bb_self\u00bb width=\u00bb1\/4&#8243; tablet_width_inherit=\u00bbdefault\u00bb overlay_strength=\u00bb0.3&#8243; column_border_width=\u00bbnone\u00bb column_border_style=\u00bbsolid\u00bb bg_image_animation=\u00bbnone\u00bb][vc_custom_heading text=\u00bbS\u00edntomas no motores\u00bb font_container=\u00bbtag:h4|font_size:25px|text_align:left|line_height:30px\u00bb use_theme_fonts=\u00bbyes\u00bb][\/vc_column_inner][vc_column_inner column_padding=\u00bbno-extra-padding\u00bb column_padding_position=\u00bball\u00bb background_color_opacity=\u00bb1&#8243; background_hover_color_opacity=\u00bb1&#8243; column_shadow=\u00bbnone\u00bb column_border_radius=\u00bbnone\u00bb column_link_target=\u00bb_self\u00bb width=\u00bb3\/4&#8243; tablet_width_inherit=\u00bbdefault\u00bb overlay_strength=\u00bb0.3&#8243; column_border_width=\u00bbnone\u00bb column_border_style=\u00bbsolid\u00bb bg_image_animation=\u00bbnone\u00bb][vc_column_text]A pesar de que hist\u00f3ricamente se consideraba que la EP era un trastorno exclusivamente motor, hoy en d\u00eda resulta indiscutible que existen todo un conjunto de s\u00edntomas no motores que son indisociables de la enfermedad. Entre los m\u00e1s frecuentes, encontramos la <strong>sintomatolog\u00eda depresiva<\/strong>, que en algunos casos puede incluso preceder el inicio de los s\u00edntomas motores, la ansiedad, la p\u00e9rdida de inter\u00e9s y <strong>desmotivaci\u00f3n<\/strong>, los <strong>trastornos del sue\u00f1o<\/strong>, las <strong>alucinaciones visuales<\/strong> o la irritabilidad entre otros. Algunos de estos s\u00edntomas suceden como consecuencia a la falta de dopamina, en otros casos pueden deberse a un exceso en la dosis empleada. Por lo tanto, el ajuste terap\u00e9utico de los f\u00e1rmacos empleados puede en muchos casos resolver total o parcialmente esta sintomatolog\u00eda.<\/p>\n<p>Un efecto secundario que desarrolla cerca del 20% de los pacientes que emplean un tipo de f\u00e1rmaco llamado \u201cagonistas dopamin\u00e9rgicos\u201d son los denominados <strong>trastornos del control de los impulsos<\/strong>. En estos casos, los pacientes desarrollan conductas obsesivas y compulsivas de manera poco controlada que les incita a realizar conductas o acciones con las que asocian placer. Algunos de los trastornos del control de los impulsos que m\u00e1s frecuentemente encontramos en la EP son el juego patol\u00f3gico o ludopat\u00eda, las ideas obsesivas con el sexo o la comida compulsiva entre otros. Obviamente, muchas de estas conductas tienen un impacto muy negativo sobre el paciente y su entorno y en muchas ocasiones ni los pacientes ni los familiares saben que estas conductas son un efecto secundario. Cuando estos problemas se detectan, el manejo de las dosis y tipo de f\u00e1rmacos empleados consigue en muchos casos restituir la normalidad.<\/p>\n<p>A nivel cognitivo, la pr\u00e1ctica totalidad de los pacientes con EP tiene alg\u00fan tipo de dificultad con respecto a su nivel previo diagn\u00f3stico de la enfermedad. Estas dificultades suelen incluir problemas para mantener la atenci\u00f3n, la organizaci\u00f3n y en algunos casos problemas a nivel de memoria y de encontrar las palabras. A diferencia de la enfermedad de Alzheimer, tener algunos problemas a nivel cognitivo no significa que se vaya a padecer una demencia en el futuro. De todos modos, una proporci\u00f3n importante de personas afectadas de EP experimentaran un <strong>declive cognitivo m\u00e1s o menos agresivo durante los primeros 5 a\u00f1os de evoluci\u00f3n de la enfermedad<\/strong> que en algunos casos puede llevar a una demencia asociada a la EP.<\/p>\n<p>A pesar de que no existen tratamientos curativos para los trastornos cognitivos o la demencia en la EP, resulta fundamental evaluar el estado cognitivo de los pacientes con tal de identificar posibles indicadores de deterioro cognitivo que nos ayuden a implementar estrategias orientadas a ralentizar su progresi\u00f3n.<\/p>\n<p>Otros s\u00edntomas no motores que frecuentemente encontramos en la EP incluyen los trastornos del sue\u00f1o, los problemas de estre\u00f1imiento, la fatiga, el dolor y los cambios en la apetencia y conducta sexual.<\/p>\n<p>El tratamiento de algunos de estos s\u00edntomas no motores puede incluir el ajuste de la medicaci\u00f3n, el inicio de otros tratamientos farmacol\u00f3gicos y el uso de terapias complementarias que pueden incluir el cambio de h\u00e1bitos alimentarios y\/o consejos nutricionales, los cuidados sobre la calidad del sue\u00f1o, la psicoterapia o el ejercicio f\u00edsico entre otros.[\/vc_column_text][\/vc_column_inner][\/vc_row_inner][\/vc_column][\/vc_row][vc_row type=\u00bbfull_width_background\u00bb full_screen_row_position=\u00bbmiddle\u00bb equal_height=\u00bbyes\u00bb content_placement=\u00bbmiddle\u00bb column_margin=\u00bbdefault\u00bb bg_image=\u00bb6711&#8243; bg_position=\u00bbcenter center\u00bb bg_repeat=\u00bbno-repeat\u00bb scene_position=\u00bbcenter\u00bb text_color=\u00bblight\u00bb text_align=\u00bbleft\u00bb top_padding=\u00bb4%\u00bb bottom_padding=\u00bb4%\u00bb color_overlay=\u00bbrgba(10,6,6,0.84)\u00bb overlay_strength=\u00bb0.5&#8243; shape_divider_position=\u00bbbottom\u00bb bg_image_animation=\u00bbnone\u00bb shape_type=\u00bb\u00bb][vc_column column_padding=\u00bbno-extra-padding\u00bb column_padding_position=\u00bball\u00bb background_color_opacity=\u00bb1&#8243; background_hover_color_opacity=\u00bb1&#8243; column_link_target=\u00bb_self\u00bb column_shadow=\u00bbnone\u00bb column_border_radius=\u00bbnone\u00bb width=\u00bb1\/1&#8243; tablet_width_inherit=\u00bbdefault\u00bb tablet_text_alignment=\u00bbdefault\u00bb phone_text_alignment=\u00bbdefault\u00bb overlay_strength=\u00bb0.3&#8243; column_border_width=\u00bbnone\u00bb column_border_style=\u00bbsolid\u00bb bg_image_animation=\u00bbnone\u00bb][vc_row_inner column_margin=\u00bbdefault\u00bb text_align=\u00bbleft\u00bb][vc_column_inner column_padding=\u00bbno-extra-padding\u00bb column_padding_position=\u00bball\u00bb background_color_opacity=\u00bb1&#8243; background_hover_color_opacity=\u00bb1&#8243; column_shadow=\u00bbnone\u00bb column_border_radius=\u00bbnone\u00bb column_link_target=\u00bb_self\u00bb width=\u00bb1\/6&#8243; tablet_width_inherit=\u00bbdefault\u00bb overlay_strength=\u00bb0.3&#8243; column_border_width=\u00bbnone\u00bb column_border_style=\u00bbsolid\u00bb bg_image_animation=\u00bbnone\u00bb][\/vc_column_inner][vc_column_inner column_padding=\u00bbpadding-2-percent\u00bb column_padding_position=\u00bbleft-right\u00bb centered_text=\u00bbtrue\u00bb background_color_opacity=\u00bb1&#8243; background_hover_color_opacity=\u00bb1&#8243; column_shadow=\u00bbnone\u00bb column_border_radius=\u00bbnone\u00bb column_link_target=\u00bb_self\u00bb width=\u00bb2\/3&#8243; tablet_width_inherit=\u00bbdefault\u00bb overlay_strength=\u00bb0.3&#8243; column_border_width=\u00bbnone\u00bb column_border_style=\u00bbsolid\u00bb bg_image_animation=\u00bbnone\u00bb][vc_custom_heading text=\u00bbSOLICITE INFORMACI\u00d3N \/ VISITA\u00bb font_container=\u00bbtag:h3|font_size:42|text_align:center|line_height:42px\u00bb use_theme_fonts=\u00bbyes\u00bb css_animation=\u00bbnone\u00bb][divider line_type=\u00bbNo Line\u00bb custom_height=\u00bb5&#8243;][nectar_btn size=\u00bblarge\u00bb button_style=\u00bbregular\u00bb button_color_2=\u00bbAccent-Color\u00bb icon_family=\u00bbdefault_arrow\u00bb url=\u00bb\/es\/solicitar-informacion-visita\/\u00bb text=\u00bbSolicitar\u00bb css_animation=\u00bbnone\u00bb margin_top=\u00bb10&#8243;][\/vc_column_inner][vc_column_inner column_padding=\u00bbno-extra-padding\u00bb column_padding_position=\u00bball\u00bb background_color_opacity=\u00bb1&#8243; background_hover_color_opacity=\u00bb1&#8243; column_shadow=\u00bbnone\u00bb column_border_radius=\u00bbnone\u00bb column_link_target=\u00bb_self\u00bb width=\u00bb1\/6&#8243; tablet_width_inherit=\u00bbdefault\u00bb overlay_strength=\u00bb0.3&#8243; column_border_width=\u00bbnone\u00bb column_border_style=\u00bbsolid\u00bb bg_image_animation=\u00bbnone\u00bb][\/vc_column_inner][\/vc_row_inner][\/vc_column][\/vc_row]\n","protected":false},"excerpt":{"rendered":"<p>[vc_row type=\u00bbfull_width_background\u00bb full_screen_row_position=\u00bbmiddle\u00bb column_margin=\u00bbdefault\u00bb bg_image=\u00bb6675&#8243; bg_position=\u00bbleft top\u00bb bg_repeat=\u00bbno-repeat\u00bb bg_color=\u00bb#333333&#8243; scene_position=\u00bbcenter\u00bb video_bg=\u00bbuse_video\u00bb text_color=\u00bblight\u00bb text_align=\u00bbleft\u00bb top_padding=\u00bb7%\u00bb bottom_padding=\u00bb3%\u00bb color_overlay=\u00bb#0a0a0a\u00bb overlay_strength=\u00bb0.5&#8243; shape_divider_position=\u00bbbottom\u00bb bg_image_animation=\u00bbnone\u00bb parallax_bg=\u00bbtrue\u00bb parallax_bg_speed=\u00bbfast\u00bb video_mute=\u00bbtrue\u00bb shape_type=\u00bb\u00bb][vc_column column_padding=\u00bbno-extra-padding\u00bb column_padding_position=\u00bball\u00bb&#8230;<\/p>\n","protected":false},"author":1,"featured_media":0,"parent":9581,"menu_order":0,"comment_status":"closed","ping_status":"closed","template":"","meta":{"footnotes":""},"class_list":["post-9570","page","type-page","status-publish"],"yoast_head":"<!-- This site is optimized with the Yoast SEO plugin v27.4 - https:\/\/yoast.com\/product\/yoast-seo-wordpress\/ -->\n<title>Enfermedad de Parkinson: S\u00edntomas y Tratamientos | CDINC Barcelona<\/title>\n<meta name=\"description\" content=\"Actualmente se asume que intervienen m\u00faltiples factores desencadenantes que predisponen al desarrollo de la enfermedad de Parkinson.\" \/>\n<meta name=\"robots\" content=\"index, follow, max-snippet:-1, max-image-preview:large, max-video-preview:-1\" \/>\n<link rel=\"canonical\" href=\"https:\/\/cdincbarcelona.com\/es\/especialidades-cdinc\/enfermedad-parkinson-trastornos-movimiento\/enfermedad-de-parkinson\/\" \/>\n<meta property=\"og:locale\" content=\"es_ES\" \/>\n<meta property=\"og:type\" content=\"article\" \/>\n<meta property=\"og:title\" content=\"Enfermedad de Parkinson: S\u00edntomas y Tratamientos | CDINC Barcelona\" \/>\n<meta property=\"og:description\" content=\"Actualmente se asume que intervienen m\u00faltiples factores desencadenantes que predisponen al desarrollo de la enfermedad de Parkinson.\" \/>\n<meta property=\"og:url\" content=\"https:\/\/cdincbarcelona.com\/es\/especialidades-cdinc\/enfermedad-parkinson-trastornos-movimiento\/enfermedad-de-parkinson\/\" \/>\n<meta property=\"og:site_name\" content=\"CDINC\" \/>\n<meta property=\"article:modified_time\" content=\"2020-03-31T16:02:23+00:00\" \/>\n<meta name=\"twitter:card\" content=\"summary_large_image\" \/>\n<meta name=\"twitter:label1\" content=\"Tiempo de lectura\" \/>\n\t<meta name=\"twitter:data1\" content=\"13 minutos\" \/>\n<script type=\"application\/ld+json\" class=\"yoast-schema-graph\">{\"@context\":\"https:\\\/\\\/schema.org\",\"@graph\":[{\"@type\":\"WebPage\",\"@id\":\"https:\\\/\\\/cdincbarcelona.com\\\/es\\\/especialidades-cdinc\\\/enfermedad-parkinson-trastornos-movimiento\\\/enfermedad-de-parkinson\\\/\",\"url\":\"https:\\\/\\\/cdincbarcelona.com\\\/es\\\/especialidades-cdinc\\\/enfermedad-parkinson-trastornos-movimiento\\\/enfermedad-de-parkinson\\\/\",\"name\":\"Enfermedad de Parkinson: S\u00edntomas y Tratamientos | CDINC Barcelona\",\"isPartOf\":{\"@id\":\"https:\\\/\\\/cdincbarcelona.com\\\/#website\"},\"datePublished\":\"2020-03-31T07:56:50+00:00\",\"dateModified\":\"2020-03-31T16:02:23+00:00\",\"description\":\"Actualmente se asume que intervienen m\u00faltiples factores desencadenantes que predisponen al desarrollo de la enfermedad de Parkinson.\",\"breadcrumb\":{\"@id\":\"https:\\\/\\\/cdincbarcelona.com\\\/es\\\/especialidades-cdinc\\\/enfermedad-parkinson-trastornos-movimiento\\\/enfermedad-de-parkinson\\\/#breadcrumb\"},\"inLanguage\":\"es\",\"potentialAction\":[{\"@type\":\"ReadAction\",\"target\":[\"https:\\\/\\\/cdincbarcelona.com\\\/es\\\/especialidades-cdinc\\\/enfermedad-parkinson-trastornos-movimiento\\\/enfermedad-de-parkinson\\\/\"]}]},{\"@type\":\"BreadcrumbList\",\"@id\":\"https:\\\/\\\/cdincbarcelona.com\\\/es\\\/especialidades-cdinc\\\/enfermedad-parkinson-trastornos-movimiento\\\/enfermedad-de-parkinson\\\/#breadcrumb\",\"itemListElement\":[{\"@type\":\"ListItem\",\"position\":1,\"name\":\"Portada\",\"item\":\"https:\\\/\\\/cdincbarcelona.com\\\/es\\\/\"},{\"@type\":\"ListItem\",\"position\":2,\"name\":\"Especialidades\",\"item\":\"https:\\\/\\\/cdincbarcelona.com\\\/es\\\/especialidades-cdinc\\\/\"},{\"@type\":\"ListItem\",\"position\":3,\"name\":\"Trastornos del movimiento\",\"item\":\"https:\\\/\\\/cdincbarcelona.com\\\/es\\\/especialidades-cdinc\\\/enfermedad-parkinson-trastornos-movimiento\\\/\"},{\"@type\":\"ListItem\",\"position\":4,\"name\":\"Enfermedad de Parkinson\"}]},{\"@type\":\"WebSite\",\"@id\":\"https:\\\/\\\/cdincbarcelona.com\\\/#website\",\"url\":\"https:\\\/\\\/cdincbarcelona.com\\\/\",\"name\":\"CDINC\",\"description\":\"Centre de diagn\u00f2stic i intervenci\u00f3 neurocognitiva Barcelona\",\"publisher\":{\"@id\":\"https:\\\/\\\/cdincbarcelona.com\\\/#organization\"},\"potentialAction\":[{\"@type\":\"SearchAction\",\"target\":{\"@type\":\"EntryPoint\",\"urlTemplate\":\"https:\\\/\\\/cdincbarcelona.com\\\/?s={search_term_string}\"},\"query-input\":{\"@type\":\"PropertyValueSpecification\",\"valueRequired\":true,\"valueName\":\"search_term_string\"}}],\"inLanguage\":\"es\"},{\"@type\":\"Organization\",\"@id\":\"https:\\\/\\\/cdincbarcelona.com\\\/#organization\",\"name\":\"CDINC Centre de Diagn\u00f2stic i Intervenci\u00f3 Neurocognitiva\",\"url\":\"https:\\\/\\\/cdincbarcelona.com\\\/\",\"logo\":{\"@type\":\"ImageObject\",\"inLanguage\":\"es\",\"@id\":\"https:\\\/\\\/cdincbarcelona.com\\\/#\\\/schema\\\/logo\\\/image\\\/\",\"url\":\"https:\\\/\\\/cdincbarcelona.com\\\/wp-content\\\/uploads\\\/2017\\\/10\\\/cdinc-logo@2x.png\",\"contentUrl\":\"https:\\\/\\\/cdincbarcelona.com\\\/wp-content\\\/uploads\\\/2017\\\/10\\\/cdinc-logo@2x.png\",\"width\":825,\"height\":200,\"caption\":\"CDINC Centre de Diagn\u00f2stic i Intervenci\u00f3 Neurocognitiva\"},\"image\":{\"@id\":\"https:\\\/\\\/cdincbarcelona.com\\\/#\\\/schema\\\/logo\\\/image\\\/\"}}]}<\/script>\n<!-- \/ Yoast SEO plugin. -->","yoast_head_json":{"title":"Enfermedad de Parkinson: S\u00edntomas y Tratamientos | CDINC Barcelona","description":"Actualmente se asume que intervienen m\u00faltiples factores desencadenantes que predisponen al desarrollo de la enfermedad de Parkinson.","robots":{"index":"index","follow":"follow","max-snippet":"max-snippet:-1","max-image-preview":"max-image-preview:large","max-video-preview":"max-video-preview:-1"},"canonical":"https:\/\/cdincbarcelona.com\/es\/especialidades-cdinc\/enfermedad-parkinson-trastornos-movimiento\/enfermedad-de-parkinson\/","og_locale":"es_ES","og_type":"article","og_title":"Enfermedad de Parkinson: S\u00edntomas y Tratamientos | CDINC Barcelona","og_description":"Actualmente se asume que intervienen m\u00faltiples factores desencadenantes que predisponen al desarrollo de la enfermedad de Parkinson.","og_url":"https:\/\/cdincbarcelona.com\/es\/especialidades-cdinc\/enfermedad-parkinson-trastornos-movimiento\/enfermedad-de-parkinson\/","og_site_name":"CDINC","article_modified_time":"2020-03-31T16:02:23+00:00","twitter_card":"summary_large_image","twitter_misc":{"Tiempo de lectura":"13 minutos"},"schema":{"@context":"https:\/\/schema.org","@graph":[{"@type":"WebPage","@id":"https:\/\/cdincbarcelona.com\/es\/especialidades-cdinc\/enfermedad-parkinson-trastornos-movimiento\/enfermedad-de-parkinson\/","url":"https:\/\/cdincbarcelona.com\/es\/especialidades-cdinc\/enfermedad-parkinson-trastornos-movimiento\/enfermedad-de-parkinson\/","name":"Enfermedad de Parkinson: S\u00edntomas y Tratamientos | CDINC Barcelona","isPartOf":{"@id":"https:\/\/cdincbarcelona.com\/#website"},"datePublished":"2020-03-31T07:56:50+00:00","dateModified":"2020-03-31T16:02:23+00:00","description":"Actualmente se asume que intervienen m\u00faltiples factores desencadenantes que predisponen al desarrollo de la enfermedad de Parkinson.","breadcrumb":{"@id":"https:\/\/cdincbarcelona.com\/es\/especialidades-cdinc\/enfermedad-parkinson-trastornos-movimiento\/enfermedad-de-parkinson\/#breadcrumb"},"inLanguage":"es","potentialAction":[{"@type":"ReadAction","target":["https:\/\/cdincbarcelona.com\/es\/especialidades-cdinc\/enfermedad-parkinson-trastornos-movimiento\/enfermedad-de-parkinson\/"]}]},{"@type":"BreadcrumbList","@id":"https:\/\/cdincbarcelona.com\/es\/especialidades-cdinc\/enfermedad-parkinson-trastornos-movimiento\/enfermedad-de-parkinson\/#breadcrumb","itemListElement":[{"@type":"ListItem","position":1,"name":"Portada","item":"https:\/\/cdincbarcelona.com\/es\/"},{"@type":"ListItem","position":2,"name":"Especialidades","item":"https:\/\/cdincbarcelona.com\/es\/especialidades-cdinc\/"},{"@type":"ListItem","position":3,"name":"Trastornos del movimiento","item":"https:\/\/cdincbarcelona.com\/es\/especialidades-cdinc\/enfermedad-parkinson-trastornos-movimiento\/"},{"@type":"ListItem","position":4,"name":"Enfermedad de Parkinson"}]},{"@type":"WebSite","@id":"https:\/\/cdincbarcelona.com\/#website","url":"https:\/\/cdincbarcelona.com\/","name":"CDINC","description":"Centre de diagn\u00f2stic i intervenci\u00f3 neurocognitiva Barcelona","publisher":{"@id":"https:\/\/cdincbarcelona.com\/#organization"},"potentialAction":[{"@type":"SearchAction","target":{"@type":"EntryPoint","urlTemplate":"https:\/\/cdincbarcelona.com\/?s={search_term_string}"},"query-input":{"@type":"PropertyValueSpecification","valueRequired":true,"valueName":"search_term_string"}}],"inLanguage":"es"},{"@type":"Organization","@id":"https:\/\/cdincbarcelona.com\/#organization","name":"CDINC Centre de Diagn\u00f2stic i Intervenci\u00f3 Neurocognitiva","url":"https:\/\/cdincbarcelona.com\/","logo":{"@type":"ImageObject","inLanguage":"es","@id":"https:\/\/cdincbarcelona.com\/#\/schema\/logo\/image\/","url":"https:\/\/cdincbarcelona.com\/wp-content\/uploads\/2017\/10\/cdinc-logo@2x.png","contentUrl":"https:\/\/cdincbarcelona.com\/wp-content\/uploads\/2017\/10\/cdinc-logo@2x.png","width":825,"height":200,"caption":"CDINC Centre de Diagn\u00f2stic i Intervenci\u00f3 Neurocognitiva"},"image":{"@id":"https:\/\/cdincbarcelona.com\/#\/schema\/logo\/image\/"}}]}},"_links":{"self":[{"href":"https:\/\/cdincbarcelona.com\/es\/wp-json\/wp\/v2\/pages\/9570","targetHints":{"allow":["GET"]}}],"collection":[{"href":"https:\/\/cdincbarcelona.com\/es\/wp-json\/wp\/v2\/pages"}],"about":[{"href":"https:\/\/cdincbarcelona.com\/es\/wp-json\/wp\/v2\/types\/page"}],"author":[{"embeddable":true,"href":"https:\/\/cdincbarcelona.com\/es\/wp-json\/wp\/v2\/users\/1"}],"replies":[{"embeddable":true,"href":"https:\/\/cdincbarcelona.com\/es\/wp-json\/wp\/v2\/comments?post=9570"}],"version-history":[{"count":4,"href":"https:\/\/cdincbarcelona.com\/es\/wp-json\/wp\/v2\/pages\/9570\/revisions"}],"predecessor-version":[{"id":9629,"href":"https:\/\/cdincbarcelona.com\/es\/wp-json\/wp\/v2\/pages\/9570\/revisions\/9629"}],"up":[{"embeddable":true,"href":"https:\/\/cdincbarcelona.com\/es\/wp-json\/wp\/v2\/pages\/9581"}],"wp:attachment":[{"href":"https:\/\/cdincbarcelona.com\/es\/wp-json\/wp\/v2\/media?parent=9570"}],"curies":[{"name":"wp","href":"https:\/\/api.w.org\/{rel}","templated":true}]}}