{"id":9532,"date":"2020-03-31T08:51:49","date_gmt":"2020-03-31T06:51:49","guid":{"rendered":"https:\/\/cdincbarcelona.com\/?page_id=9532"},"modified":"2020-03-31T18:03:54","modified_gmt":"2020-03-31T16:03:54","slug":"parkinsonismos-atipicos","status":"publish","type":"page","link":"https:\/\/cdincbarcelona.com\/es\/especialidades-cdinc\/enfermedad-parkinson-trastornos-movimiento\/parkinsonismos-atipicos\/","title":{"rendered":"Parkinsonismos at\u00edpicos"},"content":{"rendered":"[vc_row type=\u00bbfull_width_background\u00bb full_screen_row_position=\u00bbmiddle\u00bb column_margin=\u00bbdefault\u00bb bg_image=\u00bb6675&#8243; bg_position=\u00bbleft top\u00bb bg_repeat=\u00bbno-repeat\u00bb bg_color=\u00bb#333333&#8243; scene_position=\u00bbcenter\u00bb video_bg=\u00bbuse_video\u00bb text_color=\u00bblight\u00bb text_align=\u00bbleft\u00bb top_padding=\u00bb7%\u00bb bottom_padding=\u00bb3%\u00bb color_overlay=\u00bb#0a0a0a\u00bb overlay_strength=\u00bb0.5&#8243; shape_divider_position=\u00bbbottom\u00bb bg_image_animation=\u00bbnone\u00bb parallax_bg=\u00bbtrue\u00bb parallax_bg_speed=\u00bbfast\u00bb video_mute=\u00bbtrue\u00bb shape_type=\u00bb\u00bb][vc_column column_padding=\u00bbno-extra-padding\u00bb column_padding_position=\u00bball\u00bb background_color_opacity=\u00bb1&#8243; background_hover_color_opacity=\u00bb1&#8243; column_link_target=\u00bb_self\u00bb column_shadow=\u00bbnone\u00bb column_border_radius=\u00bbnone\u00bb width=\u00bb1\/1&#8243; tablet_width_inherit=\u00bbdefault\u00bb tablet_text_alignment=\u00bbdefault\u00bb phone_text_alignment=\u00bbdefault\u00bb overlay_strength=\u00bb0.3&#8243; column_border_width=\u00bbnone\u00bb column_border_style=\u00bbsolid\u00bb bg_image_animation=\u00bbnone\u00bb][vc_custom_heading text=\u00bbParkinsonismos at\u00edpicos\u00bb font_container=\u00bbtag:h1|text_align:left|color:%23ffffff\u00bb use_theme_fonts=\u00bbyes\u00bb][vc_custom_heading text=\u00bbTRASTORNOS DEL MOVIMIENTO\u00bb font_container=\u00bbtag:h5|text_align:left|color:rgba(255%2C255%2C255%2C0.74)\u00bb use_theme_fonts=\u00bbyes\u00bb css_animation=\u00bbnone\u00bb link=\u00bburl:https%3A%2F%2Fcdincbarcelona.com%2Fes%2Fespecialidades-cdinc%2Fenfermedad-parkinson-trastornos-movimiento%2F|title:Malaltia%20de%20Parkinson%20i%20altres%20trastorns%20del%20moviment||\u00bb][\/vc_column][\/vc_row][vc_row type=\u00bbfull_width_background\u00bb full_screen_row_position=\u00bbmiddle\u00bb equal_height=\u00bbyes\u00bb column_margin=\u00bbdefault\u00bb scene_position=\u00bbcenter\u00bb text_color=\u00bbdark\u00bb text_align=\u00bbleft\u00bb top_padding=\u00bb4%\u00bb bottom_padding=\u00bb4%\u00bb overlay_strength=\u00bb0.3&#8243; shape_divider_position=\u00bbbottom\u00bb bg_image_animation=\u00bbnone\u00bb shape_type=\u00bb\u00bb][vc_column column_padding=\u00bbno-extra-padding\u00bb column_padding_position=\u00bball\u00bb background_color_opacity=\u00bb1&#8243; background_hover_color_opacity=\u00bb1&#8243; column_link_target=\u00bb_self\u00bb column_shadow=\u00bbnone\u00bb column_border_radius=\u00bbnone\u00bb width=\u00bb1\/1&#8243; tablet_width_inherit=\u00bbdefault\u00bb tablet_text_alignment=\u00bbdefault\u00bb phone_text_alignment=\u00bbdefault\u00bb overlay_strength=\u00bb0.3&#8243; column_border_width=\u00bbnone\u00bb column_border_style=\u00bbsolid\u00bb bg_image_animation=\u00bbnone\u00bb][vc_custom_heading text=\u00bb\u00bfQu\u00e9 son los parkinsonismos at\u00edpicos?\u00bb font_container=\u00bbtag:h3|font_size:38px|text_align:left|line_height:47px\u00bb use_theme_fonts=\u00bbyes\u00bb][divider line_type=\u00bbNo Line\u00bb custom_height=\u00bb25&#8243;][vc_column_text]Los parkinsonismos at\u00edpicos o <strong>Parkinson Plus<\/strong> son <strong>enfermedades degenerativas<\/strong> que muestran algunos s\u00edntomas motores similares a los que encontramos en la enfermedad de Parkinson pero que, a diferencia de \u00e9sta, muestran una pobre o mala respuesta a los tratamientos farmacol\u00f3gicos. Adem\u00e1s, este tipo de parkinsonismos suelen a\u00f1adir una serie de s\u00edntomas o curso cl\u00ednico distinto a lo que vemos en la enfermedad de Parkinson.<\/p>\n<p>En los parkinsonismos at\u00edpicos, se produce la acumulaci\u00f3n en el cerebro de un tipo de prote\u00ednas que terminan da\u00f1ando la funci\u00f3n celular dando as\u00ed lugar a los s\u00edntomas. Las prote\u00ednas que se relacionan con estas enfermedades son la denominada prote\u00edna Tau y la alfa-sinucleina, por ello, las Parkinsonismos at\u00edpicos se denominan \u201ctaupatias\u201d o \u201calfa-sinucleinopatias\u201d seg\u00fan las prote\u00ednas implicadas. Son taupatias la <strong>degeneraci\u00f3n corticobasal<\/strong> y la <strong>paralisis supranuclear progresiva<\/strong>, mientras que son alfa-sinucleinopatias la <strong>demencia por cuerpos de Lewy<\/strong> y la <strong>Atrofia multisist\u00e9mica<\/strong>.<\/p>\n<p>En comparaci\u00f3n con la enfermedad de Parkinson, los parkinsonismos at\u00edpicos muestran un patr\u00f3n de progresi\u00f3n m\u00e1s r\u00e1pido, a pesar de que la edad de inicio pueda ser parecida a la del Parkinson.<\/p>\n<p>Son enfermedades minoritarias, generalmente poco comprendidas que suelen asociar diagn\u00f3sticos err\u00f3neos en las fases tempranas. Algunas de las confusiones m\u00e1s habituales son el diagn\u00f3stico err\u00f3neo de:<\/p>\n<ul>\n<li><a href=\"https:\/\/cdincbarcelona.com\/es\/especialidades-cdinc\/enfermedad-de-parkinson\/\">Enfermedad de Parkinson<\/a><\/li>\n<li><a href=\"https:\/\/cdincbarcelona.com\/es\/especialidades-cdinc\/enfermedad-alzheimer-enfermedades-neurodegenerativas\/\">Enfermedad de Alzheimer<\/a><\/li>\n<li><a href=\"https:\/\/cdincbarcelona.com\/es\/especialidades-cdinc\/enfermedad-alzheimer-enfermedades-neurodegenerativas\/demencia-frontotemporal\/\">Demencia fronto-temporal<\/a><\/li>\n<\/ul>\n<p>Des del punto de vista neuropsicol\u00f3gico, los parkinsonismos at\u00edpicos pueden mostrar ciertos s\u00edntomas caracter\u00edsticos que ayudan a dilucidar el diagn\u00f3stico. En cualquier caso, los trastornos cognitivos, los problemas de la memoria y los cambios de conducta son un s\u00edntoma caracter\u00edstico de los parkinsonismos at\u00edpicos.[\/vc_column_text][\/vc_column][\/vc_row][vc_row type=\u00bbfull_width_background\u00bb full_screen_row_position=\u00bbmiddle\u00bb equal_height=\u00bbyes\u00bb column_margin=\u00bbdefault\u00bb bg_color=\u00bb#ffffff\u00bb scene_position=\u00bbcenter\u00bb text_color=\u00bbdark\u00bb text_align=\u00bbleft\u00bb top_padding=\u00bb4%\u00bb bottom_padding=\u00bb4%\u00bb overlay_strength=\u00bb0.3&#8243; shape_divider_position=\u00bbbottom\u00bb bg_image_animation=\u00bbnone\u00bb shape_type=\u00bb\u00bb][vc_column column_padding=\u00bbno-extra-padding\u00bb column_padding_position=\u00bball\u00bb background_color_opacity=\u00bb1&#8243; background_hover_color_opacity=\u00bb1&#8243; column_link_target=\u00bb_self\u00bb column_shadow=\u00bbnone\u00bb column_border_radius=\u00bbnone\u00bb width=\u00bb1\/1&#8243; tablet_width_inherit=\u00bbdefault\u00bb tablet_text_alignment=\u00bbdefault\u00bb phone_text_alignment=\u00bbdefault\u00bb overlay_strength=\u00bb0.3&#8243; column_border_width=\u00bbnone\u00bb column_border_style=\u00bbsolid\u00bb bg_image_animation=\u00bbnone\u00bb][vc_custom_heading text=\u00bb\u00bfQu\u00e9 es la Par\u00e1lisis supranuclear progresiva (PSP)?\u00bb font_container=\u00bbtag:h3|font_size:38px|text_align:left|line_height:47px\u00bb use_theme_fonts=\u00bbyes\u00bb][divider line_type=\u00bbNo Line\u00bb custom_height=\u00bb25&#8243;][vc_column_text]La <strong>PSP<\/strong> es el parkinsonismo at\u00edpico m\u00e1s frecuente. Tiene una prevalencia de 6 casos por cada 100mil habitantes a pesar de que solo 1 o 2 casos esta diagnosticado correctamente. La edad media de inicio de los s\u00edntomas se sit\u00faa alrededor de los 60 a\u00f1os siguiendo un curso progresivo que asocia una gran p\u00e9rdida de la independencia a los 3 a\u00f1os de evoluci\u00f3n.<\/p>\n<p>Algunos de los signos caracter\u00edsticos de la PSP incluyen la <strong>par\u00e1lisis supranuclear de la mirada o la dificultad para dirigir la mirada en el plano vertical, el enlentecimiento en los movimientos oculares y la inestabilidad postural y de la marcha con m\u00faltiples ca\u00eddas<\/strong>. Generalmente los pacientes tambi\u00e9n presentan lentitud del movimiento y rigidez sim\u00e9trica en ambas extremidades. En algunos casos aparecen posturas anormales del cuello, dificultades en la articulaci\u00f3n de las palabras y problemas para tragar. En todos los casos la respuesta a los tratamientos farmacol\u00f3gicos que se emplean para tratar la enfermedad de Parkinson es mala o limitada.<\/p>\n<p>A nivel cognitivo y conductual, los pacientes suelen mostrar un <strong>declive precoz de las funciones mentales superiores, asociando p\u00e9rdida de la motivaci\u00f3n, dificultades en el razonamiento abstracto y realizaci\u00f3n de movimientos y conductas estereotipadas<\/strong>.<\/p>\n<p>Existen distintas formas de presentaci\u00f3n de la PSP, siendo la m\u00e1s frecuente la forma conocida como <strong>S\u00edndrome de Richardson<\/strong>. Otras formas de presentaci\u00f3n de la PSP mas at\u00edpicas incluyen fenotipos caracterizados por el trastorno progresivo del lenguaje, la congelaci\u00f3n de la marcha o los signos de demencia fronto-temporal entre otros.[\/vc_column_text][\/vc_column][\/vc_row][vc_row type=\u00bbfull_width_background\u00bb full_screen_row_position=\u00bbmiddle\u00bb equal_height=\u00bbyes\u00bb column_margin=\u00bbdefault\u00bb scene_position=\u00bbcenter\u00bb text_color=\u00bbdark\u00bb text_align=\u00bbleft\u00bb top_padding=\u00bb4%\u00bb bottom_padding=\u00bb4%\u00bb overlay_strength=\u00bb0.3&#8243; shape_divider_position=\u00bbbottom\u00bb bg_image_animation=\u00bbnone\u00bb shape_type=\u00bb\u00bb][vc_column column_padding=\u00bbno-extra-padding\u00bb column_padding_position=\u00bball\u00bb background_color_opacity=\u00bb1&#8243; background_hover_color_opacity=\u00bb1&#8243; column_link_target=\u00bb_self\u00bb column_shadow=\u00bbnone\u00bb column_border_radius=\u00bbnone\u00bb width=\u00bb1\/1&#8243; tablet_width_inherit=\u00bbdefault\u00bb tablet_text_alignment=\u00bbdefault\u00bb phone_text_alignment=\u00bbdefault\u00bb overlay_strength=\u00bb0.3&#8243; column_border_width=\u00bbnone\u00bb column_border_style=\u00bbsolid\u00bb bg_image_animation=\u00bbnone\u00bb][vc_custom_heading text=\u00bb\u00bfQu\u00e9 es la degeneraci\u00f3n corticobasal?\u00bb font_container=\u00bbtag:h3|font_size:38px|text_align:left|line_height:47px\u00bb use_theme_fonts=\u00bbyes\u00bb][divider line_type=\u00bbNo Line\u00bb custom_height=\u00bb25&#8243;][vc_column_text]La degeneraci\u00f3n corticobasal (DCB) es un <strong>proceso neurodegenerativo<\/strong> de inicio en la edad adulta que se presenta t\u00edpicamente con parkinsonismo asim\u00e9trico y disfunci\u00f3n cognitiva. La enfermedad suele debutar entre los 50 y los 70 a\u00f1os de edad siendo el tiempo de supervivencia media de entre 3 y 12 a\u00f1os. Des del punto de vista del diagn\u00f3stico, la DCB es compleja ya que suele haber un importante solapamiento con otras enfermedades como la PSP, la enfermedad de Alzheimer o la demencia fronto-temporal que dificultan su diagn\u00f3stico.<\/p>\n<p>A diferencia de otros parkinsonismos at\u00edpicos, uno de los rasgos caracter\u00edsticos de la DCB es la <strong>presentaci\u00f3n marcadamente asim\u00e9trica de los s\u00edntomas motores<\/strong> que asocia. Entre ellos, destaca la presencia de rigidez de miembros superiores, lentitud del movimiento, inestabilidad postural, marcha anormal, temblor y posturas anormales que suelen afectar de manera muy marcada m\u00e1s a una parte del cuerpo que a otra.<\/p>\n<p>Des del punto de vista cognitivo la DCB <strong>comparte s\u00edntomas con la enfermedad de Alzheimer, la PSP y la demencia fronto-temporal<\/strong>. La progresi\u00f3n del deterioro cognitivo hacia la demencia sigue un curso relativamente r\u00e1pido en coexistencia a trastornos del estado de \u00e1nimo y de la motivaci\u00f3n. Un s\u00edntoma que algunos pacientes con DCB presentan y que ha sido en ocasiones considerado caracter\u00edstico de esta enfermedad es el denominado \u201cs\u00edndrome de la mano aliena\u201d o tener la sensaci\u00f3n de que una mano o brazo tiene vida propia y act\u00faa por su cuenta.<\/p>\n<p>Igual que en la PSP, no existe una \u00fanica forma de DCB existiendo formas donde los trastornos conductuales, la demencia o la alteraci\u00f3n del lenguaje son la caracter\u00edstica central.[\/vc_column_text][\/vc_column][\/vc_row][vc_row type=\u00bbfull_width_background\u00bb full_screen_row_position=\u00bbmiddle\u00bb equal_height=\u00bbyes\u00bb column_margin=\u00bbdefault\u00bb bg_color=\u00bb#ffffff\u00bb scene_position=\u00bbcenter\u00bb text_color=\u00bbdark\u00bb text_align=\u00bbleft\u00bb top_padding=\u00bb4%\u00bb bottom_padding=\u00bb4%\u00bb overlay_strength=\u00bb0.3&#8243; shape_divider_position=\u00bbbottom\u00bb bg_image_animation=\u00bbnone\u00bb shape_type=\u00bb\u00bb][vc_column column_padding=\u00bbno-extra-padding\u00bb column_padding_position=\u00bball\u00bb background_color_opacity=\u00bb1&#8243; background_hover_color_opacity=\u00bb1&#8243; column_link_target=\u00bb_self\u00bb column_shadow=\u00bbnone\u00bb column_border_radius=\u00bbnone\u00bb width=\u00bb1\/1&#8243; tablet_width_inherit=\u00bbdefault\u00bb tablet_text_alignment=\u00bbdefault\u00bb phone_text_alignment=\u00bbdefault\u00bb overlay_strength=\u00bb0.3&#8243; column_border_width=\u00bbnone\u00bb column_border_style=\u00bbsolid\u00bb bg_image_animation=\u00bbnone\u00bb][vc_custom_heading text=\u00bb\u00bfQu\u00e9 es la demencia por cuerpos de Lewy?\u00bb font_container=\u00bbtag:h3|font_size:38px|text_align:left|line_height:47px\u00bb use_theme_fonts=\u00bbyes\u00bb][divider line_type=\u00bbNo Line\u00bb custom_height=\u00bb25&#8243;][vc_column_text]La demencia por cuerpos de Lewy (DCL) es <strong>una de las formas de demencia neurodegenerativa m\u00e1s frecuentes<\/strong>. Tras la enfermedad de Alzheimer y la demencia vascular es la tercera causa de demencia, llegando a afectar a un 1% de la poblaci\u00f3n mayor de 70 a\u00f1os.<\/p>\n<p>Des del punto de vista de los s\u00edntomas que orientan al diagn\u00f3stico de DCL, destacan el <strong>parkinsonismo y los trastornos cognitivos como s\u00edntoma central<\/strong>. En la DCL resultan caracter\u00edsticas las <strong>fluctuaciones en el estado de alerta<\/strong> y en el estado cognitivo, teniendo el paciente momentos \u201cbuenos o muy buenos\u201d y momentos \u201cmalos o muy malos\u201d a lo largo del d\u00eda. La alteraci\u00f3n de la memoria y del razonamiento suele verse presente des de etapas tempranas de la enfermedad en el momento del diagn\u00f3stico. Uno de los s\u00edntomas m\u00e1s caracter\u00edsticos de esta forma de demencia es la <strong>presentaci\u00f3n recurrente de alucinaciones visuales<\/strong> de gran complejidad.<\/p>\n<p>En algunos casos donde no se ha acertado con el diagnostico, algunos pacientes reciben tratamiento con f\u00e1rmacos antipsic\u00f3ticos para tratar las alucinaciones visuales lo cual en el caso de la DCL da lugar a un dram\u00e1tico empeoramiento del estado del paciente, siendo pues la mala respuesta a los neurol\u00e9pticos un signo caracter\u00edstico de esta enfermedad.[\/vc_column_text][\/vc_column][\/vc_row][vc_row type=\u00bbfull_width_background\u00bb full_screen_row_position=\u00bbmiddle\u00bb equal_height=\u00bbyes\u00bb column_margin=\u00bbdefault\u00bb scene_position=\u00bbcenter\u00bb text_color=\u00bbdark\u00bb text_align=\u00bbleft\u00bb top_padding=\u00bb4%\u00bb bottom_padding=\u00bb4%\u00bb overlay_strength=\u00bb0.3&#8243; shape_divider_position=\u00bbbottom\u00bb bg_image_animation=\u00bbnone\u00bb shape_type=\u00bb\u00bb][vc_column column_padding=\u00bbno-extra-padding\u00bb column_padding_position=\u00bball\u00bb background_color_opacity=\u00bb1&#8243; background_hover_color_opacity=\u00bb1&#8243; column_link_target=\u00bb_self\u00bb column_shadow=\u00bbnone\u00bb column_border_radius=\u00bbnone\u00bb width=\u00bb1\/1&#8243; tablet_width_inherit=\u00bbdefault\u00bb tablet_text_alignment=\u00bbdefault\u00bb phone_text_alignment=\u00bbdefault\u00bb overlay_strength=\u00bb0.3&#8243; column_border_width=\u00bbnone\u00bb column_border_style=\u00bbsolid\u00bb bg_image_animation=\u00bbnone\u00bb][vc_custom_heading text=\u00bb\u00bfQu\u00e9 es la atrofia multisist\u00e9mica?\u00bb font_container=\u00bbtag:h3|font_size:38px|text_align:left|line_height:47px\u00bb use_theme_fonts=\u00bbyes\u00bb][divider line_type=\u00bbNo Line\u00bb custom_height=\u00bb25&#8243;][vc_column_text]La atrofia multisist\u00e9mica (AMS) es una <strong>enfermedad neurodegenerativa<\/strong> progresiva caracterizado por una <strong>combinaci\u00f3n de s\u00edntomas que afectan tanto al sistema nervioso aut\u00f3nomo como al movimiento<\/strong>. Como en otros parkinsonismos at\u00edpicos, en la AMS observamos una disminuci\u00f3n en la producci\u00f3n de movimientos, lentitud, temblor y rigidez de extremidades junto con marcha torpe, tendencia a las ca\u00eddas y dificultades en el habla. A diferencia de otros parkinsonismos, en la AMS se detectan claros s\u00edntomas de afectaci\u00f3n del sistema nervioso aut\u00f3nomo como son los <strong>desmayos o mareos <\/strong>debidos a los cambios en la presi\u00f3n, <strong>los problemas en el control de esf\u00ednteres<\/strong> con urgencia miccional o dificultades para vaciar la vejiga completamente.<\/p>\n<p>Des del punto de vista cl\u00ednico la AMS se puede presentar en su forma con parkinsonismo (AMS-P) o en su forma cerebelosa (AMS-C). LA AMS-P tiene muchos s\u00edntomas an\u00e1logos a la enfermedad de Parkinson, pero a\u00f1adiendo las alteraciones del sistema nervioso aut\u00f3nomo ya descritas. En la AMS-C los s\u00edntomas centrales tiene que ver con las dificultades para tragar, la voz tr\u00e9mula y habla arrastrada junto a los problemas de equilibrio y coordinaci\u00f3n de la marcha o ataxia.<\/p>\n<p>En algunos casos la AMS asocia otros s\u00edntomas como las contracciones musculares, el s\u00edndrome de Pisa o inclinaci\u00f3n anormal del cuerpo hacia un lado, respuestas de risa y llanto desproporcionadas o inadecuadas, jadeos o suspiros y posturas anormales del cuello.[\/vc_column_text][\/vc_column][\/vc_row][vc_row type=\u00bbfull_width_background\u00bb full_screen_row_position=\u00bbmiddle\u00bb equal_height=\u00bbyes\u00bb column_margin=\u00bbdefault\u00bb bg_color=\u00bb#ffffff\u00bb scene_position=\u00bbcenter\u00bb text_color=\u00bbdark\u00bb text_align=\u00bbleft\u00bb top_padding=\u00bb4%\u00bb bottom_padding=\u00bb4%\u00bb overlay_strength=\u00bb0.3&#8243; shape_divider_position=\u00bbbottom\u00bb bg_image_animation=\u00bbnone\u00bb shape_type=\u00bb\u00bb][vc_column column_padding=\u00bbno-extra-padding\u00bb column_padding_position=\u00bball\u00bb background_color_opacity=\u00bb1&#8243; background_hover_color_opacity=\u00bb1&#8243; column_link_target=\u00bb_self\u00bb column_shadow=\u00bbnone\u00bb column_border_radius=\u00bbnone\u00bb width=\u00bb1\/1&#8243; tablet_width_inherit=\u00bbdefault\u00bb tablet_text_alignment=\u00bbdefault\u00bb phone_text_alignment=\u00bbdefault\u00bb overlay_strength=\u00bb0.3&#8243; column_border_width=\u00bbnone\u00bb column_border_style=\u00bbsolid\u00bb bg_image_animation=\u00bbnone\u00bb][vc_custom_heading text=\u00bb\u00bfQu\u00e9 tratamientos existen para los parkinsonismos at\u00edpicos?\u00bb font_container=\u00bbtag:h3|font_size:38px|text_align:left|line_height:47px\u00bb use_theme_fonts=\u00bbyes\u00bb][divider line_type=\u00bbNo Line\u00bb custom_height=\u00bb25&#8243;][vc_column_text]El tratamiento de los parkinsonismos at\u00edpicos se centra en minimizar el impacto que pueden ejercer el conjunto de s\u00edntomas que el paciente experimenta. Tal y como sucede en otras enfermedades neurodegenerativas, a d\u00eda de hoy no disponemos de tratamientos curativos que permitan parar o curar estas enfermedades. A pesar de ello, existen diversos ensayos cl\u00ednicos en activo a trav\u00e9s de los cuales se est\u00e1 testando la potencial eficacia de ciertos f\u00e1rmacos potencialmente modificadores del curso de estas enfermedades.<\/p>\n<p>Hasta el momento pero, los tratamientos son sintom\u00e1ticos y se orientan a mejorar los problemas de la marcha y la postura, las dificultades en el habla y la degluci\u00f3n, los trastornos conductuales o los s\u00edntomas de disautonomia.<\/p>\n<p>Teniendo en cuenta la compleja constelaci\u00f3n de s\u00edntomas que asocian los parkinsonismos at\u00edpicos, no podemos decir que exista un \u00fanico tratamiento para estas enfermedades sino un conjunto de aproximaciones terap\u00e9uticas que van des del uso de determinados f\u00e1rmacos, a la fisioterapia, logopedia, estimulaci\u00f3n cognitiva, psicoterapia y recursos de enfermer\u00eda.[\/vc_column_text][\/vc_column][\/vc_row][vc_row type=\u00bbfull_width_background\u00bb full_screen_row_position=\u00bbmiddle\u00bb equal_height=\u00bbyes\u00bb content_placement=\u00bbmiddle\u00bb column_margin=\u00bbdefault\u00bb bg_image=\u00bb6711&#8243; bg_position=\u00bbcenter center\u00bb bg_repeat=\u00bbno-repeat\u00bb scene_position=\u00bbcenter\u00bb text_color=\u00bblight\u00bb text_align=\u00bbleft\u00bb top_padding=\u00bb4%\u00bb bottom_padding=\u00bb4%\u00bb color_overlay=\u00bbrgba(10,6,6,0.84)\u00bb overlay_strength=\u00bb0.5&#8243; shape_divider_position=\u00bbbottom\u00bb bg_image_animation=\u00bbnone\u00bb shape_type=\u00bb\u00bb][vc_column column_padding=\u00bbno-extra-padding\u00bb column_padding_position=\u00bball\u00bb background_color_opacity=\u00bb1&#8243; background_hover_color_opacity=\u00bb1&#8243; column_link_target=\u00bb_self\u00bb column_shadow=\u00bbnone\u00bb column_border_radius=\u00bbnone\u00bb width=\u00bb1\/1&#8243; tablet_width_inherit=\u00bbdefault\u00bb tablet_text_alignment=\u00bbdefault\u00bb phone_text_alignment=\u00bbdefault\u00bb overlay_strength=\u00bb0.3&#8243; column_border_width=\u00bbnone\u00bb column_border_style=\u00bbsolid\u00bb bg_image_animation=\u00bbnone\u00bb][vc_row_inner column_margin=\u00bbdefault\u00bb text_align=\u00bbleft\u00bb][vc_column_inner column_padding=\u00bbno-extra-padding\u00bb column_padding_position=\u00bball\u00bb background_color_opacity=\u00bb1&#8243; background_hover_color_opacity=\u00bb1&#8243; column_shadow=\u00bbnone\u00bb column_border_radius=\u00bbnone\u00bb column_link_target=\u00bb_self\u00bb width=\u00bb1\/6&#8243; tablet_width_inherit=\u00bbdefault\u00bb overlay_strength=\u00bb0.3&#8243; column_border_width=\u00bbnone\u00bb column_border_style=\u00bbsolid\u00bb bg_image_animation=\u00bbnone\u00bb][\/vc_column_inner][vc_column_inner column_padding=\u00bbpadding-2-percent\u00bb column_padding_position=\u00bbleft-right\u00bb centered_text=\u00bbtrue\u00bb background_color_opacity=\u00bb1&#8243; background_hover_color_opacity=\u00bb1&#8243; column_shadow=\u00bbnone\u00bb column_border_radius=\u00bbnone\u00bb column_link_target=\u00bb_self\u00bb width=\u00bb2\/3&#8243; tablet_width_inherit=\u00bbdefault\u00bb overlay_strength=\u00bb0.3&#8243; column_border_width=\u00bbnone\u00bb column_border_style=\u00bbsolid\u00bb bg_image_animation=\u00bbnone\u00bb][vc_custom_heading text=\u00bbSOLICITE INFORMACI\u00d3N \/ VISITA\u00bb font_container=\u00bbtag:h3|font_size:42|text_align:center|line_height:42px\u00bb use_theme_fonts=\u00bbyes\u00bb css_animation=\u00bbnone\u00bb][divider line_type=\u00bbNo Line\u00bb custom_height=\u00bb5&#8243;][nectar_btn size=\u00bblarge\u00bb button_style=\u00bbregular\u00bb button_color_2=\u00bbAccent-Color\u00bb icon_family=\u00bbdefault_arrow\u00bb url=\u00bb\/es\/solicitar-informacion-visita\/\u00bb text=\u00bbSolicitar\u00bb css_animation=\u00bbnone\u00bb margin_top=\u00bb10&#8243;][\/vc_column_inner][vc_column_inner column_padding=\u00bbno-extra-padding\u00bb column_padding_position=\u00bball\u00bb background_color_opacity=\u00bb1&#8243; background_hover_color_opacity=\u00bb1&#8243; column_shadow=\u00bbnone\u00bb column_border_radius=\u00bbnone\u00bb column_link_target=\u00bb_self\u00bb width=\u00bb1\/6&#8243; tablet_width_inherit=\u00bbdefault\u00bb overlay_strength=\u00bb0.3&#8243; column_border_width=\u00bbnone\u00bb column_border_style=\u00bbsolid\u00bb bg_image_animation=\u00bbnone\u00bb][\/vc_column_inner][\/vc_row_inner][\/vc_column][\/vc_row]\n","protected":false},"excerpt":{"rendered":"<p>[vc_row type=\u00bbfull_width_background\u00bb full_screen_row_position=\u00bbmiddle\u00bb column_margin=\u00bbdefault\u00bb bg_image=\u00bb6675&#8243; bg_position=\u00bbleft top\u00bb bg_repeat=\u00bbno-repeat\u00bb bg_color=\u00bb#333333&#8243; scene_position=\u00bbcenter\u00bb video_bg=\u00bbuse_video\u00bb text_color=\u00bblight\u00bb text_align=\u00bbleft\u00bb top_padding=\u00bb7%\u00bb bottom_padding=\u00bb3%\u00bb color_overlay=\u00bb#0a0a0a\u00bb overlay_strength=\u00bb0.5&#8243; shape_divider_position=\u00bbbottom\u00bb bg_image_animation=\u00bbnone\u00bb parallax_bg=\u00bbtrue\u00bb parallax_bg_speed=\u00bbfast\u00bb video_mute=\u00bbtrue\u00bb shape_type=\u00bb\u00bb][vc_column column_padding=\u00bbno-extra-padding\u00bb column_padding_position=\u00bball\u00bb&#8230;<\/p>\n","protected":false},"author":1,"featured_media":0,"parent":9581,"menu_order":0,"comment_status":"closed","ping_status":"closed","template":"","meta":{"footnotes":""},"class_list":["post-9532","page","type-page","status-publish"],"yoast_head":"<!-- This site is optimized with the Yoast SEO plugin v27.4 - https:\/\/yoast.com\/product\/yoast-seo-wordpress\/ -->\n<title>Parkinsonismos at\u00edpicos: S\u00edntomas y Tratamientos | CDINC Barcelona<\/title>\n<meta name=\"description\" content=\"El tratamiento de los parkinsonismos at\u00edpicos se centra en minimizar el impacto que pueden ejercer el conjunto de s\u00edntomas que el paciente experimenta.\" \/>\n<meta name=\"robots\" content=\"index, follow, max-snippet:-1, max-image-preview:large, max-video-preview:-1\" \/>\n<link rel=\"canonical\" href=\"https:\/\/cdincbarcelona.com\/es\/especialidades-cdinc\/enfermedad-parkinson-trastornos-movimiento\/parkinsonismos-atipicos\/\" \/>\n<meta property=\"og:locale\" content=\"es_ES\" \/>\n<meta property=\"og:type\" content=\"article\" \/>\n<meta property=\"og:title\" content=\"Parkinsonismos at\u00edpicos: S\u00edntomas y Tratamientos | CDINC Barcelona\" \/>\n<meta property=\"og:description\" content=\"El tratamiento de los parkinsonismos at\u00edpicos se centra en minimizar el impacto que pueden ejercer el conjunto de s\u00edntomas que el paciente experimenta.\" \/>\n<meta property=\"og:url\" content=\"https:\/\/cdincbarcelona.com\/es\/especialidades-cdinc\/enfermedad-parkinson-trastornos-movimiento\/parkinsonismos-atipicos\/\" \/>\n<meta property=\"og:site_name\" content=\"CDINC\" \/>\n<meta property=\"article:modified_time\" content=\"2020-03-31T16:03:54+00:00\" \/>\n<meta name=\"twitter:card\" content=\"summary_large_image\" \/>\n<meta name=\"twitter:label1\" content=\"Tiempo de lectura\" \/>\n\t<meta name=\"twitter:data1\" content=\"14 minutos\" \/>\n<script type=\"application\/ld+json\" class=\"yoast-schema-graph\">{\"@context\":\"https:\\\/\\\/schema.org\",\"@graph\":[{\"@type\":\"WebPage\",\"@id\":\"https:\\\/\\\/cdincbarcelona.com\\\/es\\\/especialidades-cdinc\\\/enfermedad-parkinson-trastornos-movimiento\\\/parkinsonismos-atipicos\\\/\",\"url\":\"https:\\\/\\\/cdincbarcelona.com\\\/es\\\/especialidades-cdinc\\\/enfermedad-parkinson-trastornos-movimiento\\\/parkinsonismos-atipicos\\\/\",\"name\":\"Parkinsonismos at\u00edpicos: S\u00edntomas y Tratamientos | CDINC Barcelona\",\"isPartOf\":{\"@id\":\"https:\\\/\\\/cdincbarcelona.com\\\/#website\"},\"datePublished\":\"2020-03-31T06:51:49+00:00\",\"dateModified\":\"2020-03-31T16:03:54+00:00\",\"description\":\"El tratamiento de los parkinsonismos at\u00edpicos se centra en minimizar el impacto que pueden ejercer el conjunto de s\u00edntomas que el paciente experimenta.\",\"breadcrumb\":{\"@id\":\"https:\\\/\\\/cdincbarcelona.com\\\/es\\\/especialidades-cdinc\\\/enfermedad-parkinson-trastornos-movimiento\\\/parkinsonismos-atipicos\\\/#breadcrumb\"},\"inLanguage\":\"es\",\"potentialAction\":[{\"@type\":\"ReadAction\",\"target\":[\"https:\\\/\\\/cdincbarcelona.com\\\/es\\\/especialidades-cdinc\\\/enfermedad-parkinson-trastornos-movimiento\\\/parkinsonismos-atipicos\\\/\"]}]},{\"@type\":\"BreadcrumbList\",\"@id\":\"https:\\\/\\\/cdincbarcelona.com\\\/es\\\/especialidades-cdinc\\\/enfermedad-parkinson-trastornos-movimiento\\\/parkinsonismos-atipicos\\\/#breadcrumb\",\"itemListElement\":[{\"@type\":\"ListItem\",\"position\":1,\"name\":\"Portada\",\"item\":\"https:\\\/\\\/cdincbarcelona.com\\\/es\\\/\"},{\"@type\":\"ListItem\",\"position\":2,\"name\":\"Especialidades\",\"item\":\"https:\\\/\\\/cdincbarcelona.com\\\/es\\\/especialidades-cdinc\\\/\"},{\"@type\":\"ListItem\",\"position\":3,\"name\":\"Trastornos del movimiento\",\"item\":\"https:\\\/\\\/cdincbarcelona.com\\\/es\\\/especialidades-cdinc\\\/enfermedad-parkinson-trastornos-movimiento\\\/\"},{\"@type\":\"ListItem\",\"position\":4,\"name\":\"Parkinsonismos at\u00edpicos\"}]},{\"@type\":\"WebSite\",\"@id\":\"https:\\\/\\\/cdincbarcelona.com\\\/#website\",\"url\":\"https:\\\/\\\/cdincbarcelona.com\\\/\",\"name\":\"CDINC\",\"description\":\"Centre de diagn\u00f2stic i intervenci\u00f3 neurocognitiva Barcelona\",\"publisher\":{\"@id\":\"https:\\\/\\\/cdincbarcelona.com\\\/#organization\"},\"potentialAction\":[{\"@type\":\"SearchAction\",\"target\":{\"@type\":\"EntryPoint\",\"urlTemplate\":\"https:\\\/\\\/cdincbarcelona.com\\\/?s={search_term_string}\"},\"query-input\":{\"@type\":\"PropertyValueSpecification\",\"valueRequired\":true,\"valueName\":\"search_term_string\"}}],\"inLanguage\":\"es\"},{\"@type\":\"Organization\",\"@id\":\"https:\\\/\\\/cdincbarcelona.com\\\/#organization\",\"name\":\"CDINC Centre de Diagn\u00f2stic i Intervenci\u00f3 Neurocognitiva\",\"url\":\"https:\\\/\\\/cdincbarcelona.com\\\/\",\"logo\":{\"@type\":\"ImageObject\",\"inLanguage\":\"es\",\"@id\":\"https:\\\/\\\/cdincbarcelona.com\\\/#\\\/schema\\\/logo\\\/image\\\/\",\"url\":\"https:\\\/\\\/cdincbarcelona.com\\\/wp-content\\\/uploads\\\/2017\\\/10\\\/cdinc-logo@2x.png\",\"contentUrl\":\"https:\\\/\\\/cdincbarcelona.com\\\/wp-content\\\/uploads\\\/2017\\\/10\\\/cdinc-logo@2x.png\",\"width\":825,\"height\":200,\"caption\":\"CDINC Centre de Diagn\u00f2stic i Intervenci\u00f3 Neurocognitiva\"},\"image\":{\"@id\":\"https:\\\/\\\/cdincbarcelona.com\\\/#\\\/schema\\\/logo\\\/image\\\/\"}}]}<\/script>\n<!-- \/ Yoast SEO plugin. -->","yoast_head_json":{"title":"Parkinsonismos at\u00edpicos: S\u00edntomas y Tratamientos | CDINC Barcelona","description":"El tratamiento de los parkinsonismos at\u00edpicos se centra en minimizar el impacto que pueden ejercer el conjunto de s\u00edntomas que el paciente experimenta.","robots":{"index":"index","follow":"follow","max-snippet":"max-snippet:-1","max-image-preview":"max-image-preview:large","max-video-preview":"max-video-preview:-1"},"canonical":"https:\/\/cdincbarcelona.com\/es\/especialidades-cdinc\/enfermedad-parkinson-trastornos-movimiento\/parkinsonismos-atipicos\/","og_locale":"es_ES","og_type":"article","og_title":"Parkinsonismos at\u00edpicos: S\u00edntomas y Tratamientos | CDINC Barcelona","og_description":"El tratamiento de los parkinsonismos at\u00edpicos se centra en minimizar el impacto que pueden ejercer el conjunto de s\u00edntomas que el paciente experimenta.","og_url":"https:\/\/cdincbarcelona.com\/es\/especialidades-cdinc\/enfermedad-parkinson-trastornos-movimiento\/parkinsonismos-atipicos\/","og_site_name":"CDINC","article_modified_time":"2020-03-31T16:03:54+00:00","twitter_card":"summary_large_image","twitter_misc":{"Tiempo de lectura":"14 minutos"},"schema":{"@context":"https:\/\/schema.org","@graph":[{"@type":"WebPage","@id":"https:\/\/cdincbarcelona.com\/es\/especialidades-cdinc\/enfermedad-parkinson-trastornos-movimiento\/parkinsonismos-atipicos\/","url":"https:\/\/cdincbarcelona.com\/es\/especialidades-cdinc\/enfermedad-parkinson-trastornos-movimiento\/parkinsonismos-atipicos\/","name":"Parkinsonismos at\u00edpicos: S\u00edntomas y Tratamientos | CDINC Barcelona","isPartOf":{"@id":"https:\/\/cdincbarcelona.com\/#website"},"datePublished":"2020-03-31T06:51:49+00:00","dateModified":"2020-03-31T16:03:54+00:00","description":"El tratamiento de los parkinsonismos at\u00edpicos se centra en minimizar el impacto que pueden ejercer el conjunto de s\u00edntomas que el paciente experimenta.","breadcrumb":{"@id":"https:\/\/cdincbarcelona.com\/es\/especialidades-cdinc\/enfermedad-parkinson-trastornos-movimiento\/parkinsonismos-atipicos\/#breadcrumb"},"inLanguage":"es","potentialAction":[{"@type":"ReadAction","target":["https:\/\/cdincbarcelona.com\/es\/especialidades-cdinc\/enfermedad-parkinson-trastornos-movimiento\/parkinsonismos-atipicos\/"]}]},{"@type":"BreadcrumbList","@id":"https:\/\/cdincbarcelona.com\/es\/especialidades-cdinc\/enfermedad-parkinson-trastornos-movimiento\/parkinsonismos-atipicos\/#breadcrumb","itemListElement":[{"@type":"ListItem","position":1,"name":"Portada","item":"https:\/\/cdincbarcelona.com\/es\/"},{"@type":"ListItem","position":2,"name":"Especialidades","item":"https:\/\/cdincbarcelona.com\/es\/especialidades-cdinc\/"},{"@type":"ListItem","position":3,"name":"Trastornos del movimiento","item":"https:\/\/cdincbarcelona.com\/es\/especialidades-cdinc\/enfermedad-parkinson-trastornos-movimiento\/"},{"@type":"ListItem","position":4,"name":"Parkinsonismos at\u00edpicos"}]},{"@type":"WebSite","@id":"https:\/\/cdincbarcelona.com\/#website","url":"https:\/\/cdincbarcelona.com\/","name":"CDINC","description":"Centre de diagn\u00f2stic i intervenci\u00f3 neurocognitiva Barcelona","publisher":{"@id":"https:\/\/cdincbarcelona.com\/#organization"},"potentialAction":[{"@type":"SearchAction","target":{"@type":"EntryPoint","urlTemplate":"https:\/\/cdincbarcelona.com\/?s={search_term_string}"},"query-input":{"@type":"PropertyValueSpecification","valueRequired":true,"valueName":"search_term_string"}}],"inLanguage":"es"},{"@type":"Organization","@id":"https:\/\/cdincbarcelona.com\/#organization","name":"CDINC Centre de Diagn\u00f2stic i Intervenci\u00f3 Neurocognitiva","url":"https:\/\/cdincbarcelona.com\/","logo":{"@type":"ImageObject","inLanguage":"es","@id":"https:\/\/cdincbarcelona.com\/#\/schema\/logo\/image\/","url":"https:\/\/cdincbarcelona.com\/wp-content\/uploads\/2017\/10\/cdinc-logo@2x.png","contentUrl":"https:\/\/cdincbarcelona.com\/wp-content\/uploads\/2017\/10\/cdinc-logo@2x.png","width":825,"height":200,"caption":"CDINC Centre de Diagn\u00f2stic i Intervenci\u00f3 Neurocognitiva"},"image":{"@id":"https:\/\/cdincbarcelona.com\/#\/schema\/logo\/image\/"}}]}},"_links":{"self":[{"href":"https:\/\/cdincbarcelona.com\/es\/wp-json\/wp\/v2\/pages\/9532","targetHints":{"allow":["GET"]}}],"collection":[{"href":"https:\/\/cdincbarcelona.com\/es\/wp-json\/wp\/v2\/pages"}],"about":[{"href":"https:\/\/cdincbarcelona.com\/es\/wp-json\/wp\/v2\/types\/page"}],"author":[{"embeddable":true,"href":"https:\/\/cdincbarcelona.com\/es\/wp-json\/wp\/v2\/users\/1"}],"replies":[{"embeddable":true,"href":"https:\/\/cdincbarcelona.com\/es\/wp-json\/wp\/v2\/comments?post=9532"}],"version-history":[{"count":5,"href":"https:\/\/cdincbarcelona.com\/es\/wp-json\/wp\/v2\/pages\/9532\/revisions"}],"predecessor-version":[{"id":9633,"href":"https:\/\/cdincbarcelona.com\/es\/wp-json\/wp\/v2\/pages\/9532\/revisions\/9633"}],"up":[{"embeddable":true,"href":"https:\/\/cdincbarcelona.com\/es\/wp-json\/wp\/v2\/pages\/9581"}],"wp:attachment":[{"href":"https:\/\/cdincbarcelona.com\/es\/wp-json\/wp\/v2\/media?parent=9532"}],"curies":[{"name":"wp","href":"https:\/\/api.w.org\/{rel}","templated":true}]}}