{"id":9428,"date":"2020-03-30T22:13:53","date_gmt":"2020-03-30T20:13:53","guid":{"rendered":"https:\/\/cdincbarcelona.com\/?page_id=9428"},"modified":"2020-03-31T18:09:12","modified_gmt":"2020-03-31T16:09:12","slug":"deterioro-cognitivo-leve","status":"publish","type":"page","link":"https:\/\/cdincbarcelona.com\/es\/especialidades-cdinc\/enfermedad-alzheimer-enfermedades-neurodegenerativas\/deterioro-cognitivo-leve\/","title":{"rendered":"Deterioro Cognitivo Leve"},"content":{"rendered":"[vc_row type=\u00bbfull_width_background\u00bb full_screen_row_position=\u00bbmiddle\u00bb column_margin=\u00bbdefault\u00bb bg_image=\u00bb6675&#8243; bg_position=\u00bbleft top\u00bb bg_repeat=\u00bbno-repeat\u00bb bg_color=\u00bb#333333&#8243; scene_position=\u00bbcenter\u00bb video_bg=\u00bbuse_video\u00bb text_color=\u00bblight\u00bb text_align=\u00bbleft\u00bb top_padding=\u00bb7%\u00bb bottom_padding=\u00bb3%\u00bb color_overlay=\u00bb#0a0a0a\u00bb overlay_strength=\u00bb0.5&#8243; shape_divider_position=\u00bbbottom\u00bb bg_image_animation=\u00bbnone\u00bb parallax_bg=\u00bbtrue\u00bb parallax_bg_speed=\u00bbfast\u00bb video_mute=\u00bbtrue\u00bb shape_type=\u00bb\u00bb][vc_column column_padding=\u00bbno-extra-padding\u00bb column_padding_position=\u00bball\u00bb background_color_opacity=\u00bb1&#8243; background_hover_color_opacity=\u00bb1&#8243; column_link_target=\u00bb_self\u00bb column_shadow=\u00bbnone\u00bb column_border_radius=\u00bbnone\u00bb width=\u00bb1\/1&#8243; tablet_width_inherit=\u00bbdefault\u00bb tablet_text_alignment=\u00bbdefault\u00bb phone_text_alignment=\u00bbdefault\u00bb overlay_strength=\u00bb0.3&#8243; column_border_width=\u00bbnone\u00bb column_border_style=\u00bbsolid\u00bb bg_image_animation=\u00bbnone\u00bb][vc_custom_heading text=\u00bbDeterioro Cognitivo Leve\u00bb font_container=\u00bbtag:h1|text_align:left|color:%23ffffff\u00bb use_theme_fonts=\u00bbyes\u00bb][vc_custom_heading text=\u00bbALZHEIMER\u00bb font_container=\u00bbtag:h5|text_align:left|color:rgba(255%2C255%2C255%2C0.74)\u00bb use_theme_fonts=\u00bbyes\u00bb css_animation=\u00bbnone\u00bb link=\u00bburl:https%3A%2F%2Fcdincbarcelona.com%2Fes%2Fespecialidades-cdinc%2Fenfermedad-alzheimer-enfermedades-neurodegenerativas%2F|title:Alzheimer%20i%20altres%20malalties%20neurodegeneratives||\u00bb][\/vc_column][\/vc_row][vc_row type=\u00bbfull_width_background\u00bb full_screen_row_position=\u00bbmiddle\u00bb equal_height=\u00bbyes\u00bb column_margin=\u00bbdefault\u00bb scene_position=\u00bbcenter\u00bb text_color=\u00bbdark\u00bb text_align=\u00bbleft\u00bb top_padding=\u00bb4%\u00bb bottom_padding=\u00bb4%\u00bb overlay_strength=\u00bb0.3&#8243; shape_divider_position=\u00bbbottom\u00bb bg_image_animation=\u00bbnone\u00bb shape_type=\u00bb\u00bb][vc_column column_padding=\u00bbno-extra-padding\u00bb column_padding_position=\u00bball\u00bb background_color_opacity=\u00bb1&#8243; background_hover_color_opacity=\u00bb1&#8243; column_link_target=\u00bb_self\u00bb column_shadow=\u00bbnone\u00bb column_border_radius=\u00bbnone\u00bb width=\u00bb1\/1&#8243; tablet_width_inherit=\u00bbdefault\u00bb tablet_text_alignment=\u00bbdefault\u00bb phone_text_alignment=\u00bbdefault\u00bb overlay_strength=\u00bb0.3&#8243; column_border_width=\u00bbnone\u00bb column_border_style=\u00bbsolid\u00bb bg_image_animation=\u00bbnone\u00bb][vc_custom_heading text=\u00bb\u00bfQu\u00e9 es el Deterioro Cognitivo Leve?\u00bb font_container=\u00bbtag:h3|font_size:38px|text_align:left|line_height:47px\u00bb use_theme_fonts=\u00bbyes\u00bb][divider line_type=\u00bbNo Line\u00bb custom_height=\u00bb25&#8243;][vc_column_text]Por <strong>Deterioro Cognitivo Leve (DCL)<\/strong> entendemos el momento en que existen problemas de memoria o de otros dominios cognitivos evidenciados mediante pruebas estandarizadas pero que cursan sin repercutir en el funcionamiento normal o aut\u00f3nomo en las actividades de la vida diaria de la persona afectada.<\/p>\n<p>Si bien existen distintos perfiles de DCL, la <strong>forma amn\u00e9sica<\/strong>, caracterizada por un d\u00e9ficit en la memoria reciente, se asocia con un mayor riesgo a desarrollar enfermedad de Alzheimer. Por ello, algunas formas de DCL se consideran como la etapa de transici\u00f3n entre la normalidad cognitiva y la demencia.[\/vc_column_text][\/vc_column][\/vc_row][vc_row type=\u00bbfull_width_background\u00bb full_screen_row_position=\u00bbmiddle\u00bb equal_height=\u00bbyes\u00bb column_margin=\u00bbdefault\u00bb bg_color=\u00bb#ffffff\u00bb scene_position=\u00bbcenter\u00bb text_color=\u00bbdark\u00bb text_align=\u00bbleft\u00bb top_padding=\u00bb4%\u00bb bottom_padding=\u00bb4%\u00bb overlay_strength=\u00bb0.3&#8243; shape_divider_position=\u00bbbottom\u00bb bg_image_animation=\u00bbnone\u00bb shape_type=\u00bb\u00bb][vc_column column_padding=\u00bbno-extra-padding\u00bb column_padding_position=\u00bball\u00bb background_color_opacity=\u00bb1&#8243; background_hover_color_opacity=\u00bb1&#8243; column_link_target=\u00bb_self\u00bb column_shadow=\u00bbnone\u00bb column_border_radius=\u00bbnone\u00bb width=\u00bb1\/1&#8243; tablet_width_inherit=\u00bbdefault\u00bb tablet_text_alignment=\u00bbdefault\u00bb phone_text_alignment=\u00bbdefault\u00bb overlay_strength=\u00bb0.3&#8243; column_border_width=\u00bbnone\u00bb column_border_style=\u00bbsolid\u00bb bg_image_animation=\u00bbnone\u00bb][vc_custom_heading text=\u00bb\u00bfC\u00f3mo se hace el diagn\u00f3stico de DCL?\u00bb font_container=\u00bbtag:h3|font_size:38px|text_align:left|line_height:47px\u00bb use_theme_fonts=\u00bbyes\u00bb][divider line_type=\u00bbNo Line\u00bb custom_height=\u00bb25&#8243;][vc_column_text]El diagn\u00f3stico de DCL y la determinaci\u00f3n del perfil o tipo de DCL que se padece, se realiza mediante el examen neurol\u00f3gico y neuropsicol\u00f3gico exhaustivo junto a, en algunos casos, el uso de pruebas complementarias como anal\u00edtica y pruebas de imagen cerebral.<\/p>\n<p>Dado que en el DCL no existen otros s\u00edntomas que la impresi\u00f3n subjetiva de que la memoria u otros procesos no funcionan bien, resulta imprescindible realizar una evaluaci\u00f3n neuropsicol\u00f3gica exhaustiva. Esta prueba, permite determinar la existencia o no de un rendimiento alterado o por debajo de lo esperado para la edad del individuo. Cuando esta evaluaci\u00f3n resulta positiva para DCL, se plantea la posibilidad de realizar otras pruebas complementarias que permitan determinar la causa y posible tratamiento del DCL.[\/vc_column_text][\/vc_column][\/vc_row][vc_row type=\u00bbfull_width_background\u00bb full_screen_row_position=\u00bbmiddle\u00bb equal_height=\u00bbyes\u00bb column_margin=\u00bbdefault\u00bb scene_position=\u00bbcenter\u00bb text_color=\u00bbdark\u00bb text_align=\u00bbleft\u00bb top_padding=\u00bb4%\u00bb bottom_padding=\u00bb4%\u00bb overlay_strength=\u00bb0.3&#8243; shape_divider_position=\u00bbbottom\u00bb bg_image_animation=\u00bbnone\u00bb shape_type=\u00bb\u00bb][vc_column column_padding=\u00bbno-extra-padding\u00bb column_padding_position=\u00bball\u00bb background_color_opacity=\u00bb1&#8243; background_hover_color_opacity=\u00bb1&#8243; column_link_target=\u00bb_self\u00bb column_shadow=\u00bbnone\u00bb column_border_radius=\u00bbnone\u00bb width=\u00bb1\/1&#8243; tablet_width_inherit=\u00bbdefault\u00bb tablet_text_alignment=\u00bbdefault\u00bb phone_text_alignment=\u00bbdefault\u00bb overlay_strength=\u00bb0.3&#8243; column_border_width=\u00bbnone\u00bb column_border_style=\u00bbsolid\u00bb bg_image_animation=\u00bbnone\u00bb][vc_custom_heading text=\u00bbTipos de DCL y pron\u00f3stico\u00bb font_container=\u00bbtag:h3|font_size:38px|text_align:left|line_height:47px\u00bb use_theme_fonts=\u00bbyes\u00bb][divider line_type=\u00bbNo Line\u00bb custom_height=\u00bb25&#8243;][vc_column_text]Los factores principales que categorizan los diferentes tipos de DCL se centran en la existencia o no de alteraci\u00f3n en la memoria (amn\u00e9sico o no amn\u00e9sico) y, por otro lado, si el deterioro observado repercute a una \u00fanica funci\u00f3n cognitiva o varias (monodominio o multidominio).[\/vc_column_text][divider line_type=\u00bbNo Line\u00bb custom_height=\u00bb25&#8243;][vc_row_inner column_margin=\u00bbdefault\u00bb top_padding=\u00bb24&#8243; text_align=\u00bbleft\u00bb][vc_column_inner column_padding=\u00bbno-extra-padding\u00bb column_padding_position=\u00bball\u00bb background_color_opacity=\u00bb1&#8243; background_hover_color_opacity=\u00bb1&#8243; column_shadow=\u00bbnone\u00bb column_border_radius=\u00bbnone\u00bb column_link_target=\u00bb_self\u00bb width=\u00bb1\/4&#8243; tablet_width_inherit=\u00bbdefault\u00bb overlay_strength=\u00bb0.3&#8243; column_border_width=\u00bbnone\u00bb column_border_style=\u00bbsolid\u00bb bg_image_animation=\u00bbnone\u00bb][vc_custom_heading text=\u00bbDCL de tipo amn\u00e9sico\u00bb font_container=\u00bbtag:h4|font_size:25px|text_align:left|line_height:30px\u00bb use_theme_fonts=\u00bbyes\u00bb][\/vc_column_inner][vc_column_inner column_padding=\u00bbno-extra-padding\u00bb column_padding_position=\u00bball\u00bb background_color_opacity=\u00bb1&#8243; background_hover_color_opacity=\u00bb1&#8243; column_shadow=\u00bbnone\u00bb column_border_radius=\u00bbnone\u00bb column_link_target=\u00bb_self\u00bb width=\u00bb3\/4&#8243; tablet_width_inherit=\u00bbdefault\u00bb overlay_strength=\u00bb0.3&#8243; column_border_width=\u00bbnone\u00bb column_border_style=\u00bbsolid\u00bb bg_image_animation=\u00bbnone\u00bb][vc_column_text]Este subtipo se caracteriza por la p\u00e9rdida de memoria epis\u00f3dica (memoria relacionada con sucesos autobiogr\u00e1ficos) como s\u00edntoma principal. La probabilidad de que el DCL de tipo amn\u00e9sico evolucione a una enfermedad de Alzheimer es elevada.[\/vc_column_text][\/vc_column_inner][\/vc_row_inner][divider line_type=\u00bbFull Width Line\u00bb line_thickness=\u00bb1&#8243; divider_color=\u00bbdefault\u00bb custom_height=\u00bb20&#8243;][vc_row_inner column_margin=\u00bbdefault\u00bb top_padding=\u00bb24&#8243; text_align=\u00bbleft\u00bb][vc_column_inner column_padding=\u00bbno-extra-padding\u00bb column_padding_position=\u00bball\u00bb background_color_opacity=\u00bb1&#8243; background_hover_color_opacity=\u00bb1&#8243; column_shadow=\u00bbnone\u00bb column_border_radius=\u00bbnone\u00bb column_link_target=\u00bb_self\u00bb width=\u00bb1\/4&#8243; tablet_width_inherit=\u00bbdefault\u00bb overlay_strength=\u00bb0.3&#8243; column_border_width=\u00bbnone\u00bb column_border_style=\u00bbsolid\u00bb bg_image_animation=\u00bbnone\u00bb][vc_custom_heading text=\u00bbDCL de tipo no amn\u00e9sico\u00bb font_container=\u00bbtag:h4|font_size:25px|text_align:left|line_height:30px\u00bb use_theme_fonts=\u00bbyes\u00bb][\/vc_column_inner][vc_column_inner column_padding=\u00bbno-extra-padding\u00bb column_padding_position=\u00bball\u00bb background_color_opacity=\u00bb1&#8243; background_hover_color_opacity=\u00bb1&#8243; column_shadow=\u00bbnone\u00bb column_border_radius=\u00bbnone\u00bb column_link_target=\u00bb_self\u00bb width=\u00bb3\/4&#8243; tablet_width_inherit=\u00bbdefault\u00bb overlay_strength=\u00bb0.3&#8243; column_border_width=\u00bbnone\u00bb column_border_style=\u00bbsolid\u00bb bg_image_animation=\u00bbnone\u00bb][vc_column_text]Este subtipo cursa con la alteraci\u00f3n de un solo dominio distinto a la memoria. Son frecuentes las alteraciones conductuales y\/o comportamientos inapropiados. Se puede relacionar con demencia de tipo frontotemporal, pero tambi\u00e9n con da\u00f1o de tipo vascular.[\/vc_column_text][\/vc_column_inner][\/vc_row_inner][divider line_type=\u00bbFull Width Line\u00bb line_thickness=\u00bb1&#8243; divider_color=\u00bbdefault\u00bb custom_height=\u00bb20&#8243;][vc_row_inner column_margin=\u00bbdefault\u00bb top_padding=\u00bb24&#8243; text_align=\u00bbleft\u00bb][vc_column_inner column_padding=\u00bbno-extra-padding\u00bb column_padding_position=\u00bball\u00bb background_color_opacity=\u00bb1&#8243; background_hover_color_opacity=\u00bb1&#8243; column_shadow=\u00bbnone\u00bb column_border_radius=\u00bbnone\u00bb column_link_target=\u00bb_self\u00bb width=\u00bb1\/4&#8243; tablet_width_inherit=\u00bbdefault\u00bb overlay_strength=\u00bb0.3&#8243; column_border_width=\u00bbnone\u00bb column_border_style=\u00bbsolid\u00bb bg_image_animation=\u00bbnone\u00bb][vc_custom_heading text=\u00bbDCL amn\u00e9sico multidominio\u00bb font_container=\u00bbtag:h4|font_size:25px|text_align:left|line_height:30px\u00bb use_theme_fonts=\u00bbyes\u00bb][\/vc_column_inner][vc_column_inner column_padding=\u00bbno-extra-padding\u00bb column_padding_position=\u00bball\u00bb background_color_opacity=\u00bb1&#8243; background_hover_color_opacity=\u00bb1&#8243; column_shadow=\u00bbnone\u00bb column_border_radius=\u00bbnone\u00bb column_link_target=\u00bb_self\u00bb width=\u00bb3\/4&#8243; tablet_width_inherit=\u00bbdefault\u00bb overlay_strength=\u00bb0.3&#8243; column_border_width=\u00bbnone\u00bb column_border_style=\u00bbsolid\u00bb bg_image_animation=\u00bbnone\u00bb][vc_column_text]En este otro tipo de DCL amn\u00e9sico, se observa deterioro sutil de la memoria junto a otras funciones cognitivas. Se relaciona con frecuencia con la demencia tipo Alzheimer o demencia vascular o mixta.[\/vc_column_text][\/vc_column_inner][\/vc_row_inner][divider line_type=\u00bbFull Width Line\u00bb line_thickness=\u00bb1&#8243; divider_color=\u00bbdefault\u00bb custom_height=\u00bb20&#8243;][vc_row_inner column_margin=\u00bbdefault\u00bb top_padding=\u00bb24&#8243; text_align=\u00bbleft\u00bb][vc_column_inner column_padding=\u00bbno-extra-padding\u00bb column_padding_position=\u00bball\u00bb background_color_opacity=\u00bb1&#8243; background_hover_color_opacity=\u00bb1&#8243; column_shadow=\u00bbnone\u00bb column_border_radius=\u00bbnone\u00bb column_link_target=\u00bb_self\u00bb width=\u00bb1\/4&#8243; tablet_width_inherit=\u00bbdefault\u00bb overlay_strength=\u00bb0.3&#8243; column_border_width=\u00bbnone\u00bb column_border_style=\u00bbsolid\u00bb bg_image_animation=\u00bbnone\u00bb][vc_custom_heading text=\u00bbDCL no amn\u00e9sico multidominio\u00bb font_container=\u00bbtag:h4|font_size:25px|text_align:left|line_height:30px\u00bb use_theme_fonts=\u00bbyes\u00bb][\/vc_column_inner][vc_column_inner column_padding=\u00bbno-extra-padding\u00bb column_padding_position=\u00bball\u00bb background_color_opacity=\u00bb1&#8243; background_hover_color_opacity=\u00bb1&#8243; column_shadow=\u00bbnone\u00bb column_border_radius=\u00bbnone\u00bb column_link_target=\u00bb_self\u00bb width=\u00bb3\/4&#8243; tablet_width_inherit=\u00bbdefault\u00bb overlay_strength=\u00bb0.3&#8243; column_border_width=\u00bbnone\u00bb column_border_style=\u00bbsolid\u00bb bg_image_animation=\u00bbnone\u00bb][vc_column_text]En este subtipo existe alteraci\u00f3n en varias \u00e1reas cognitivas, pero no hay deterioro de la memoria como elemento central. Se podr\u00eda relacionar con demencia de tipo vascular o Cuerpos de Lewy.[\/vc_column_text][\/vc_column_inner][\/vc_row_inner][\/vc_column][\/vc_row][vc_row type=\u00bbfull_width_background\u00bb full_screen_row_position=\u00bbmiddle\u00bb equal_height=\u00bbyes\u00bb column_margin=\u00bbdefault\u00bb bg_color=\u00bb#ffffff\u00bb scene_position=\u00bbcenter\u00bb text_color=\u00bbdark\u00bb text_align=\u00bbleft\u00bb top_padding=\u00bb4%\u00bb bottom_padding=\u00bb4%\u00bb overlay_strength=\u00bb0.3&#8243; shape_divider_position=\u00bbbottom\u00bb bg_image_animation=\u00bbnone\u00bb shape_type=\u00bb\u00bb][vc_column column_padding=\u00bbno-extra-padding\u00bb column_padding_position=\u00bball\u00bb background_color_opacity=\u00bb1&#8243; background_hover_color_opacity=\u00bb1&#8243; column_link_target=\u00bb_self\u00bb column_shadow=\u00bbnone\u00bb column_border_radius=\u00bbnone\u00bb width=\u00bb1\/1&#8243; tablet_width_inherit=\u00bbdefault\u00bb tablet_text_alignment=\u00bbdefault\u00bb phone_text_alignment=\u00bbdefault\u00bb overlay_strength=\u00bb0.3&#8243; column_border_width=\u00bbnone\u00bb column_border_style=\u00bbsolid\u00bb bg_image_animation=\u00bbnone\u00bb][vc_custom_heading text=\u00bb\u00bfQu\u00e9 podemos hacer? \u00bb font_container=\u00bbtag:h3|font_size:38px|text_align:left|line_height:47px\u00bb use_theme_fonts=\u00bbyes\u00bb][divider line_type=\u00bbNo Line\u00bb custom_height=\u00bb25&#8243;][vc_row_inner column_margin=\u00bbdefault\u00bb top_padding=\u00bb24&#8243; text_align=\u00bbleft\u00bb][vc_column_inner column_padding=\u00bbno-extra-padding\u00bb column_padding_position=\u00bball\u00bb background_color_opacity=\u00bb1&#8243; background_hover_color_opacity=\u00bb1&#8243; column_shadow=\u00bbnone\u00bb column_border_radius=\u00bbnone\u00bb column_link_target=\u00bb_self\u00bb width=\u00bb1\/4&#8243; tablet_width_inherit=\u00bbdefault\u00bb overlay_strength=\u00bb0.3&#8243; column_border_width=\u00bbnone\u00bb column_border_style=\u00bbsolid\u00bb bg_image_animation=\u00bbnone\u00bb][vc_custom_heading text=\u00bbAcudir a un profesional\u00bb font_container=\u00bbtag:h4|font_size:25px|text_align:left|line_height:30px\u00bb use_theme_fonts=\u00bbyes\u00bb][\/vc_column_inner][vc_column_inner column_padding=\u00bbno-extra-padding\u00bb column_padding_position=\u00bball\u00bb background_color_opacity=\u00bb1&#8243; background_hover_color_opacity=\u00bb1&#8243; column_shadow=\u00bbnone\u00bb column_border_radius=\u00bbnone\u00bb column_link_target=\u00bb_self\u00bb width=\u00bb3\/4&#8243; tablet_width_inherit=\u00bbdefault\u00bb overlay_strength=\u00bb0.3&#8243; column_border_width=\u00bbnone\u00bb column_border_style=\u00bbsolid\u00bb bg_image_animation=\u00bbnone\u00bb][vc_column_text]Ante cualquier signo de alerta siempre acudir a un profesional. A partir de una evaluaci\u00f3n neurol\u00f3gica y neuropsicol\u00f3gica podremos obtener un diagn\u00f3stico temprano e iniciar el tratamiento oportuno o, si fuera necesario, llevar un seguimiento de la evoluci\u00f3n de los s\u00edntomas del paciente.[\/vc_column_text][\/vc_column_inner][\/vc_row_inner][divider line_type=\u00bbFull Width Line\u00bb line_thickness=\u00bb1&#8243; divider_color=\u00bbdefault\u00bb custom_height=\u00bb20&#8243;][vc_row_inner column_margin=\u00bbdefault\u00bb top_padding=\u00bb24&#8243; text_align=\u00bbleft\u00bb][vc_column_inner column_padding=\u00bbno-extra-padding\u00bb column_padding_position=\u00bball\u00bb background_color_opacity=\u00bb1&#8243; background_hover_color_opacity=\u00bb1&#8243; column_shadow=\u00bbnone\u00bb column_border_radius=\u00bbnone\u00bb column_link_target=\u00bb_self\u00bb width=\u00bb1\/4&#8243; tablet_width_inherit=\u00bbdefault\u00bb overlay_strength=\u00bb0.3&#8243; column_border_width=\u00bbnone\u00bb column_border_style=\u00bbsolid\u00bb bg_image_animation=\u00bbnone\u00bb][vc_custom_heading text=\u00bbDetecci\u00f3n y tratamiento de los factores de riesgo vascular\u00bb font_container=\u00bbtag:h4|font_size:25px|text_align:left|line_height:30px\u00bb use_theme_fonts=\u00bbyes\u00bb][\/vc_column_inner][vc_column_inner column_padding=\u00bbno-extra-padding\u00bb column_padding_position=\u00bball\u00bb background_color_opacity=\u00bb1&#8243; background_hover_color_opacity=\u00bb1&#8243; column_shadow=\u00bbnone\u00bb column_border_radius=\u00bbnone\u00bb column_link_target=\u00bb_self\u00bb width=\u00bb3\/4&#8243; tablet_width_inherit=\u00bbdefault\u00bb overlay_strength=\u00bb0.3&#8243; column_border_width=\u00bbnone\u00bb column_border_style=\u00bbsolid\u00bb bg_image_animation=\u00bbnone\u00bb][vc_column_text]La hipertensi\u00f3n, la diabetes y el sobrepeso, entre otros, se han relacionado con un aumento de riesgo de desarrollar deterioro cognitivo.[\/vc_column_text][\/vc_column_inner][\/vc_row_inner][divider line_type=\u00bbFull Width Line\u00bb line_thickness=\u00bb1&#8243; divider_color=\u00bbdefault\u00bb custom_height=\u00bb20&#8243;][vc_row_inner column_margin=\u00bbdefault\u00bb top_padding=\u00bb24&#8243; text_align=\u00bbleft\u00bb][vc_column_inner column_padding=\u00bbno-extra-padding\u00bb column_padding_position=\u00bball\u00bb background_color_opacity=\u00bb1&#8243; background_hover_color_opacity=\u00bb1&#8243; column_shadow=\u00bbnone\u00bb column_border_radius=\u00bbnone\u00bb column_link_target=\u00bb_self\u00bb width=\u00bb1\/4&#8243; tablet_width_inherit=\u00bbdefault\u00bb overlay_strength=\u00bb0.3&#8243; column_border_width=\u00bbnone\u00bb column_border_style=\u00bbsolid\u00bb bg_image_animation=\u00bbnone\u00bb][vc_custom_heading text=\u00bbAlimentaci\u00f3n\u00bb font_container=\u00bbtag:h4|font_size:25px|text_align:left|line_height:30px\u00bb use_theme_fonts=\u00bbyes\u00bb][\/vc_column_inner][vc_column_inner column_padding=\u00bbno-extra-padding\u00bb column_padding_position=\u00bball\u00bb background_color_opacity=\u00bb1&#8243; background_hover_color_opacity=\u00bb1&#8243; column_shadow=\u00bbnone\u00bb column_border_radius=\u00bbnone\u00bb column_link_target=\u00bb_self\u00bb width=\u00bb3\/4&#8243; tablet_width_inherit=\u00bbdefault\u00bb overlay_strength=\u00bb0.3&#8243; column_border_width=\u00bbnone\u00bb column_border_style=\u00bbsolid\u00bb bg_image_animation=\u00bbnone\u00bb][vc_column_text]Una dieta saludable y equilibrada ha demostrado reducir el deterioro de las capacidades cognitivas, concretamente de la memoria.[\/vc_column_text][\/vc_column_inner][\/vc_row_inner][divider line_type=\u00bbFull Width Line\u00bb line_thickness=\u00bb1&#8243; divider_color=\u00bbdefault\u00bb custom_height=\u00bb20&#8243;][vc_row_inner column_margin=\u00bbdefault\u00bb top_padding=\u00bb24&#8243; text_align=\u00bbleft\u00bb][vc_column_inner column_padding=\u00bbno-extra-padding\u00bb column_padding_position=\u00bball\u00bb background_color_opacity=\u00bb1&#8243; background_hover_color_opacity=\u00bb1&#8243; column_shadow=\u00bbnone\u00bb column_border_radius=\u00bbnone\u00bb column_link_target=\u00bb_self\u00bb width=\u00bb1\/4&#8243; tablet_width_inherit=\u00bbdefault\u00bb overlay_strength=\u00bb0.3&#8243; column_border_width=\u00bbnone\u00bb column_border_style=\u00bbsolid\u00bb bg_image_animation=\u00bbnone\u00bb][vc_custom_heading text=\u00bbActividad f\u00edsica\u00bb font_container=\u00bbtag:h4|font_size:25px|text_align:left|line_height:30px\u00bb use_theme_fonts=\u00bbyes\u00bb][\/vc_column_inner][vc_column_inner column_padding=\u00bbno-extra-padding\u00bb column_padding_position=\u00bball\u00bb background_color_opacity=\u00bb1&#8243; background_hover_color_opacity=\u00bb1&#8243; column_shadow=\u00bbnone\u00bb column_border_radius=\u00bbnone\u00bb column_link_target=\u00bb_self\u00bb width=\u00bb3\/4&#8243; tablet_width_inherit=\u00bbdefault\u00bb overlay_strength=\u00bb0.3&#8243; column_border_width=\u00bbnone\u00bb column_border_style=\u00bbsolid\u00bb bg_image_animation=\u00bbnone\u00bb][vc_column_text]El ejercicio f\u00edsico de forma regular a demostrado ser un factor protector de la atrofia cerebral.[\/vc_column_text][\/vc_column_inner][\/vc_row_inner][divider line_type=\u00bbFull Width Line\u00bb line_thickness=\u00bb1&#8243; divider_color=\u00bbdefault\u00bb custom_height=\u00bb20&#8243;][vc_row_inner column_margin=\u00bbdefault\u00bb top_padding=\u00bb24&#8243; text_align=\u00bbleft\u00bb][vc_column_inner column_padding=\u00bbno-extra-padding\u00bb column_padding_position=\u00bball\u00bb background_color_opacity=\u00bb1&#8243; background_hover_color_opacity=\u00bb1&#8243; column_shadow=\u00bbnone\u00bb column_border_radius=\u00bbnone\u00bb column_link_target=\u00bb_self\u00bb width=\u00bb1\/4&#8243; tablet_width_inherit=\u00bbdefault\u00bb overlay_strength=\u00bb0.3&#8243; column_border_width=\u00bbnone\u00bb column_border_style=\u00bbsolid\u00bb bg_image_animation=\u00bbnone\u00bb][vc_custom_heading text=\u00bbEstimulaci\u00f3n cognitiva\u00bb font_container=\u00bbtag:h4|font_size:25px|text_align:left|line_height:30px\u00bb use_theme_fonts=\u00bbyes\u00bb][\/vc_column_inner][vc_column_inner column_padding=\u00bbno-extra-padding\u00bb column_padding_position=\u00bball\u00bb background_color_opacity=\u00bb1&#8243; background_hover_color_opacity=\u00bb1&#8243; column_shadow=\u00bbnone\u00bb column_border_radius=\u00bbnone\u00bb column_link_target=\u00bb_self\u00bb width=\u00bb3\/4&#8243; tablet_width_inherit=\u00bbdefault\u00bb overlay_strength=\u00bb0.3&#8243; column_border_width=\u00bbnone\u00bb column_border_style=\u00bbsolid\u00bb bg_image_animation=\u00bbnone\u00bb][vc_column_text]Mantener la mente en forma. Realizar actividades que estimulen el pensamiento, nuevos aprendizajes, as\u00ed como, mantener una vida social activa ha demostrado ser beneficioso para el mantenimiento de las funciones cognitivas.[\/vc_column_text][\/vc_column_inner][\/vc_row_inner][\/vc_column][\/vc_row][vc_row type=\u00bbfull_width_background\u00bb full_screen_row_position=\u00bbmiddle\u00bb equal_height=\u00bbyes\u00bb content_placement=\u00bbmiddle\u00bb column_margin=\u00bbdefault\u00bb bg_image=\u00bb6711&#8243; bg_position=\u00bbcenter center\u00bb bg_repeat=\u00bbno-repeat\u00bb scene_position=\u00bbcenter\u00bb text_color=\u00bblight\u00bb text_align=\u00bbleft\u00bb top_padding=\u00bb4%\u00bb bottom_padding=\u00bb4%\u00bb color_overlay=\u00bbrgba(10,6,6,0.84)\u00bb overlay_strength=\u00bb0.5&#8243; shape_divider_position=\u00bbbottom\u00bb bg_image_animation=\u00bbnone\u00bb shape_type=\u00bb\u00bb][vc_column column_padding=\u00bbno-extra-padding\u00bb column_padding_position=\u00bball\u00bb background_color_opacity=\u00bb1&#8243; background_hover_color_opacity=\u00bb1&#8243; column_link_target=\u00bb_self\u00bb column_shadow=\u00bbnone\u00bb column_border_radius=\u00bbnone\u00bb width=\u00bb1\/1&#8243; tablet_width_inherit=\u00bbdefault\u00bb tablet_text_alignment=\u00bbdefault\u00bb phone_text_alignment=\u00bbdefault\u00bb overlay_strength=\u00bb0.3&#8243; column_border_width=\u00bbnone\u00bb column_border_style=\u00bbsolid\u00bb bg_image_animation=\u00bbnone\u00bb][vc_row_inner column_margin=\u00bbdefault\u00bb text_align=\u00bbleft\u00bb][vc_column_inner column_padding=\u00bbno-extra-padding\u00bb column_padding_position=\u00bball\u00bb background_color_opacity=\u00bb1&#8243; background_hover_color_opacity=\u00bb1&#8243; column_shadow=\u00bbnone\u00bb column_border_radius=\u00bbnone\u00bb column_link_target=\u00bb_self\u00bb width=\u00bb1\/6&#8243; tablet_width_inherit=\u00bbdefault\u00bb overlay_strength=\u00bb0.3&#8243; column_border_width=\u00bbnone\u00bb column_border_style=\u00bbsolid\u00bb bg_image_animation=\u00bbnone\u00bb][\/vc_column_inner][vc_column_inner column_padding=\u00bbpadding-2-percent\u00bb column_padding_position=\u00bbleft-right\u00bb centered_text=\u00bbtrue\u00bb background_color_opacity=\u00bb1&#8243; background_hover_color_opacity=\u00bb1&#8243; column_shadow=\u00bbnone\u00bb column_border_radius=\u00bbnone\u00bb column_link_target=\u00bb_self\u00bb width=\u00bb2\/3&#8243; tablet_width_inherit=\u00bbdefault\u00bb overlay_strength=\u00bb0.3&#8243; column_border_width=\u00bbnone\u00bb column_border_style=\u00bbsolid\u00bb bg_image_animation=\u00bbnone\u00bb][vc_custom_heading text=\u00bbSOLICITE INFORMACI\u00d3N \/ VISITA\u00bb font_container=\u00bbtag:h3|font_size:42|text_align:center|line_height:42px\u00bb use_theme_fonts=\u00bbyes\u00bb css_animation=\u00bbnone\u00bb][divider line_type=\u00bbNo Line\u00bb custom_height=\u00bb5&#8243;][nectar_btn size=\u00bblarge\u00bb button_style=\u00bbregular\u00bb button_color_2=\u00bbAccent-Color\u00bb icon_family=\u00bbdefault_arrow\u00bb url=\u00bb\/es\/solicitar-informacion-visita\/\u00bb text=\u00bbSolicitar\u00bb css_animation=\u00bbnone\u00bb margin_top=\u00bb10&#8243;][\/vc_column_inner][vc_column_inner column_padding=\u00bbno-extra-padding\u00bb column_padding_position=\u00bball\u00bb background_color_opacity=\u00bb1&#8243; background_hover_color_opacity=\u00bb1&#8243; column_shadow=\u00bbnone\u00bb column_border_radius=\u00bbnone\u00bb column_link_target=\u00bb_self\u00bb width=\u00bb1\/6&#8243; tablet_width_inherit=\u00bbdefault\u00bb overlay_strength=\u00bb0.3&#8243; column_border_width=\u00bbnone\u00bb column_border_style=\u00bbsolid\u00bb bg_image_animation=\u00bbnone\u00bb][\/vc_column_inner][\/vc_row_inner][\/vc_column][\/vc_row]\n","protected":false},"excerpt":{"rendered":"<p>[vc_row type=\u00bbfull_width_background\u00bb full_screen_row_position=\u00bbmiddle\u00bb column_margin=\u00bbdefault\u00bb bg_image=\u00bb6675&#8243; bg_position=\u00bbleft top\u00bb bg_repeat=\u00bbno-repeat\u00bb bg_color=\u00bb#333333&#8243; scene_position=\u00bbcenter\u00bb video_bg=\u00bbuse_video\u00bb text_color=\u00bblight\u00bb text_align=\u00bbleft\u00bb top_padding=\u00bb7%\u00bb bottom_padding=\u00bb3%\u00bb color_overlay=\u00bb#0a0a0a\u00bb overlay_strength=\u00bb0.5&#8243; shape_divider_position=\u00bbbottom\u00bb bg_image_animation=\u00bbnone\u00bb parallax_bg=\u00bbtrue\u00bb parallax_bg_speed=\u00bbfast\u00bb video_mute=\u00bbtrue\u00bb shape_type=\u00bb\u00bb][vc_column column_padding=\u00bbno-extra-padding\u00bb column_padding_position=\u00bball\u00bb&#8230;<\/p>\n","protected":false},"author":1,"featured_media":0,"parent":6788,"menu_order":0,"comment_status":"closed","ping_status":"closed","template":"","meta":{"footnotes":""},"class_list":["post-9428","page","type-page","status-publish"],"yoast_head":"<!-- This site is optimized with the Yoast SEO plugin v27.5 - https:\/\/yoast.com\/product\/yoast-seo-wordpress\/ -->\n<title>Deterioro Cognitivo Leve y Alzheimer | CDINC Barcelona<\/title>\n<meta name=\"description\" content=\"A partir de una evaluaci\u00f3n neurol\u00f3gica y neuropsicol\u00f3gica podremos obtener un diagn\u00f3stico temprano e iniciar el tratamiento oportuno.\" \/>\n<meta name=\"robots\" content=\"index, follow, max-snippet:-1, max-image-preview:large, max-video-preview:-1\" \/>\n<link rel=\"canonical\" href=\"https:\/\/cdincbarcelona.com\/es\/especialidades-cdinc\/enfermedad-alzheimer-enfermedades-neurodegenerativas\/deterioro-cognitivo-leve\/\" \/>\n<meta property=\"og:locale\" content=\"es_ES\" \/>\n<meta property=\"og:type\" content=\"article\" \/>\n<meta property=\"og:title\" content=\"Deterioro Cognitivo Leve y Alzheimer | CDINC Barcelona\" \/>\n<meta property=\"og:description\" content=\"A partir de una evaluaci\u00f3n neurol\u00f3gica y neuropsicol\u00f3gica podremos obtener un diagn\u00f3stico temprano e iniciar el tratamiento oportuno.\" \/>\n<meta property=\"og:url\" content=\"https:\/\/cdincbarcelona.com\/es\/especialidades-cdinc\/enfermedad-alzheimer-enfermedades-neurodegenerativas\/deterioro-cognitivo-leve\/\" \/>\n<meta property=\"og:site_name\" content=\"CDINC\" \/>\n<meta property=\"article:modified_time\" content=\"2020-03-31T16:09:12+00:00\" \/>\n<meta name=\"twitter:card\" content=\"summary_large_image\" \/>\n<meta name=\"twitter:label1\" content=\"Tiempo de lectura\" \/>\n\t<meta name=\"twitter:data1\" content=\"15 minutos\" \/>\n<script type=\"application\/ld+json\" class=\"yoast-schema-graph\">{\"@context\":\"https:\\\/\\\/schema.org\",\"@graph\":[{\"@type\":\"WebPage\",\"@id\":\"https:\\\/\\\/cdincbarcelona.com\\\/es\\\/especialidades-cdinc\\\/enfermedad-alzheimer-enfermedades-neurodegenerativas\\\/deterioro-cognitivo-leve\\\/\",\"url\":\"https:\\\/\\\/cdincbarcelona.com\\\/es\\\/especialidades-cdinc\\\/enfermedad-alzheimer-enfermedades-neurodegenerativas\\\/deterioro-cognitivo-leve\\\/\",\"name\":\"Deterioro Cognitivo Leve y Alzheimer | CDINC Barcelona\",\"isPartOf\":{\"@id\":\"https:\\\/\\\/cdincbarcelona.com\\\/#website\"},\"datePublished\":\"2020-03-30T20:13:53+00:00\",\"dateModified\":\"2020-03-31T16:09:12+00:00\",\"description\":\"A partir de una evaluaci\u00f3n neurol\u00f3gica y neuropsicol\u00f3gica podremos obtener un diagn\u00f3stico temprano e iniciar el tratamiento oportuno.\",\"breadcrumb\":{\"@id\":\"https:\\\/\\\/cdincbarcelona.com\\\/es\\\/especialidades-cdinc\\\/enfermedad-alzheimer-enfermedades-neurodegenerativas\\\/deterioro-cognitivo-leve\\\/#breadcrumb\"},\"inLanguage\":\"es\",\"potentialAction\":[{\"@type\":\"ReadAction\",\"target\":[\"https:\\\/\\\/cdincbarcelona.com\\\/es\\\/especialidades-cdinc\\\/enfermedad-alzheimer-enfermedades-neurodegenerativas\\\/deterioro-cognitivo-leve\\\/\"]}]},{\"@type\":\"BreadcrumbList\",\"@id\":\"https:\\\/\\\/cdincbarcelona.com\\\/es\\\/especialidades-cdinc\\\/enfermedad-alzheimer-enfermedades-neurodegenerativas\\\/deterioro-cognitivo-leve\\\/#breadcrumb\",\"itemListElement\":[{\"@type\":\"ListItem\",\"position\":1,\"name\":\"Portada\",\"item\":\"https:\\\/\\\/cdincbarcelona.com\\\/es\\\/\"},{\"@type\":\"ListItem\",\"position\":2,\"name\":\"Especialidades\",\"item\":\"https:\\\/\\\/cdincbarcelona.com\\\/es\\\/especialidades-cdinc\\\/\"},{\"@type\":\"ListItem\",\"position\":3,\"name\":\"Enfermedad de Alzheimer y otras enfermedades neurodegenerativas\",\"item\":\"https:\\\/\\\/cdincbarcelona.com\\\/es\\\/especialidades-cdinc\\\/enfermedad-alzheimer-enfermedades-neurodegenerativas\\\/\"},{\"@type\":\"ListItem\",\"position\":4,\"name\":\"Deterioro Cognitivo Leve\"}]},{\"@type\":\"WebSite\",\"@id\":\"https:\\\/\\\/cdincbarcelona.com\\\/#website\",\"url\":\"https:\\\/\\\/cdincbarcelona.com\\\/\",\"name\":\"CDINC\",\"description\":\"Centre de diagn\u00f2stic i intervenci\u00f3 neurocognitiva Barcelona\",\"publisher\":{\"@id\":\"https:\\\/\\\/cdincbarcelona.com\\\/#organization\"},\"potentialAction\":[{\"@type\":\"SearchAction\",\"target\":{\"@type\":\"EntryPoint\",\"urlTemplate\":\"https:\\\/\\\/cdincbarcelona.com\\\/?s={search_term_string}\"},\"query-input\":{\"@type\":\"PropertyValueSpecification\",\"valueRequired\":true,\"valueName\":\"search_term_string\"}}],\"inLanguage\":\"es\"},{\"@type\":\"Organization\",\"@id\":\"https:\\\/\\\/cdincbarcelona.com\\\/#organization\",\"name\":\"CDINC Centre de Diagn\u00f2stic i Intervenci\u00f3 Neurocognitiva\",\"url\":\"https:\\\/\\\/cdincbarcelona.com\\\/\",\"logo\":{\"@type\":\"ImageObject\",\"inLanguage\":\"es\",\"@id\":\"https:\\\/\\\/cdincbarcelona.com\\\/#\\\/schema\\\/logo\\\/image\\\/\",\"url\":\"https:\\\/\\\/cdincbarcelona.com\\\/wp-content\\\/uploads\\\/2017\\\/10\\\/cdinc-logo@2x.png\",\"contentUrl\":\"https:\\\/\\\/cdincbarcelona.com\\\/wp-content\\\/uploads\\\/2017\\\/10\\\/cdinc-logo@2x.png\",\"width\":825,\"height\":200,\"caption\":\"CDINC Centre de Diagn\u00f2stic i Intervenci\u00f3 Neurocognitiva\"},\"image\":{\"@id\":\"https:\\\/\\\/cdincbarcelona.com\\\/#\\\/schema\\\/logo\\\/image\\\/\"}}]}<\/script>\n<!-- \/ Yoast SEO plugin. -->","yoast_head_json":{"title":"Deterioro Cognitivo Leve y Alzheimer | CDINC Barcelona","description":"A partir de una evaluaci\u00f3n neurol\u00f3gica y neuropsicol\u00f3gica podremos obtener un diagn\u00f3stico temprano e iniciar el tratamiento oportuno.","robots":{"index":"index","follow":"follow","max-snippet":"max-snippet:-1","max-image-preview":"max-image-preview:large","max-video-preview":"max-video-preview:-1"},"canonical":"https:\/\/cdincbarcelona.com\/es\/especialidades-cdinc\/enfermedad-alzheimer-enfermedades-neurodegenerativas\/deterioro-cognitivo-leve\/","og_locale":"es_ES","og_type":"article","og_title":"Deterioro Cognitivo Leve y Alzheimer | CDINC Barcelona","og_description":"A partir de una evaluaci\u00f3n neurol\u00f3gica y neuropsicol\u00f3gica podremos obtener un diagn\u00f3stico temprano e iniciar el tratamiento oportuno.","og_url":"https:\/\/cdincbarcelona.com\/es\/especialidades-cdinc\/enfermedad-alzheimer-enfermedades-neurodegenerativas\/deterioro-cognitivo-leve\/","og_site_name":"CDINC","article_modified_time":"2020-03-31T16:09:12+00:00","twitter_card":"summary_large_image","twitter_misc":{"Tiempo de lectura":"15 minutos"},"schema":{"@context":"https:\/\/schema.org","@graph":[{"@type":"WebPage","@id":"https:\/\/cdincbarcelona.com\/es\/especialidades-cdinc\/enfermedad-alzheimer-enfermedades-neurodegenerativas\/deterioro-cognitivo-leve\/","url":"https:\/\/cdincbarcelona.com\/es\/especialidades-cdinc\/enfermedad-alzheimer-enfermedades-neurodegenerativas\/deterioro-cognitivo-leve\/","name":"Deterioro Cognitivo Leve y Alzheimer | CDINC Barcelona","isPartOf":{"@id":"https:\/\/cdincbarcelona.com\/#website"},"datePublished":"2020-03-30T20:13:53+00:00","dateModified":"2020-03-31T16:09:12+00:00","description":"A partir de una evaluaci\u00f3n neurol\u00f3gica y neuropsicol\u00f3gica podremos obtener un diagn\u00f3stico temprano e iniciar el tratamiento oportuno.","breadcrumb":{"@id":"https:\/\/cdincbarcelona.com\/es\/especialidades-cdinc\/enfermedad-alzheimer-enfermedades-neurodegenerativas\/deterioro-cognitivo-leve\/#breadcrumb"},"inLanguage":"es","potentialAction":[{"@type":"ReadAction","target":["https:\/\/cdincbarcelona.com\/es\/especialidades-cdinc\/enfermedad-alzheimer-enfermedades-neurodegenerativas\/deterioro-cognitivo-leve\/"]}]},{"@type":"BreadcrumbList","@id":"https:\/\/cdincbarcelona.com\/es\/especialidades-cdinc\/enfermedad-alzheimer-enfermedades-neurodegenerativas\/deterioro-cognitivo-leve\/#breadcrumb","itemListElement":[{"@type":"ListItem","position":1,"name":"Portada","item":"https:\/\/cdincbarcelona.com\/es\/"},{"@type":"ListItem","position":2,"name":"Especialidades","item":"https:\/\/cdincbarcelona.com\/es\/especialidades-cdinc\/"},{"@type":"ListItem","position":3,"name":"Enfermedad de Alzheimer y otras enfermedades neurodegenerativas","item":"https:\/\/cdincbarcelona.com\/es\/especialidades-cdinc\/enfermedad-alzheimer-enfermedades-neurodegenerativas\/"},{"@type":"ListItem","position":4,"name":"Deterioro Cognitivo Leve"}]},{"@type":"WebSite","@id":"https:\/\/cdincbarcelona.com\/#website","url":"https:\/\/cdincbarcelona.com\/","name":"CDINC","description":"Centre de diagn\u00f2stic i intervenci\u00f3 neurocognitiva Barcelona","publisher":{"@id":"https:\/\/cdincbarcelona.com\/#organization"},"potentialAction":[{"@type":"SearchAction","target":{"@type":"EntryPoint","urlTemplate":"https:\/\/cdincbarcelona.com\/?s={search_term_string}"},"query-input":{"@type":"PropertyValueSpecification","valueRequired":true,"valueName":"search_term_string"}}],"inLanguage":"es"},{"@type":"Organization","@id":"https:\/\/cdincbarcelona.com\/#organization","name":"CDINC Centre de Diagn\u00f2stic i Intervenci\u00f3 Neurocognitiva","url":"https:\/\/cdincbarcelona.com\/","logo":{"@type":"ImageObject","inLanguage":"es","@id":"https:\/\/cdincbarcelona.com\/#\/schema\/logo\/image\/","url":"https:\/\/cdincbarcelona.com\/wp-content\/uploads\/2017\/10\/cdinc-logo@2x.png","contentUrl":"https:\/\/cdincbarcelona.com\/wp-content\/uploads\/2017\/10\/cdinc-logo@2x.png","width":825,"height":200,"caption":"CDINC Centre de Diagn\u00f2stic i Intervenci\u00f3 Neurocognitiva"},"image":{"@id":"https:\/\/cdincbarcelona.com\/#\/schema\/logo\/image\/"}}]}},"_links":{"self":[{"href":"https:\/\/cdincbarcelona.com\/es\/wp-json\/wp\/v2\/pages\/9428","targetHints":{"allow":["GET"]}}],"collection":[{"href":"https:\/\/cdincbarcelona.com\/es\/wp-json\/wp\/v2\/pages"}],"about":[{"href":"https:\/\/cdincbarcelona.com\/es\/wp-json\/wp\/v2\/types\/page"}],"author":[{"embeddable":true,"href":"https:\/\/cdincbarcelona.com\/es\/wp-json\/wp\/v2\/users\/1"}],"replies":[{"embeddable":true,"href":"https:\/\/cdincbarcelona.com\/es\/wp-json\/wp\/v2\/comments?post=9428"}],"version-history":[{"count":5,"href":"https:\/\/cdincbarcelona.com\/es\/wp-json\/wp\/v2\/pages\/9428\/revisions"}],"predecessor-version":[{"id":9645,"href":"https:\/\/cdincbarcelona.com\/es\/wp-json\/wp\/v2\/pages\/9428\/revisions\/9645"}],"up":[{"embeddable":true,"href":"https:\/\/cdincbarcelona.com\/es\/wp-json\/wp\/v2\/pages\/6788"}],"wp:attachment":[{"href":"https:\/\/cdincbarcelona.com\/es\/wp-json\/wp\/v2\/media?parent=9428"}],"curies":[{"name":"wp","href":"https:\/\/api.w.org\/{rel}","templated":true}]}}