{"id":9409,"date":"2020-03-30T18:32:13","date_gmt":"2020-03-30T16:32:13","guid":{"rendered":"https:\/\/cdincbarcelona.com\/?page_id=9409"},"modified":"2020-03-31T18:09:16","modified_gmt":"2020-03-31T16:09:16","slug":"dano-cerebral-adquirido","status":"publish","type":"page","link":"https:\/\/cdincbarcelona.com\/es\/especialidades-cdinc\/dano-cerebral-adquirido\/","title":{"rendered":"Da\u00f1o Cerebral Adquirido"},"content":{"rendered":"[vc_row type=\u00bbfull_width_background\u00bb full_screen_row_position=\u00bbmiddle\u00bb column_margin=\u00bbdefault\u00bb bg_image=\u00bb6675&#8243; bg_position=\u00bbleft top\u00bb bg_repeat=\u00bbno-repeat\u00bb bg_color=\u00bb#333333&#8243; scene_position=\u00bbcenter\u00bb video_bg=\u00bbuse_video\u00bb text_color=\u00bblight\u00bb text_align=\u00bbleft\u00bb top_padding=\u00bb7%\u00bb bottom_padding=\u00bb3%\u00bb color_overlay=\u00bb#0a0a0a\u00bb overlay_strength=\u00bb0.5&#8243; shape_divider_position=\u00bbbottom\u00bb bg_image_animation=\u00bbnone\u00bb parallax_bg=\u00bbtrue\u00bb parallax_bg_speed=\u00bbfast\u00bb video_mute=\u00bbtrue\u00bb shape_type=\u00bb\u00bb][vc_column column_padding=\u00bbno-extra-padding\u00bb column_padding_position=\u00bball\u00bb background_color_opacity=\u00bb1&#8243; background_hover_color_opacity=\u00bb1&#8243; column_link_target=\u00bb_self\u00bb column_shadow=\u00bbnone\u00bb column_border_radius=\u00bbnone\u00bb width=\u00bb1\/1&#8243; tablet_width_inherit=\u00bbdefault\u00bb tablet_text_alignment=\u00bbdefault\u00bb phone_text_alignment=\u00bbdefault\u00bb overlay_strength=\u00bb0.3&#8243; column_border_width=\u00bbnone\u00bb column_border_style=\u00bbsolid\u00bb bg_image_animation=\u00bbnone\u00bb][vc_custom_heading text=\u00bbDa\u00f1o Cerebral Adquirido\u00bb font_container=\u00bbtag:h1|text_align:left|color:rgba(255%2C255%2C255%2C0.74)\u00bb use_theme_fonts=\u00bbyes\u00bb css_animation=\u00bbnone\u00bb link=\u00bb|||\u00bb][vc_custom_heading text=\u00bbESPECIALIDADES CDINC\u00bb font_container=\u00bbtag:h5|text_align:left|color:rgba(255%2C255%2C255%2C0.74)\u00bb use_theme_fonts=\u00bbyes\u00bb css_animation=\u00bbnone\u00bb link=\u00bburl:https%3A%2F%2Fcdincbarcelona.com%2Fes%2Fespecialidades-cdinc%2F|||\u00bb][\/vc_column][\/vc_row][vc_row type=\u00bbfull_width_background\u00bb full_screen_row_position=\u00bbmiddle\u00bb equal_height=\u00bbyes\u00bb column_margin=\u00bbdefault\u00bb scene_position=\u00bbcenter\u00bb text_color=\u00bbdark\u00bb text_align=\u00bbleft\u00bb top_padding=\u00bb4%\u00bb bottom_padding=\u00bb4%\u00bb overlay_strength=\u00bb0.3&#8243; shape_divider_position=\u00bbbottom\u00bb bg_image_animation=\u00bbnone\u00bb shape_type=\u00bb\u00bb][vc_column column_padding=\u00bbno-extra-padding\u00bb column_padding_position=\u00bball\u00bb background_color_opacity=\u00bb1&#8243; background_hover_color_opacity=\u00bb1&#8243; column_link_target=\u00bb_self\u00bb column_shadow=\u00bbnone\u00bb column_border_radius=\u00bbnone\u00bb width=\u00bb1\/1&#8243; tablet_width_inherit=\u00bbdefault\u00bb tablet_text_alignment=\u00bbdefault\u00bb phone_text_alignment=\u00bbdefault\u00bb overlay_strength=\u00bb0.3&#8243; column_border_width=\u00bbnone\u00bb column_border_style=\u00bbsolid\u00bb bg_image_animation=\u00bbnone\u00bb][vc_custom_heading text=\u00bb\u00bfQu\u00e9 es el Da\u00f1o Cerebral Adquirido?\u00bb font_container=\u00bbtag:h3|font_size:38px|text_align:left|line_height:47px\u00bb use_theme_fonts=\u00bbyes\u00bb][divider line_type=\u00bbNo Line\u00bb custom_height=\u00bb25&#8243;][vc_column_text]Por Da\u00f1o Cerebral Adquirido (DCA) entendemos las lesiones o secuelas que se producen a nivel cerebral como resultado de cualquier tipo de lesi\u00f3n producida a lo largo de la vida de una persona. Puede ser debido a m\u00faltiples causas y, en funci\u00f3n de la localizaci\u00f3n del da\u00f1o, pueden aparecer diferentes secuelas de car\u00e1cter f\u00edsico, ps\u00edquico y\/o cognitivo.[\/vc_column_text][\/vc_column][\/vc_row][vc_row type=\u00bbfull_width_background\u00bb full_screen_row_position=\u00bbmiddle\u00bb equal_height=\u00bbyes\u00bb column_margin=\u00bbdefault\u00bb bg_color=\u00bb#ffffff\u00bb scene_position=\u00bbcenter\u00bb text_color=\u00bbdark\u00bb text_align=\u00bbleft\u00bb top_padding=\u00bb4%\u00bb bottom_padding=\u00bb4%\u00bb overlay_strength=\u00bb0.3&#8243; shape_divider_position=\u00bbbottom\u00bb bg_image_animation=\u00bbnone\u00bb shape_type=\u00bb\u00bb][vc_column column_padding=\u00bbno-extra-padding\u00bb column_padding_position=\u00bball\u00bb background_color_opacity=\u00bb1&#8243; background_hover_color_opacity=\u00bb1&#8243; column_link_target=\u00bb_self\u00bb column_shadow=\u00bbnone\u00bb column_border_radius=\u00bbnone\u00bb width=\u00bb1\/1&#8243; tablet_width_inherit=\u00bbdefault\u00bb tablet_text_alignment=\u00bbdefault\u00bb phone_text_alignment=\u00bbdefault\u00bb overlay_strength=\u00bb0.3&#8243; column_border_width=\u00bbnone\u00bb column_border_style=\u00bbsolid\u00bb bg_image_animation=\u00bbnone\u00bb][vc_custom_heading text=\u00bb\u00bfCu\u00e1les son las principales causas de DCA?\u00bb font_container=\u00bbtag:h3|font_size:38px|text_align:left|line_height:47px\u00bb use_theme_fonts=\u00bbyes\u00bb][divider line_type=\u00bbNo Line\u00bb custom_height=\u00bb25&#8243;][vc_column_text]La principal causa de DCA son los Accidentes Cerebro Vasculares (ACV) o ictus.\u00a0 Seg\u00fan datos de la Federaci\u00f3n Espa\u00f1ola de Da\u00f1o Cerebral (FEDACE) de los 104.071 nuevos casos de Da\u00f1o Cerebral Adquirido que se dan cada a\u00f1o, 99.284 son provocados por accidentes cerebrovasculares. Otras causas frecuentes de DCA son los Traumatismos Craneoencef\u00e1licos (TCE), los tumores, las anoxias y las infecciones cerebrales.[\/vc_column_text][divider line_type=\u00bbNo Line\u00bb custom_height=\u00bb25&#8243;][vc_row_inner column_margin=\u00bbdefault\u00bb top_padding=\u00bb24&#8243; text_align=\u00bbleft\u00bb][vc_column_inner column_padding=\u00bbno-extra-padding\u00bb column_padding_position=\u00bball\u00bb background_color_opacity=\u00bb1&#8243; background_hover_color_opacity=\u00bb1&#8243; column_shadow=\u00bbnone\u00bb column_border_radius=\u00bbnone\u00bb column_link_target=\u00bb_self\u00bb width=\u00bb1\/4&#8243; tablet_width_inherit=\u00bbdefault\u00bb overlay_strength=\u00bb0.3&#8243; column_border_width=\u00bbnone\u00bb column_border_style=\u00bbsolid\u00bb bg_image_animation=\u00bbnone\u00bb][vc_custom_heading text=\u00bbAccidentes cerebrovasculares\u00bb font_container=\u00bbtag:h4|font_size:25px|text_align:left|line_height:30px\u00bb use_theme_fonts=\u00bbyes\u00bb][\/vc_column_inner][vc_column_inner column_padding=\u00bbno-extra-padding\u00bb column_padding_position=\u00bball\u00bb background_color_opacity=\u00bb1&#8243; background_hover_color_opacity=\u00bb1&#8243; column_shadow=\u00bbnone\u00bb column_border_radius=\u00bbnone\u00bb column_link_target=\u00bb_self\u00bb width=\u00bb3\/4&#8243; tablet_width_inherit=\u00bbdefault\u00bb overlay_strength=\u00bb0.3&#8243; column_border_width=\u00bbnone\u00bb column_border_style=\u00bbsolid\u00bb bg_image_animation=\u00bbnone\u00bb][vc_column_text]Un ACV se origina cuando hay una interrupci\u00f3n o reducci\u00f3n de la irrigaci\u00f3n de sangre hacia el cerebro. La falta de suministro sangu\u00edneo impide que el tejido cerebral reciba la aportaci\u00f3n de ox\u00edgeno y nutrientes necesarios provocando la muerte neuronal de forma relativamente r\u00e1pida de aquellas zonas afectadas. Un accidente cerebrovascular se considera una <strong>urgencia m\u00e9dica<\/strong> cuyo tratamiento inmediato es fundamental para reducir el da\u00f1o y las posibles consecuencias y\/o complicaciones.[\/vc_column_text][\/vc_column_inner][\/vc_row_inner][divider line_type=\u00bbFull Width Line\u00bb line_thickness=\u00bb1&#8243; divider_color=\u00bbdefault\u00bb custom_height=\u00bb20&#8243;][vc_row_inner column_margin=\u00bbdefault\u00bb top_padding=\u00bb24&#8243; text_align=\u00bbleft\u00bb][vc_column_inner column_padding=\u00bbno-extra-padding\u00bb column_padding_position=\u00bball\u00bb background_color_opacity=\u00bb1&#8243; background_hover_color_opacity=\u00bb1&#8243; column_shadow=\u00bbnone\u00bb column_border_radius=\u00bbnone\u00bb column_link_target=\u00bb_self\u00bb width=\u00bb1\/4&#8243; tablet_width_inherit=\u00bbdefault\u00bb overlay_strength=\u00bb0.3&#8243; column_border_width=\u00bbnone\u00bb column_border_style=\u00bbsolid\u00bb bg_image_animation=\u00bbnone\u00bb][vc_custom_heading text=\u00bbTraumatismo craneoencef\u00e1lico\u00bb font_container=\u00bbtag:h4|font_size:25px|text_align:left|line_height:30px\u00bb use_theme_fonts=\u00bbyes\u00bb][\/vc_column_inner][vc_column_inner column_padding=\u00bbno-extra-padding\u00bb column_padding_position=\u00bball\u00bb background_color_opacity=\u00bb1&#8243; background_hover_color_opacity=\u00bb1&#8243; column_shadow=\u00bbnone\u00bb column_border_radius=\u00bbnone\u00bb column_link_target=\u00bb_self\u00bb width=\u00bb3\/4&#8243; tablet_width_inherit=\u00bbdefault\u00bb overlay_strength=\u00bb0.3&#8243; column_border_width=\u00bbnone\u00bb column_border_style=\u00bbsolid\u00bb bg_image_animation=\u00bbnone\u00bb][vc_column_text]El TCE puede definirse como la lesi\u00f3n directa de las estructuras cerebrales secundaria a un golpe, traumatismo y\/o movimiento brusco. Las lesiones m\u00e1s comunes consecuencia de un TCE pueden ser de tipo intracraneal (lesiones internas como hematomas, contusiones y\/o lesiones cerebrales difusas), craneal (fracturas o desplazamientos del cr\u00e1neo) y extracraneales (lesiones en el cuero cabelludo).[\/vc_column_text][\/vc_column_inner][\/vc_row_inner][divider line_type=\u00bbFull Width Line\u00bb line_thickness=\u00bb1&#8243; divider_color=\u00bbdefault\u00bb custom_height=\u00bb20&#8243;][vc_row_inner column_margin=\u00bbdefault\u00bb top_padding=\u00bb24&#8243; text_align=\u00bbleft\u00bb][vc_column_inner column_padding=\u00bbno-extra-padding\u00bb column_padding_position=\u00bball\u00bb background_color_opacity=\u00bb1&#8243; background_hover_color_opacity=\u00bb1&#8243; column_shadow=\u00bbnone\u00bb column_border_radius=\u00bbnone\u00bb column_link_target=\u00bb_self\u00bb width=\u00bb1\/4&#8243; tablet_width_inherit=\u00bbdefault\u00bb overlay_strength=\u00bb0.3&#8243; column_border_width=\u00bbnone\u00bb column_border_style=\u00bbsolid\u00bb bg_image_animation=\u00bbnone\u00bb][vc_custom_heading text=\u00bbTumor cerebral\u00bb font_container=\u00bbtag:h4|font_size:25px|text_align:left|line_height:30px\u00bb use_theme_fonts=\u00bbyes\u00bb][\/vc_column_inner][vc_column_inner column_padding=\u00bbno-extra-padding\u00bb column_padding_position=\u00bball\u00bb background_color_opacity=\u00bb1&#8243; background_hover_color_opacity=\u00bb1&#8243; column_shadow=\u00bbnone\u00bb column_border_radius=\u00bbnone\u00bb column_link_target=\u00bb_self\u00bb width=\u00bb3\/4&#8243; tablet_width_inherit=\u00bbdefault\u00bb overlay_strength=\u00bb0.3&#8243; column_border_width=\u00bbnone\u00bb column_border_style=\u00bbsolid\u00bb bg_image_animation=\u00bbnone\u00bb][vc_column_text]Un tumor cerebral es una masa o crecimiento de c\u00e9lulas fuera de lo normal que pueden ser del propio cerebro o provenir de otras zonas del organismo en forma de met\u00e1stasis. De forma general podemos distinguir los tumores benignos, aquellos cuyo crecimiento es lento y tienen un buen pron\u00f3stico para su eliminaci\u00f3n, y los tumores malignos, cuyo crecimiento es r\u00e1pido y la cura y\/o eliminaci\u00f3n es compleja.[\/vc_column_text][\/vc_column_inner][\/vc_row_inner][divider line_type=\u00bbFull Width Line\u00bb line_thickness=\u00bb1&#8243; divider_color=\u00bbdefault\u00bb custom_height=\u00bb20&#8243;][vc_row_inner column_margin=\u00bbdefault\u00bb top_padding=\u00bb24&#8243; text_align=\u00bbleft\u00bb][vc_column_inner column_padding=\u00bbno-extra-padding\u00bb column_padding_position=\u00bball\u00bb background_color_opacity=\u00bb1&#8243; background_hover_color_opacity=\u00bb1&#8243; column_shadow=\u00bbnone\u00bb column_border_radius=\u00bbnone\u00bb column_link_target=\u00bb_self\u00bb width=\u00bb1\/4&#8243; tablet_width_inherit=\u00bbdefault\u00bb overlay_strength=\u00bb0.3&#8243; column_border_width=\u00bbnone\u00bb column_border_style=\u00bbsolid\u00bb bg_image_animation=\u00bbnone\u00bb][vc_custom_heading text=\u00bbAnoxia cerebral\u00bb font_container=\u00bbtag:h4|font_size:25px|text_align:left|line_height:30px\u00bb use_theme_fonts=\u00bbyes\u00bb][\/vc_column_inner][vc_column_inner column_padding=\u00bbno-extra-padding\u00bb column_padding_position=\u00bball\u00bb background_color_opacity=\u00bb1&#8243; background_hover_color_opacity=\u00bb1&#8243; column_shadow=\u00bbnone\u00bb column_border_radius=\u00bbnone\u00bb column_link_target=\u00bb_self\u00bb width=\u00bb3\/4&#8243; tablet_width_inherit=\u00bbdefault\u00bb overlay_strength=\u00bb0.3&#8243; column_border_width=\u00bbnone\u00bb column_border_style=\u00bbsolid\u00bb bg_image_animation=\u00bbnone\u00bb][vc_column_text]Este tipo de lesi\u00f3n cerebral es una afecci\u00f3n del tejido cerebral consecuencia de la falta de ox\u00edgeno en el cerebro. El cerebro es un \u00f3rgano vulnerable a la falta de ox\u00edgeno, la disminuci\u00f3n de flujo sangu\u00edneo durante 5-6 minutos produce un da\u00f1o irreversible. La parada cardiorrespiratoria es la causa m\u00e1s com\u00fan de anoxia cerebral, otras como la obstrucci\u00f3n de la v\u00eda a\u00e9rea por atragantamiento, una crisis asm\u00e1tica severa o ahogamiento por inmersi\u00f3n tambi\u00e9n pueden originar este tipo de alteraci\u00f3n.[\/vc_column_text][\/vc_column_inner][\/vc_row_inner][divider line_type=\u00bbFull Width Line\u00bb line_thickness=\u00bb1&#8243; divider_color=\u00bbdefault\u00bb custom_height=\u00bb20&#8243;][vc_row_inner column_margin=\u00bbdefault\u00bb top_padding=\u00bb24&#8243; text_align=\u00bbleft\u00bb][vc_column_inner column_padding=\u00bbno-extra-padding\u00bb column_padding_position=\u00bball\u00bb background_color_opacity=\u00bb1&#8243; background_hover_color_opacity=\u00bb1&#8243; column_shadow=\u00bbnone\u00bb column_border_radius=\u00bbnone\u00bb column_link_target=\u00bb_self\u00bb width=\u00bb1\/4&#8243; tablet_width_inherit=\u00bbdefault\u00bb overlay_strength=\u00bb0.3&#8243; column_border_width=\u00bbnone\u00bb column_border_style=\u00bbsolid\u00bb bg_image_animation=\u00bbnone\u00bb][vc_custom_heading text=\u00bbInfecciones\u00bb font_container=\u00bbtag:h4|font_size:25px|text_align:left|line_height:30px\u00bb use_theme_fonts=\u00bbyes\u00bb][\/vc_column_inner][vc_column_inner column_padding=\u00bbno-extra-padding\u00bb column_padding_position=\u00bball\u00bb background_color_opacity=\u00bb1&#8243; background_hover_color_opacity=\u00bb1&#8243; column_shadow=\u00bbnone\u00bb column_border_radius=\u00bbnone\u00bb column_link_target=\u00bb_self\u00bb width=\u00bb3\/4&#8243; tablet_width_inherit=\u00bbdefault\u00bb overlay_strength=\u00bb0.3&#8243; column_border_width=\u00bbnone\u00bb column_border_style=\u00bbsolid\u00bb bg_image_animation=\u00bbnone\u00bb][vc_column_text]Existen m\u00faltiples organismos, virus, hongos y par\u00e1sitos que pueden causar infecciones en el cerebro y en la m\u00e9dula espinal. Las infecciones m\u00e1s comunes son la Meningitis (inflamaci\u00f3n de las membranas del cerebro y la medula espinal), encefalitis (inflamaci\u00f3n del propio cerebro) y mielitis (inflamaci\u00f3n de la m\u00e9dula espinal).[\/vc_column_text][\/vc_column_inner][\/vc_row_inner][\/vc_column][\/vc_row][vc_row type=\u00bbfull_width_background\u00bb full_screen_row_position=\u00bbmiddle\u00bb equal_height=\u00bbyes\u00bb column_margin=\u00bbdefault\u00bb scene_position=\u00bbcenter\u00bb text_color=\u00bbdark\u00bb text_align=\u00bbleft\u00bb top_padding=\u00bb4%\u00bb bottom_padding=\u00bb4%\u00bb overlay_strength=\u00bb0.3&#8243; shape_divider_position=\u00bbbottom\u00bb bg_image_animation=\u00bbnone\u00bb shape_type=\u00bb\u00bb][vc_column column_padding=\u00bbno-extra-padding\u00bb column_padding_position=\u00bball\u00bb background_color_opacity=\u00bb1&#8243; background_hover_color_opacity=\u00bb1&#8243; column_link_target=\u00bb_self\u00bb column_shadow=\u00bbnone\u00bb column_border_radius=\u00bbnone\u00bb width=\u00bb1\/1&#8243; tablet_width_inherit=\u00bbdefault\u00bb tablet_text_alignment=\u00bbdefault\u00bb phone_text_alignment=\u00bbdefault\u00bb overlay_strength=\u00bb0.3&#8243; column_border_width=\u00bbnone\u00bb column_border_style=\u00bbsolid\u00bb bg_image_animation=\u00bbnone\u00bb][vc_custom_heading text=\u00bb\u00bfQu\u00e9 tipo de secuelas se asocian con el DCA?\u00bb font_container=\u00bbtag:h3|font_size:38px|text_align:left|line_height:47px\u00bb use_theme_fonts=\u00bbyes\u00bb][divider line_type=\u00bbNo Line\u00bb custom_height=\u00bb25&#8243;][vc_column_text]Cuando hablamos de secuelas hacemos referencia a aquellas alteraciones consecuencia del da\u00f1o cerebral originado. Estos d\u00e9ficits pueden afectar a todas las \u00e1reas del funcionamiento humano dependiendo del tipo de lesi\u00f3n, la localizaci\u00f3n y la gravedad inicial de la misma. As\u00ed mismo, tambi\u00e9n hay que tener en cuenta que el da\u00f1o no afectar\u00e1 del mismo modo a un ni\u00f1o cuyo cerebro est\u00e1 en desarrollo, que a un adulto.<\/p>\n<p>Las secuelas que pueden surgir tras un DCA se suelen clasificar en las siguientes \u00e1reas:[\/vc_column_text][divider line_type=\u00bbNo Line\u00bb custom_height=\u00bb25&#8243;][vc_row_inner column_margin=\u00bbdefault\u00bb top_padding=\u00bb24&#8243; text_align=\u00bbleft\u00bb][vc_column_inner column_padding=\u00bbno-extra-padding\u00bb column_padding_position=\u00bball\u00bb background_color_opacity=\u00bb1&#8243; background_hover_color_opacity=\u00bb1&#8243; column_shadow=\u00bbnone\u00bb column_border_radius=\u00bbnone\u00bb column_link_target=\u00bb_self\u00bb width=\u00bb1\/4&#8243; tablet_width_inherit=\u00bbdefault\u00bb overlay_strength=\u00bb0.3&#8243; column_border_width=\u00bbnone\u00bb column_border_style=\u00bbsolid\u00bb bg_image_animation=\u00bbnone\u00bb][vc_custom_heading text=\u00bbNivel de Alerta\u00bb font_container=\u00bbtag:h4|font_size:25px|text_align:left|line_height:30px\u00bb use_theme_fonts=\u00bbyes\u00bb][\/vc_column_inner][vc_column_inner column_padding=\u00bbno-extra-padding\u00bb column_padding_position=\u00bball\u00bb background_color_opacity=\u00bb1&#8243; background_hover_color_opacity=\u00bb1&#8243; column_shadow=\u00bbnone\u00bb column_border_radius=\u00bbnone\u00bb column_link_target=\u00bb_self\u00bb width=\u00bb3\/4&#8243; tablet_width_inherit=\u00bbdefault\u00bb overlay_strength=\u00bb0.3&#8243; column_border_width=\u00bbnone\u00bb column_border_style=\u00bbsolid\u00bb bg_image_animation=\u00bbnone\u00bb][vc_column_text]Tras sufrir una DCA o un traumatismo severo con frecuencia se produce una p\u00e9rdida de conciencia o coma. El coma es un estado temporal en el que el paciente permanece con los ojos cerrados sin responder al entorno.[\/vc_column_text][\/vc_column_inner][\/vc_row_inner][divider line_type=\u00bbFull Width Line\u00bb line_thickness=\u00bb1&#8243; divider_color=\u00bbdefault\u00bb custom_height=\u00bb20&#8243;][vc_row_inner column_margin=\u00bbdefault\u00bb top_padding=\u00bb24&#8243; text_align=\u00bbleft\u00bb][vc_column_inner column_padding=\u00bbno-extra-padding\u00bb column_padding_position=\u00bball\u00bb background_color_opacity=\u00bb1&#8243; background_hover_color_opacity=\u00bb1&#8243; column_shadow=\u00bbnone\u00bb column_border_radius=\u00bbnone\u00bb column_link_target=\u00bb_self\u00bb width=\u00bb1\/4&#8243; tablet_width_inherit=\u00bbdefault\u00bb overlay_strength=\u00bb0.3&#8243; column_border_width=\u00bbnone\u00bb column_border_style=\u00bbsolid\u00bb bg_image_animation=\u00bbnone\u00bb][vc_custom_heading text=\u00bbControl Motor\u00bb font_container=\u00bbtag:h4|font_size:25px|text_align:left|line_height:30px\u00bb use_theme_fonts=\u00bbyes\u00bb][\/vc_column_inner][vc_column_inner column_padding=\u00bbno-extra-padding\u00bb column_padding_position=\u00bball\u00bb background_color_opacity=\u00bb1&#8243; background_hover_color_opacity=\u00bb1&#8243; column_shadow=\u00bbnone\u00bb column_border_radius=\u00bbnone\u00bb column_link_target=\u00bb_self\u00bb width=\u00bb3\/4&#8243; tablet_width_inherit=\u00bbdefault\u00bb overlay_strength=\u00bb0.3&#8243; column_border_width=\u00bbnone\u00bb column_border_style=\u00bbsolid\u00bb bg_image_animation=\u00bbnone\u00bb][vc_column_text]Es com\u00fan encontrar dificultades motoras en forma de hemiplejia (par\u00e1lisis de la mitad del cuerpo), hemiparesia (p\u00e9rdida de fuerza en una mitad del cuerpo) y casos de espasticidad (contracci\u00f3n muscular). Adem\u00e1s, es importante considerar que los problemas f\u00edsicos tambi\u00e9n engloban s\u00edntomas como la disfagia (dificultad al tragar) y un nivel de fatiga importante en quien los padece.[\/vc_column_text][\/vc_column_inner][\/vc_row_inner][divider line_type=\u00bbFull Width Line\u00bb line_thickness=\u00bb1&#8243; divider_color=\u00bbdefault\u00bb custom_height=\u00bb20&#8243;][vc_row_inner column_margin=\u00bbdefault\u00bb top_padding=\u00bb24&#8243; text_align=\u00bbleft\u00bb][vc_column_inner column_padding=\u00bbno-extra-padding\u00bb column_padding_position=\u00bball\u00bb background_color_opacity=\u00bb1&#8243; background_hover_color_opacity=\u00bb1&#8243; column_shadow=\u00bbnone\u00bb column_border_radius=\u00bbnone\u00bb column_link_target=\u00bb_self\u00bb width=\u00bb1\/4&#8243; tablet_width_inherit=\u00bbdefault\u00bb overlay_strength=\u00bb0.3&#8243; column_border_width=\u00bbnone\u00bb column_border_style=\u00bbsolid\u00bb bg_image_animation=\u00bbnone\u00bb][vc_custom_heading text=\u00bbPercepci\u00f3n\u00bb font_container=\u00bbtag:h4|font_size:25px|text_align:left|line_height:30px\u00bb use_theme_fonts=\u00bbyes\u00bb][\/vc_column_inner][vc_column_inner column_padding=\u00bbno-extra-padding\u00bb column_padding_position=\u00bball\u00bb background_color_opacity=\u00bb1&#8243; background_hover_color_opacity=\u00bb1&#8243; column_shadow=\u00bbnone\u00bb column_border_radius=\u00bbnone\u00bb column_link_target=\u00bb_self\u00bb width=\u00bb3\/4&#8243; tablet_width_inherit=\u00bbdefault\u00bb overlay_strength=\u00bb0.3&#8243; column_border_width=\u00bbnone\u00bb column_border_style=\u00bbsolid\u00bb bg_image_animation=\u00bbnone\u00bb][vc_column_text]Este tipo de secuelas hace referencia a las dificultades en aquellos procesos relacionados con la percepci\u00f3n de la informaci\u00f3n de nuestro entorno, como puede ser los relacionados con los sentidos, con el equilibrio o la percepci\u00f3n de uno mismo.[\/vc_column_text][\/vc_column_inner][\/vc_row_inner][divider line_type=\u00bbFull Width Line\u00bb line_thickness=\u00bb1&#8243; divider_color=\u00bbdefault\u00bb custom_height=\u00bb20&#8243;][vc_row_inner column_margin=\u00bbdefault\u00bb top_padding=\u00bb24&#8243; text_align=\u00bbleft\u00bb][vc_column_inner column_padding=\u00bbno-extra-padding\u00bb column_padding_position=\u00bball\u00bb background_color_opacity=\u00bb1&#8243; background_hover_color_opacity=\u00bb1&#8243; column_shadow=\u00bbnone\u00bb column_border_radius=\u00bbnone\u00bb column_link_target=\u00bb_self\u00bb width=\u00bb1\/4&#8243; tablet_width_inherit=\u00bbdefault\u00bb overlay_strength=\u00bb0.3&#8243; column_border_width=\u00bbnone\u00bb column_border_style=\u00bbsolid\u00bb bg_image_animation=\u00bbnone\u00bb][vc_custom_heading text=\u00bbComunicaci\u00f3n\u00bb font_container=\u00bbtag:h4|font_size:25px|text_align:left|line_height:30px\u00bb use_theme_fonts=\u00bbyes\u00bb][\/vc_column_inner][vc_column_inner column_padding=\u00bbno-extra-padding\u00bb column_padding_position=\u00bball\u00bb background_color_opacity=\u00bb1&#8243; background_hover_color_opacity=\u00bb1&#8243; column_shadow=\u00bbnone\u00bb column_border_radius=\u00bbnone\u00bb column_link_target=\u00bb_self\u00bb width=\u00bb3\/4&#8243; tablet_width_inherit=\u00bbdefault\u00bb overlay_strength=\u00bb0.3&#8243; column_border_width=\u00bbnone\u00bb column_border_style=\u00bbsolid\u00bb bg_image_animation=\u00bbnone\u00bb][vc_column_text]Una de las alteraciones m\u00e1s comunes relacionadas con los procesos de comunicaci\u00f3n, pero no la \u00fanica, es el lenguaje. La alteraci\u00f3n m\u00e1s conocida es la afasia, dificultades tanto en la producci\u00f3n del lenguaje hablado como en la comprensi\u00f3n del mismo, as\u00ed como, en la habilidad lectora y\/o escritora.[\/vc_column_text][\/vc_column_inner][\/vc_row_inner][divider line_type=\u00bbFull Width Line\u00bb line_thickness=\u00bb1&#8243; divider_color=\u00bbdefault\u00bb custom_height=\u00bb20&#8243;][vc_row_inner column_margin=\u00bbdefault\u00bb top_padding=\u00bb24&#8243; text_align=\u00bbleft\u00bb][vc_column_inner column_padding=\u00bbno-extra-padding\u00bb column_padding_position=\u00bball\u00bb background_color_opacity=\u00bb1&#8243; background_hover_color_opacity=\u00bb1&#8243; column_shadow=\u00bbnone\u00bb column_border_radius=\u00bbnone\u00bb column_link_target=\u00bb_self\u00bb width=\u00bb1\/4&#8243; tablet_width_inherit=\u00bbdefault\u00bb overlay_strength=\u00bb0.3&#8243; column_border_width=\u00bbnone\u00bb column_border_style=\u00bbsolid\u00bb bg_image_animation=\u00bbnone\u00bb][vc_custom_heading text=\u00bbCognici\u00f3n\u00bb font_container=\u00bbtag:h4|font_size:25px|text_align:left|line_height:30px\u00bb use_theme_fonts=\u00bbyes\u00bb][\/vc_column_inner][vc_column_inner column_padding=\u00bbno-extra-padding\u00bb column_padding_position=\u00bball\u00bb background_color_opacity=\u00bb1&#8243; background_hover_color_opacity=\u00bb1&#8243; column_shadow=\u00bbnone\u00bb column_border_radius=\u00bbnone\u00bb column_link_target=\u00bb_self\u00bb width=\u00bb3\/4&#8243; tablet_width_inherit=\u00bbdefault\u00bb overlay_strength=\u00bb0.3&#8243; column_border_width=\u00bbnone\u00bb column_border_style=\u00bbsolid\u00bb bg_image_animation=\u00bbnone\u00bb][vc_column_text]Entre los problemas cognitivos destacan en primer lugar los relacionados con la memoria. Son habituales los casos de amnesia post traum\u00e1tica tras una lesi\u00f3n cerebral. En algunos casos la memoria no vuelve a recuperar su funcionamiento normal.\u00a0 Tambi\u00e9n son frecuentes los problemas de desorientaci\u00f3n, confusi\u00f3n y de otras capacidades cerebrales m\u00e1s complejas como son las funciones ejecutivas, vi\u00e9ndose alteradas acciones como la planificaci\u00f3n, el razonamiento, la toma de decisiones y\/o la capacidad para mantener la atenci\u00f3n.[\/vc_column_text][\/vc_column_inner][\/vc_row_inner][divider line_type=\u00bbFull Width Line\u00bb line_thickness=\u00bb1&#8243; divider_color=\u00bbdefault\u00bb custom_height=\u00bb20&#8243;][vc_row_inner column_margin=\u00bbdefault\u00bb top_padding=\u00bb24&#8243; text_align=\u00bbleft\u00bb][vc_column_inner column_padding=\u00bbno-extra-padding\u00bb column_padding_position=\u00bball\u00bb background_color_opacity=\u00bb1&#8243; background_hover_color_opacity=\u00bb1&#8243; column_shadow=\u00bbnone\u00bb column_border_radius=\u00bbnone\u00bb column_link_target=\u00bb_self\u00bb width=\u00bb1\/4&#8243; tablet_width_inherit=\u00bbdefault\u00bb overlay_strength=\u00bb0.3&#8243; column_border_width=\u00bbnone\u00bb column_border_style=\u00bbsolid\u00bb bg_image_animation=\u00bbnone\u00bb][vc_custom_heading text=\u00bbConducta y\/o emoci\u00f3n\u00bb font_container=\u00bbtag:h4|font_size:25px|text_align:left|line_height:30px\u00bb use_theme_fonts=\u00bbyes\u00bb][\/vc_column_inner][vc_column_inner column_padding=\u00bbno-extra-padding\u00bb column_padding_position=\u00bball\u00bb background_color_opacity=\u00bb1&#8243; background_hover_color_opacity=\u00bb1&#8243; column_shadow=\u00bbnone\u00bb column_border_radius=\u00bbnone\u00bb column_link_target=\u00bb_self\u00bb width=\u00bb3\/4&#8243; tablet_width_inherit=\u00bbdefault\u00bb overlay_strength=\u00bb0.3&#8243; column_border_width=\u00bbnone\u00bb column_border_style=\u00bbsolid\u00bb bg_image_animation=\u00bbnone\u00bb][vc_column_text]Estas alteraciones pueden aparecer de forma combinada y en diferentes intensidades, algunas de las m\u00e1s frecuentes son: agitaci\u00f3n, deambulaci\u00f3n, labilidad emocional, irritabilidad, desinhibici\u00f3n conductual, depresi\u00f3n, ansiedad y apat\u00eda.[\/vc_column_text][\/vc_column_inner][\/vc_row_inner][divider line_type=\u00bbFull Width Line\u00bb line_thickness=\u00bb1&#8243; divider_color=\u00bbdefault\u00bb custom_height=\u00bb20&#8243;][vc_row_inner column_margin=\u00bbdefault\u00bb top_padding=\u00bb24&#8243; text_align=\u00bbleft\u00bb][vc_column_inner column_padding=\u00bbno-extra-padding\u00bb column_padding_position=\u00bball\u00bb background_color_opacity=\u00bb1&#8243; background_hover_color_opacity=\u00bb1&#8243; column_shadow=\u00bbnone\u00bb column_border_radius=\u00bbnone\u00bb column_link_target=\u00bb_self\u00bb width=\u00bb1\/4&#8243; tablet_width_inherit=\u00bbdefault\u00bb overlay_strength=\u00bb0.3&#8243; column_border_width=\u00bbnone\u00bb column_border_style=\u00bbsolid\u00bb bg_image_animation=\u00bbnone\u00bb][vc_custom_heading text=\u00bbActividades de la vida diaria (AVD)\u00bb font_container=\u00bbtag:h4|font_size:25px|text_align:left|line_height:30px\u00bb use_theme_fonts=\u00bbyes\u00bb][\/vc_column_inner][vc_column_inner column_padding=\u00bbno-extra-padding\u00bb column_padding_position=\u00bball\u00bb background_color_opacity=\u00bb1&#8243; background_hover_color_opacity=\u00bb1&#8243; column_shadow=\u00bbnone\u00bb column_border_radius=\u00bbnone\u00bb column_link_target=\u00bb_self\u00bb width=\u00bb3\/4&#8243; tablet_width_inherit=\u00bbdefault\u00bb overlay_strength=\u00bb0.3&#8243; column_border_width=\u00bbnone\u00bb column_border_style=\u00bbsolid\u00bb bg_image_animation=\u00bbnone\u00bb][vc_column_text]En los casos de DCA, igual que en otro tipo de trastornos, las secuelas pueden afectar las necesidades b\u00e1sicas como el aseo, desplazamiento o el control de esf\u00ednteres en los casos m\u00e1s graves. Por otro lado, tambi\u00e9n se distingue la afectaci\u00f3n de las actividades de tipo instrumental como pueden ser las de \u00e1mbito laboral, el uso del transporte p\u00fablico o la realizaci\u00f3n de determinadas tareas m\u00e1s complejas como podr\u00eda ser la gesti\u00f3n econ\u00f3mica. Esta secuela est\u00e1 estrechamente relacionada con el grado de autonom\u00eda del paciente.[\/vc_column_text][\/vc_column_inner][\/vc_row_inner][\/vc_column][\/vc_row][vc_row type=\u00bbfull_width_background\u00bb full_screen_row_position=\u00bbmiddle\u00bb equal_height=\u00bbyes\u00bb column_margin=\u00bbdefault\u00bb bg_color=\u00bb#ffffff\u00bb scene_position=\u00bbcenter\u00bb text_color=\u00bbdark\u00bb text_align=\u00bbleft\u00bb top_padding=\u00bb4%\u00bb bottom_padding=\u00bb4%\u00bb overlay_strength=\u00bb0.3&#8243; shape_divider_position=\u00bbbottom\u00bb bg_image_animation=\u00bbnone\u00bb shape_type=\u00bb\u00bb][vc_column column_padding=\u00bbno-extra-padding\u00bb column_padding_position=\u00bball\u00bb background_color_opacity=\u00bb1&#8243; background_hover_color_opacity=\u00bb1&#8243; column_link_target=\u00bb_self\u00bb column_shadow=\u00bbnone\u00bb column_border_radius=\u00bbnone\u00bb width=\u00bb1\/1&#8243; tablet_width_inherit=\u00bbdefault\u00bb tablet_text_alignment=\u00bbdefault\u00bb phone_text_alignment=\u00bbdefault\u00bb overlay_strength=\u00bb0.3&#8243; column_border_width=\u00bbnone\u00bb column_border_style=\u00bbsolid\u00bb bg_image_animation=\u00bbnone\u00bb][vc_custom_heading text=\u00bbFases de evoluci\u00f3n \u00bb font_container=\u00bbtag:h3|font_size:38px|text_align:left|line_height:47px\u00bb use_theme_fonts=\u00bbyes\u00bb][divider line_type=\u00bbNo Line\u00bb custom_height=\u00bb25&#8243;][vc_column_text]El DCA es un tipo de lesi\u00f3n de inicio brusco y la evoluci\u00f3n del da\u00f1o puede resultar muy variable en funci\u00f3n de las regiones afectadas y la gravedad de la lesi\u00f3n. Podemos distinguir diferentes fases de evoluci\u00f3n en funci\u00f3n del proceso de rehabilitaci\u00f3n en el que se encuentra el afectado:[\/vc_column_text][divider line_type=\u00bbNo Line\u00bb custom_height=\u00bb25&#8243;][vc_row_inner column_margin=\u00bbdefault\u00bb top_padding=\u00bb24&#8243; text_align=\u00bbleft\u00bb][vc_column_inner column_padding=\u00bbno-extra-padding\u00bb column_padding_position=\u00bball\u00bb background_color_opacity=\u00bb1&#8243; background_hover_color_opacity=\u00bb1&#8243; column_shadow=\u00bbnone\u00bb column_border_radius=\u00bbnone\u00bb column_link_target=\u00bb_self\u00bb width=\u00bb1\/4&#8243; tablet_width_inherit=\u00bbdefault\u00bb overlay_strength=\u00bb0.3&#8243; column_border_width=\u00bbnone\u00bb column_border_style=\u00bbsolid\u00bb bg_image_animation=\u00bbnone\u00bb][vc_custom_heading text=\u00bbFase cr\u00edtica\u00bb font_container=\u00bbtag:h4|font_size:25px|text_align:left|line_height:30px\u00bb use_theme_fonts=\u00bbyes\u00bb][\/vc_column_inner][vc_column_inner column_padding=\u00bbno-extra-padding\u00bb column_padding_position=\u00bball\u00bb background_color_opacity=\u00bb1&#8243; background_hover_color_opacity=\u00bb1&#8243; column_shadow=\u00bbnone\u00bb column_border_radius=\u00bbnone\u00bb column_link_target=\u00bb_self\u00bb width=\u00bb3\/4&#8243; tablet_width_inherit=\u00bbdefault\u00bb overlay_strength=\u00bb0.3&#8243; column_border_width=\u00bbnone\u00bb column_border_style=\u00bbsolid\u00bb bg_image_animation=\u00bbnone\u00bb][vc_column_text]Momento de la lesi\u00f3n[\/vc_column_text][\/vc_column_inner][\/vc_row_inner][divider line_type=\u00bbFull Width Line\u00bb line_thickness=\u00bb1&#8243; divider_color=\u00bbdefault\u00bb custom_height=\u00bb20&#8243;][vc_row_inner column_margin=\u00bbdefault\u00bb top_padding=\u00bb24&#8243; text_align=\u00bbleft\u00bb][vc_column_inner column_padding=\u00bbno-extra-padding\u00bb column_padding_position=\u00bball\u00bb background_color_opacity=\u00bb1&#8243; background_hover_color_opacity=\u00bb1&#8243; column_shadow=\u00bbnone\u00bb column_border_radius=\u00bbnone\u00bb column_link_target=\u00bb_self\u00bb width=\u00bb1\/4&#8243; tablet_width_inherit=\u00bbdefault\u00bb overlay_strength=\u00bb0.3&#8243; column_border_width=\u00bbnone\u00bb column_border_style=\u00bbsolid\u00bb bg_image_animation=\u00bbnone\u00bb][vc_custom_heading text=\u00bbFase aguda\u00bb font_container=\u00bbtag:h4|font_size:25px|text_align:left|line_height:30px\u00bb use_theme_fonts=\u00bbyes\u00bb][\/vc_column_inner][vc_column_inner column_padding=\u00bbno-extra-padding\u00bb column_padding_position=\u00bball\u00bb background_color_opacity=\u00bb1&#8243; background_hover_color_opacity=\u00bb1&#8243; column_shadow=\u00bbnone\u00bb column_border_radius=\u00bbnone\u00bb column_link_target=\u00bb_self\u00bb width=\u00bb3\/4&#8243; tablet_width_inherit=\u00bbdefault\u00bb overlay_strength=\u00bb0.3&#8243; column_border_width=\u00bbnone\u00bb column_border_style=\u00bbsolid\u00bb bg_image_animation=\u00bbnone\u00bb][vc_column_text]Esta fase se desarrolla en la Unidad de Cuidados Intensivos (UCI), el objetivo es salvar la vida del paciente y mitigar las secuelas con la intervenci\u00f3n quir\u00fargica necesaria y la posterior estabilizaci\u00f3n del paciente.[\/vc_column_text][\/vc_column_inner][\/vc_row_inner][divider line_type=\u00bbFull Width Line\u00bb line_thickness=\u00bb1&#8243; divider_color=\u00bbdefault\u00bb custom_height=\u00bb20&#8243;][vc_row_inner column_margin=\u00bbdefault\u00bb top_padding=\u00bb24&#8243; text_align=\u00bbleft\u00bb][vc_column_inner column_padding=\u00bbno-extra-padding\u00bb column_padding_position=\u00bball\u00bb background_color_opacity=\u00bb1&#8243; background_hover_color_opacity=\u00bb1&#8243; column_shadow=\u00bbnone\u00bb column_border_radius=\u00bbnone\u00bb column_link_target=\u00bb_self\u00bb width=\u00bb1\/4&#8243; tablet_width_inherit=\u00bbdefault\u00bb overlay_strength=\u00bb0.3&#8243; column_border_width=\u00bbnone\u00bb column_border_style=\u00bbsolid\u00bb bg_image_animation=\u00bbnone\u00bb][vc_custom_heading text=\u00bbFase subaguda\u00bb font_container=\u00bbtag:h4|font_size:25px|text_align:left|line_height:30px\u00bb use_theme_fonts=\u00bbyes\u00bb][\/vc_column_inner][vc_column_inner column_padding=\u00bbno-extra-padding\u00bb column_padding_position=\u00bball\u00bb background_color_opacity=\u00bb1&#8243; background_hover_color_opacity=\u00bb1&#8243; column_shadow=\u00bbnone\u00bb column_border_radius=\u00bbnone\u00bb column_link_target=\u00bb_self\u00bb width=\u00bb3\/4&#8243; tablet_width_inherit=\u00bbdefault\u00bb overlay_strength=\u00bb0.3&#8243; column_border_width=\u00bbnone\u00bb column_border_style=\u00bbsolid\u00bb bg_image_animation=\u00bbnone\u00bb][vc_column_text]En esta fase est\u00e1 orientada a tratar cada secuela de forma m\u00e1s intensiva, especializada y espec\u00edfica. La rehabilitaci\u00f3n ser\u00e1 siempre personalizada seg\u00fan las necesidades de la cada paciente. Esta fase tiene una duraci\u00f3n media de entre 6 y 18 meses, en algunos casos puede alargarse hasta los 24 meses.[\/vc_column_text][\/vc_column_inner][\/vc_row_inner][divider line_type=\u00bbFull Width Line\u00bb line_thickness=\u00bb1&#8243; divider_color=\u00bbdefault\u00bb custom_height=\u00bb20&#8243;][vc_row_inner column_margin=\u00bbdefault\u00bb top_padding=\u00bb24&#8243; text_align=\u00bbleft\u00bb][vc_column_inner column_padding=\u00bbno-extra-padding\u00bb column_padding_position=\u00bball\u00bb background_color_opacity=\u00bb1&#8243; background_hover_color_opacity=\u00bb1&#8243; column_shadow=\u00bbnone\u00bb column_border_radius=\u00bbnone\u00bb column_link_target=\u00bb_self\u00bb width=\u00bb1\/4&#8243; tablet_width_inherit=\u00bbdefault\u00bb overlay_strength=\u00bb0.3&#8243; column_border_width=\u00bbnone\u00bb column_border_style=\u00bbsolid\u00bb bg_image_animation=\u00bbnone\u00bb][vc_custom_heading text=\u00bbFase cr\u00f3nica\u00bb font_container=\u00bbtag:h4|font_size:25px|text_align:left|line_height:30px\u00bb use_theme_fonts=\u00bbyes\u00bb][\/vc_column_inner][vc_column_inner column_padding=\u00bbno-extra-padding\u00bb column_padding_position=\u00bball\u00bb background_color_opacity=\u00bb1&#8243; background_hover_color_opacity=\u00bb1&#8243; column_shadow=\u00bbnone\u00bb column_border_radius=\u00bbnone\u00bb column_link_target=\u00bb_self\u00bb width=\u00bb3\/4&#8243; tablet_width_inherit=\u00bbdefault\u00bb overlay_strength=\u00bb0.3&#8243; column_border_width=\u00bbnone\u00bb column_border_style=\u00bbsolid\u00bb bg_image_animation=\u00bbnone\u00bb][vc_column_text]La fase cr\u00f3nica parte del momento en que no hay mejor\u00eda tras la rehabilitaci\u00f3n. En esta fase los objetivos se centran en mantener la mejor\u00eda conseguida hasta el momento y trabajar la autonom\u00eda e integraci\u00f3n social y laboral del paciente.[\/vc_column_text][\/vc_column_inner][\/vc_row_inner][divider line_type=\u00bbNo Line\u00bb custom_height=\u00bb25&#8243;][vc_column_text]El proceso de evoluci\u00f3n y los resultados de la rehabilitaci\u00f3n tras un DCA son variables y dependen de diversos factores. Existen una serie de variables como pueden ser el g\u00e9nero, la edad, la inteligencia prem\u00f3rbida, la personalidad o la gravedad de la lesi\u00f3n sobre las que no se puede actuar y que, en cierto modo, juegan un papel en las expectativas de recuperaci\u00f3n o pron\u00f3stico. Por otro lado, hay variables que pueden incidir en la evoluci\u00f3n del paciente sobre las que s\u00ed podemos actuar como son; el estado f\u00edsico, la alimentaci\u00f3n, las estrategias de afrontamiento y compensaci\u00f3n, el apoyo familiar, la integraci\u00f3n social, laboral y el equipo y plan de rehabilitaci\u00f3n.[\/vc_column_text][\/vc_column][\/vc_row][vc_row type=\u00bbfull_width_background\u00bb full_screen_row_position=\u00bbmiddle\u00bb equal_height=\u00bbyes\u00bb column_margin=\u00bbdefault\u00bb scene_position=\u00bbcenter\u00bb text_color=\u00bbdark\u00bb text_align=\u00bbleft\u00bb top_padding=\u00bb4%\u00bb bottom_padding=\u00bb4%\u00bb overlay_strength=\u00bb0.3&#8243; shape_divider_position=\u00bbbottom\u00bb bg_image_animation=\u00bbnone\u00bb shape_type=\u00bb\u00bb][vc_column column_padding=\u00bbno-extra-padding\u00bb column_padding_position=\u00bball\u00bb background_color_opacity=\u00bb1&#8243; background_hover_color_opacity=\u00bb1&#8243; column_link_target=\u00bb_self\u00bb column_shadow=\u00bbnone\u00bb column_border_radius=\u00bbnone\u00bb width=\u00bb1\/1&#8243; tablet_width_inherit=\u00bbdefault\u00bb tablet_text_alignment=\u00bbdefault\u00bb phone_text_alignment=\u00bbdefault\u00bb overlay_strength=\u00bb0.3&#8243; column_border_width=\u00bbnone\u00bb column_border_style=\u00bbsolid\u00bb bg_image_animation=\u00bbnone\u00bb][vc_custom_heading text=\u00bbTratamiento del DCA\u00bb font_container=\u00bbtag:h3|font_size:38px|text_align:left|line_height:47px\u00bb use_theme_fonts=\u00bbyes\u00bb][divider line_type=\u00bbNo Line\u00bb custom_height=\u00bb25&#8243;][vc_column_text]La intervenci\u00f3n sobre las secuelas del DCA pretende mejorar la calidad de vida de los pacientes, aumentar su nivel de autonom\u00eda y mejorar el rendimiento de aquellas capacidades cognitiva y motoras que se han visto afectadas. El manejo, tratamiento y rehabilitaci\u00f3n del DCA implica la participaci\u00f3n de m\u00faltiples profesionales, tratamiento farmacol\u00f3gico y terapia de rehabilitaci\u00f3n f\u00edsica y cognitiva intensiva.[\/vc_column_text][\/vc_column][\/vc_row][vc_row type=\u00bbfull_width_background\u00bb full_screen_row_position=\u00bbmiddle\u00bb equal_height=\u00bbyes\u00bb content_placement=\u00bbmiddle\u00bb column_margin=\u00bbdefault\u00bb bg_image=\u00bb6711&#8243; bg_position=\u00bbcenter center\u00bb bg_repeat=\u00bbno-repeat\u00bb scene_position=\u00bbcenter\u00bb text_color=\u00bblight\u00bb text_align=\u00bbleft\u00bb top_padding=\u00bb4%\u00bb bottom_padding=\u00bb4%\u00bb color_overlay=\u00bbrgba(10,6,6,0.84)\u00bb overlay_strength=\u00bb0.5&#8243; shape_divider_position=\u00bbbottom\u00bb bg_image_animation=\u00bbnone\u00bb shape_type=\u00bb\u00bb][vc_column column_padding=\u00bbno-extra-padding\u00bb column_padding_position=\u00bball\u00bb background_color_opacity=\u00bb1&#8243; background_hover_color_opacity=\u00bb1&#8243; column_link_target=\u00bb_self\u00bb column_shadow=\u00bbnone\u00bb column_border_radius=\u00bbnone\u00bb width=\u00bb1\/1&#8243; tablet_width_inherit=\u00bbdefault\u00bb tablet_text_alignment=\u00bbdefault\u00bb phone_text_alignment=\u00bbdefault\u00bb overlay_strength=\u00bb0.3&#8243; column_border_width=\u00bbnone\u00bb column_border_style=\u00bbsolid\u00bb bg_image_animation=\u00bbnone\u00bb][vc_row_inner column_margin=\u00bbdefault\u00bb text_align=\u00bbleft\u00bb][vc_column_inner column_padding=\u00bbno-extra-padding\u00bb column_padding_position=\u00bball\u00bb background_color_opacity=\u00bb1&#8243; background_hover_color_opacity=\u00bb1&#8243; column_shadow=\u00bbnone\u00bb column_border_radius=\u00bbnone\u00bb column_link_target=\u00bb_self\u00bb width=\u00bb1\/6&#8243; tablet_width_inherit=\u00bbdefault\u00bb overlay_strength=\u00bb0.3&#8243; column_border_width=\u00bbnone\u00bb column_border_style=\u00bbsolid\u00bb bg_image_animation=\u00bbnone\u00bb][\/vc_column_inner][vc_column_inner column_padding=\u00bbpadding-2-percent\u00bb column_padding_position=\u00bbleft-right\u00bb centered_text=\u00bbtrue\u00bb background_color_opacity=\u00bb1&#8243; background_hover_color_opacity=\u00bb1&#8243; column_shadow=\u00bbnone\u00bb column_border_radius=\u00bbnone\u00bb column_link_target=\u00bb_self\u00bb width=\u00bb2\/3&#8243; tablet_width_inherit=\u00bbdefault\u00bb overlay_strength=\u00bb0.3&#8243; column_border_width=\u00bbnone\u00bb column_border_style=\u00bbsolid\u00bb bg_image_animation=\u00bbnone\u00bb][vc_custom_heading text=\u00bbSOLICITE INFORMACI\u00d3N \/ VISITA\u00bb font_container=\u00bbtag:h3|font_size:42|text_align:center|line_height:42px\u00bb use_theme_fonts=\u00bbyes\u00bb css_animation=\u00bbnone\u00bb][divider line_type=\u00bbNo Line\u00bb custom_height=\u00bb5&#8243;][nectar_btn size=\u00bblarge\u00bb button_style=\u00bbregular\u00bb button_color_2=\u00bbAccent-Color\u00bb icon_family=\u00bbdefault_arrow\u00bb url=\u00bb\/es\/solicitar-informacion-visita\/\u00bb text=\u00bbSolicitar\u00bb css_animation=\u00bbnone\u00bb margin_top=\u00bb10&#8243;][\/vc_column_inner][vc_column_inner column_padding=\u00bbno-extra-padding\u00bb column_padding_position=\u00bball\u00bb background_color_opacity=\u00bb1&#8243; background_hover_color_opacity=\u00bb1&#8243; column_shadow=\u00bbnone\u00bb column_border_radius=\u00bbnone\u00bb column_link_target=\u00bb_self\u00bb width=\u00bb1\/6&#8243; tablet_width_inherit=\u00bbdefault\u00bb overlay_strength=\u00bb0.3&#8243; column_border_width=\u00bbnone\u00bb column_border_style=\u00bbsolid\u00bb bg_image_animation=\u00bbnone\u00bb][\/vc_column_inner][\/vc_row_inner][\/vc_column][\/vc_row]\n","protected":false},"excerpt":{"rendered":"<p>[vc_row type=\u00bbfull_width_background\u00bb full_screen_row_position=\u00bbmiddle\u00bb column_margin=\u00bbdefault\u00bb bg_image=\u00bb6675&#8243; bg_position=\u00bbleft top\u00bb bg_repeat=\u00bbno-repeat\u00bb bg_color=\u00bb#333333&#8243; scene_position=\u00bbcenter\u00bb video_bg=\u00bbuse_video\u00bb text_color=\u00bblight\u00bb text_align=\u00bbleft\u00bb top_padding=\u00bb7%\u00bb bottom_padding=\u00bb3%\u00bb color_overlay=\u00bb#0a0a0a\u00bb overlay_strength=\u00bb0.5&#8243; shape_divider_position=\u00bbbottom\u00bb bg_image_animation=\u00bbnone\u00bb parallax_bg=\u00bbtrue\u00bb parallax_bg_speed=\u00bbfast\u00bb video_mute=\u00bbtrue\u00bb shape_type=\u00bb\u00bb][vc_column column_padding=\u00bbno-extra-padding\u00bb column_padding_position=\u00bball\u00bb&#8230;<\/p>\n","protected":false},"author":1,"featured_media":0,"parent":6803,"menu_order":0,"comment_status":"closed","ping_status":"closed","template":"","meta":{"footnotes":""},"class_list":["post-9409","page","type-page","status-publish"],"yoast_head":"<!-- This site is optimized with the Yoast SEO plugin v27.4 - https:\/\/yoast.com\/product\/yoast-seo-wordpress\/ -->\n<title>Da\u00f1o Cerebral Adquirido: Causas, fases y tratamiento | CDINC Barcelona<\/title>\n<meta name=\"description\" content=\"El manejo, tratamiento y rehabilitaci\u00f3n del DCA implica la participaci\u00f3n de m\u00faltiples profesionales, tratamiento farmacol\u00f3gico y rehabilitaci\u00f3n.\" \/>\n<meta name=\"robots\" content=\"index, follow, max-snippet:-1, max-image-preview:large, max-video-preview:-1\" \/>\n<link rel=\"canonical\" href=\"https:\/\/cdincbarcelona.com\/es\/especialidades-cdinc\/dano-cerebral-adquirido\/\" \/>\n<meta property=\"og:locale\" content=\"es_ES\" \/>\n<meta property=\"og:type\" content=\"article\" \/>\n<meta property=\"og:title\" content=\"Da\u00f1o Cerebral Adquirido: Causas, fases y tratamiento | CDINC Barcelona\" \/>\n<meta property=\"og:description\" content=\"El manejo, tratamiento y rehabilitaci\u00f3n del DCA implica la participaci\u00f3n de m\u00faltiples profesionales, tratamiento farmacol\u00f3gico y rehabilitaci\u00f3n.\" \/>\n<meta property=\"og:url\" content=\"https:\/\/cdincbarcelona.com\/es\/especialidades-cdinc\/dano-cerebral-adquirido\/\" \/>\n<meta property=\"og:site_name\" content=\"CDINC\" \/>\n<meta property=\"article:modified_time\" content=\"2020-03-31T16:09:16+00:00\" \/>\n<meta name=\"twitter:card\" content=\"summary_large_image\" \/>\n<meta name=\"twitter:label1\" content=\"Tiempo de lectura\" \/>\n\t<meta name=\"twitter:data1\" content=\"26 minutos\" \/>\n<script type=\"application\/ld+json\" class=\"yoast-schema-graph\">{\"@context\":\"https:\\\/\\\/schema.org\",\"@graph\":[{\"@type\":\"WebPage\",\"@id\":\"https:\\\/\\\/cdincbarcelona.com\\\/es\\\/especialidades-cdinc\\\/dano-cerebral-adquirido\\\/\",\"url\":\"https:\\\/\\\/cdincbarcelona.com\\\/es\\\/especialidades-cdinc\\\/dano-cerebral-adquirido\\\/\",\"name\":\"Da\u00f1o Cerebral Adquirido: Causas, fases y tratamiento | CDINC Barcelona\",\"isPartOf\":{\"@id\":\"https:\\\/\\\/cdincbarcelona.com\\\/#website\"},\"datePublished\":\"2020-03-30T16:32:13+00:00\",\"dateModified\":\"2020-03-31T16:09:16+00:00\",\"description\":\"El manejo, tratamiento y rehabilitaci\u00f3n del DCA implica la participaci\u00f3n de m\u00faltiples profesionales, tratamiento farmacol\u00f3gico y rehabilitaci\u00f3n.\",\"breadcrumb\":{\"@id\":\"https:\\\/\\\/cdincbarcelona.com\\\/es\\\/especialidades-cdinc\\\/dano-cerebral-adquirido\\\/#breadcrumb\"},\"inLanguage\":\"es\",\"potentialAction\":[{\"@type\":\"ReadAction\",\"target\":[\"https:\\\/\\\/cdincbarcelona.com\\\/es\\\/especialidades-cdinc\\\/dano-cerebral-adquirido\\\/\"]}]},{\"@type\":\"BreadcrumbList\",\"@id\":\"https:\\\/\\\/cdincbarcelona.com\\\/es\\\/especialidades-cdinc\\\/dano-cerebral-adquirido\\\/#breadcrumb\",\"itemListElement\":[{\"@type\":\"ListItem\",\"position\":1,\"name\":\"Portada\",\"item\":\"https:\\\/\\\/cdincbarcelona.com\\\/es\\\/\"},{\"@type\":\"ListItem\",\"position\":2,\"name\":\"Especialidades\",\"item\":\"https:\\\/\\\/cdincbarcelona.com\\\/es\\\/especialidades-cdinc\\\/\"},{\"@type\":\"ListItem\",\"position\":3,\"name\":\"Da\u00f1o Cerebral Adquirido\"}]},{\"@type\":\"WebSite\",\"@id\":\"https:\\\/\\\/cdincbarcelona.com\\\/#website\",\"url\":\"https:\\\/\\\/cdincbarcelona.com\\\/\",\"name\":\"CDINC\",\"description\":\"Centre de diagn\u00f2stic i intervenci\u00f3 neurocognitiva Barcelona\",\"publisher\":{\"@id\":\"https:\\\/\\\/cdincbarcelona.com\\\/#organization\"},\"potentialAction\":[{\"@type\":\"SearchAction\",\"target\":{\"@type\":\"EntryPoint\",\"urlTemplate\":\"https:\\\/\\\/cdincbarcelona.com\\\/?s={search_term_string}\"},\"query-input\":{\"@type\":\"PropertyValueSpecification\",\"valueRequired\":true,\"valueName\":\"search_term_string\"}}],\"inLanguage\":\"es\"},{\"@type\":\"Organization\",\"@id\":\"https:\\\/\\\/cdincbarcelona.com\\\/#organization\",\"name\":\"CDINC Centre de Diagn\u00f2stic i Intervenci\u00f3 Neurocognitiva\",\"url\":\"https:\\\/\\\/cdincbarcelona.com\\\/\",\"logo\":{\"@type\":\"ImageObject\",\"inLanguage\":\"es\",\"@id\":\"https:\\\/\\\/cdincbarcelona.com\\\/#\\\/schema\\\/logo\\\/image\\\/\",\"url\":\"https:\\\/\\\/cdincbarcelona.com\\\/wp-content\\\/uploads\\\/2017\\\/10\\\/cdinc-logo@2x.png\",\"contentUrl\":\"https:\\\/\\\/cdincbarcelona.com\\\/wp-content\\\/uploads\\\/2017\\\/10\\\/cdinc-logo@2x.png\",\"width\":825,\"height\":200,\"caption\":\"CDINC Centre de Diagn\u00f2stic i Intervenci\u00f3 Neurocognitiva\"},\"image\":{\"@id\":\"https:\\\/\\\/cdincbarcelona.com\\\/#\\\/schema\\\/logo\\\/image\\\/\"}}]}<\/script>\n<!-- \/ Yoast SEO plugin. -->","yoast_head_json":{"title":"Da\u00f1o Cerebral Adquirido: Causas, fases y tratamiento | CDINC Barcelona","description":"El manejo, tratamiento y rehabilitaci\u00f3n del DCA implica la participaci\u00f3n de m\u00faltiples profesionales, tratamiento farmacol\u00f3gico y rehabilitaci\u00f3n.","robots":{"index":"index","follow":"follow","max-snippet":"max-snippet:-1","max-image-preview":"max-image-preview:large","max-video-preview":"max-video-preview:-1"},"canonical":"https:\/\/cdincbarcelona.com\/es\/especialidades-cdinc\/dano-cerebral-adquirido\/","og_locale":"es_ES","og_type":"article","og_title":"Da\u00f1o Cerebral Adquirido: Causas, fases y tratamiento | CDINC Barcelona","og_description":"El manejo, tratamiento y rehabilitaci\u00f3n del DCA implica la participaci\u00f3n de m\u00faltiples profesionales, tratamiento farmacol\u00f3gico y rehabilitaci\u00f3n.","og_url":"https:\/\/cdincbarcelona.com\/es\/especialidades-cdinc\/dano-cerebral-adquirido\/","og_site_name":"CDINC","article_modified_time":"2020-03-31T16:09:16+00:00","twitter_card":"summary_large_image","twitter_misc":{"Tiempo de lectura":"26 minutos"},"schema":{"@context":"https:\/\/schema.org","@graph":[{"@type":"WebPage","@id":"https:\/\/cdincbarcelona.com\/es\/especialidades-cdinc\/dano-cerebral-adquirido\/","url":"https:\/\/cdincbarcelona.com\/es\/especialidades-cdinc\/dano-cerebral-adquirido\/","name":"Da\u00f1o Cerebral Adquirido: Causas, fases y tratamiento | CDINC Barcelona","isPartOf":{"@id":"https:\/\/cdincbarcelona.com\/#website"},"datePublished":"2020-03-30T16:32:13+00:00","dateModified":"2020-03-31T16:09:16+00:00","description":"El manejo, tratamiento y rehabilitaci\u00f3n del DCA implica la participaci\u00f3n de m\u00faltiples profesionales, tratamiento farmacol\u00f3gico y rehabilitaci\u00f3n.","breadcrumb":{"@id":"https:\/\/cdincbarcelona.com\/es\/especialidades-cdinc\/dano-cerebral-adquirido\/#breadcrumb"},"inLanguage":"es","potentialAction":[{"@type":"ReadAction","target":["https:\/\/cdincbarcelona.com\/es\/especialidades-cdinc\/dano-cerebral-adquirido\/"]}]},{"@type":"BreadcrumbList","@id":"https:\/\/cdincbarcelona.com\/es\/especialidades-cdinc\/dano-cerebral-adquirido\/#breadcrumb","itemListElement":[{"@type":"ListItem","position":1,"name":"Portada","item":"https:\/\/cdincbarcelona.com\/es\/"},{"@type":"ListItem","position":2,"name":"Especialidades","item":"https:\/\/cdincbarcelona.com\/es\/especialidades-cdinc\/"},{"@type":"ListItem","position":3,"name":"Da\u00f1o Cerebral Adquirido"}]},{"@type":"WebSite","@id":"https:\/\/cdincbarcelona.com\/#website","url":"https:\/\/cdincbarcelona.com\/","name":"CDINC","description":"Centre de diagn\u00f2stic i intervenci\u00f3 neurocognitiva Barcelona","publisher":{"@id":"https:\/\/cdincbarcelona.com\/#organization"},"potentialAction":[{"@type":"SearchAction","target":{"@type":"EntryPoint","urlTemplate":"https:\/\/cdincbarcelona.com\/?s={search_term_string}"},"query-input":{"@type":"PropertyValueSpecification","valueRequired":true,"valueName":"search_term_string"}}],"inLanguage":"es"},{"@type":"Organization","@id":"https:\/\/cdincbarcelona.com\/#organization","name":"CDINC Centre de Diagn\u00f2stic i Intervenci\u00f3 Neurocognitiva","url":"https:\/\/cdincbarcelona.com\/","logo":{"@type":"ImageObject","inLanguage":"es","@id":"https:\/\/cdincbarcelona.com\/#\/schema\/logo\/image\/","url":"https:\/\/cdincbarcelona.com\/wp-content\/uploads\/2017\/10\/cdinc-logo@2x.png","contentUrl":"https:\/\/cdincbarcelona.com\/wp-content\/uploads\/2017\/10\/cdinc-logo@2x.png","width":825,"height":200,"caption":"CDINC Centre de Diagn\u00f2stic i Intervenci\u00f3 Neurocognitiva"},"image":{"@id":"https:\/\/cdincbarcelona.com\/#\/schema\/logo\/image\/"}}]}},"_links":{"self":[{"href":"https:\/\/cdincbarcelona.com\/es\/wp-json\/wp\/v2\/pages\/9409","targetHints":{"allow":["GET"]}}],"collection":[{"href":"https:\/\/cdincbarcelona.com\/es\/wp-json\/wp\/v2\/pages"}],"about":[{"href":"https:\/\/cdincbarcelona.com\/es\/wp-json\/wp\/v2\/types\/page"}],"author":[{"embeddable":true,"href":"https:\/\/cdincbarcelona.com\/es\/wp-json\/wp\/v2\/users\/1"}],"replies":[{"embeddable":true,"href":"https:\/\/cdincbarcelona.com\/es\/wp-json\/wp\/v2\/comments?post=9409"}],"version-history":[{"count":4,"href":"https:\/\/cdincbarcelona.com\/es\/wp-json\/wp\/v2\/pages\/9409\/revisions"}],"predecessor-version":[{"id":9641,"href":"https:\/\/cdincbarcelona.com\/es\/wp-json\/wp\/v2\/pages\/9409\/revisions\/9641"}],"up":[{"embeddable":true,"href":"https:\/\/cdincbarcelona.com\/es\/wp-json\/wp\/v2\/pages\/6803"}],"wp:attachment":[{"href":"https:\/\/cdincbarcelona.com\/es\/wp-json\/wp\/v2\/media?parent=9409"}],"curies":[{"name":"wp","href":"https:\/\/api.w.org\/{rel}","templated":true}]}}