{"id":8379,"date":"2019-02-01T10:00:30","date_gmt":"2019-02-01T09:00:30","guid":{"rendered":"https:\/\/cdincbarcelona.com\/?page_id=8379"},"modified":"2021-11-17T18:13:35","modified_gmt":"2021-11-17T17:13:35","slug":"javier-salas-puig-neurologo-epilepsia","status":"publish","type":"page","link":"https:\/\/cdincbarcelona.com\/es\/equipo-profesionales-cdinc\/javier-salas-puig-neurologo-epilepsia\/","title":{"rendered":"Dr. Javier Salas Puig"},"content":{"rendered":"[vc_row type=\u00bbfull_width_background\u00bb full_screen_row_position=\u00bbmiddle\u00bb column_margin=\u00bbdefault\u00bb bg_image=\u00bb6675&#8243; bg_position=\u00bbleft top\u00bb bg_repeat=\u00bbno-repeat\u00bb bg_color=\u00bb#333333&#8243; scene_position=\u00bbcenter\u00bb video_bg=\u00bbuse_video\u00bb text_color=\u00bblight\u00bb text_align=\u00bbleft\u00bb top_padding=\u00bb7%\u00bb bottom_padding=\u00bb3%\u00bb color_overlay=\u00bb#0a0a0a\u00bb overlay_strength=\u00bb0.5&#8243; shape_divider_position=\u00bbbottom\u00bb bg_image_animation=\u00bbnone\u00bb parallax_bg=\u00bbtrue\u00bb parallax_bg_speed=\u00bbfast\u00bb video_mute=\u00bbtrue\u00bb shape_type=\u00bb\u00bb][vc_column column_padding=\u00bbno-extra-padding\u00bb column_padding_position=\u00bball\u00bb background_color_opacity=\u00bb1&#8243; background_hover_color_opacity=\u00bb1&#8243; column_link_target=\u00bb_self\u00bb column_shadow=\u00bbnone\u00bb column_border_radius=\u00bbnone\u00bb width=\u00bb1\/1&#8243; tablet_width_inherit=\u00bbdefault\u00bb tablet_text_alignment=\u00bbdefault\u00bb phone_text_alignment=\u00bbdefault\u00bb overlay_strength=\u00bb0.3&#8243; column_border_width=\u00bbnone\u00bb column_border_style=\u00bbsolid\u00bb bg_image_animation=\u00bbnone\u00bb][vc_custom_heading text=\u00bbDr. Javier Salas Puig\u00bb font_container=\u00bbtag:h1|text_align:left|color:%23ffffff\u00bb use_theme_fonts=\u00bbyes\u00bb css_animation=\u00bbnone\u00bb link=\u00bb|||\u00bb][vc_custom_heading text=\u00bbEQUIPO CDINC\u00bb font_container=\u00bbtag:h5|text_align:left|color:rgba(255%2C255%2C255%2C0.74)\u00bb use_theme_fonts=\u00bbyes\u00bb css_animation=\u00bbnone\u00bb link=\u00bburl:https%3A%2F%2Fcdincbarcelona.com%2Fes%2Fequipo-profesional%2F|||\u00bb][\/vc_column][\/vc_row][vc_row type=\u00bbfull_width_background\u00bb full_screen_row_position=\u00bbmiddle\u00bb column_margin=\u00bbdefault\u00bb bg_color=\u00bb#ffffff\u00bb scene_position=\u00bbcenter\u00bb text_color=\u00bbdark\u00bb text_align=\u00bbleft\u00bb top_padding=\u00bb4%\u00bb bottom_padding=\u00bb4%\u00bb overlay_strength=\u00bb0.3&#8243; shape_divider_position=\u00bbbottom\u00bb bg_image_animation=\u00bbnone\u00bb shape_type=\u00bb\u00bb][vc_column column_padding=\u00bbno-extra-padding\u00bb column_padding_position=\u00bball\u00bb background_color_opacity=\u00bb1&#8243; background_hover_color_opacity=\u00bb1&#8243; column_link_target=\u00bb_self\u00bb column_shadow=\u00bbnone\u00bb column_border_radius=\u00bbnone\u00bb width=\u00bb1\/1&#8243; tablet_width_inherit=\u00bbdefault\u00bb tablet_text_alignment=\u00bbdefault\u00bb phone_text_alignment=\u00bbdefault\u00bb overlay_strength=\u00bb0.3&#8243; column_border_width=\u00bbnone\u00bb column_border_style=\u00bbsolid\u00bb bg_image_animation=\u00bbnone\u00bb][vc_column_text]\n<h4><strong>EPILEPSIA Y TRASTORNOS DEL SUE\u00d1O<\/strong><\/h4>\n<h3>Dr. Javier Salas Puig<\/h3>\n[\/vc_column_text][divider line_type=\u00bbNo Line\u00bb][vc_row_inner column_margin=\u00bbdefault\u00bb text_align=\u00bbleft\u00bb][vc_column_inner column_padding=\u00bbno-extra-padding\u00bb column_padding_position=\u00bball\u00bb background_color_opacity=\u00bb1&#8243; background_hover_color_opacity=\u00bb1&#8243; column_shadow=\u00bbnone\u00bb column_border_radius=\u00bbnone\u00bb column_link_target=\u00bb_self\u00bb width=\u00bb1\/4&#8243; tablet_width_inherit=\u00bbdefault\u00bb overlay_strength=\u00bb0.3&#8243; column_border_width=\u00bbnone\u00bb column_border_style=\u00bbsolid\u00bb bg_image_animation=\u00bbnone\u00bb][image_with_animation image_url=\u00bb8444&#8243; alignment=\u00bbcenter\u00bb animation=\u00bbNone\u00bb img_link_large=\u00bbyes\u00bb hover_animation=\u00bbnone\u00bb border_radius=\u00bbnone\u00bb box_shadow=\u00bbnone\u00bb image_loading=\u00bbdefault\u00bb max_width=\u00bb100%\u00bb max_width_mobile=\u00bbdefault\u00bb][\/vc_column_inner][vc_column_inner column_padding=\u00bbno-extra-padding\u00bb column_padding_position=\u00bball\u00bb background_color_opacity=\u00bb1&#8243; background_hover_color_opacity=\u00bb1&#8243; column_shadow=\u00bbnone\u00bb column_border_radius=\u00bbnone\u00bb column_link_target=\u00bb_self\u00bb width=\u00bb3\/4&#8243; tablet_width_inherit=\u00bbdefault\u00bb overlay_strength=\u00bb0.3&#8243; column_border_width=\u00bbnone\u00bb column_border_style=\u00bbsolid\u00bb bg_image_animation=\u00bbnone\u00bb][vc_column_text]El Dr. Javier Salas Puig es un prestigioso neur\u00f3logo especialista en <a href=\"https:\/\/cdincbarcelona.com\/es\/especialidades-cdinc\/epilepsia\/\">epilepsia<\/a> y trastornos del sue\u00f1o. Es <strong>Licenciado en Medicina y Cirug\u00eda por la Universidad Central de Barcelona<\/strong>, <strong>doctor en medicina por la Universidad de Oviedo <\/strong>y cuenta con una extensa experiencia de m\u00e1s de 30 a\u00f1os en la pr\u00e1ctica cl\u00ednica de la neurolog\u00eda.<\/p>\n<p>Actualmente es el director de la <strong>consulta de epilepsia y<a href=\"https:\/\/cdincbarcelona.com\/es\/especialidades-cdinc\/trastornos-del-sueno\/\"> trastornos del sue\u00f1o<\/a> en CDINC<\/strong>, es Jefe de secci\u00f3n de <a href=\"https:\/\/hospital.vallhebron.com\/ca\/especialitats\/neurologia\">neurolog\u00eda en el Hospital Vall d\u2019Hebron<\/a> de Barcelona y <strong>Director de la Unidad de Epilepsia <\/strong>de este mismo hospital. Ha sido adjunto al servicio de neurolog\u00eda del Hospital Central de Asturias y neur\u00f3logo asistente en el Hospital de la Timone y el Centro Saint-Paul de Marsella.<\/p>\n<p>Su actividad cl\u00ednica se ha centra especialmente en el tratamiento de la epilepsia, as\u00ed como en el abordaje de los trastornos del sue\u00f1o. En CDINC ofrece atenci\u00f3n a ni\u00f1os, adolescentes y adultos.<\/p>\n<p>Como docente, es <strong>director del M\u00e1ster de Epilepsia de la Universidad de Murcia<\/strong>, profesor asociado de neurolog\u00eda en la Universidad Aut\u00f3noma de Barcelona y ha sido profesor asociado de neurolog\u00eda en la Facultad de Medicina de Oviedo.<\/p>\n<p>Su trayectoria profesional ha sido reconocida por prestigiosas entidades como la <a href=\"https:\/\/www.sen.es\/\"><strong>Sociedad Espa\u00f1ola de Neurolog\u00eda <\/strong><\/a>recibiendo el <strong>Premio Cient\u00edfico de epilepsia<\/strong>. Es adem\u00e1s director del \u00c1rea de Epilepsia de la Revista de Neurolog\u00eda y forma parte de prestigiosas asociaciones m\u00e9dicas siendo <strong>Miembro Acad\u00e9mico de la Real Academia de Ciencias M\u00e9dicas del Principado de Asturias<\/strong>, tesorero de la Liga Espa\u00f1ola contra la Epilepsia (1989-1993), Delegado Internacional de la Liga Espa\u00f1ola contra la Epilepsia (1993-1997) y Vocal de la Junta Directiva del Grupo de Epilepsia de la Sociedad Espa\u00f1ola de Neurolog\u00eda (2008-2012).<\/p>\n<p>Descubre m\u00e1s sobre la <a href=\"https:\/\/cdincbarcelona.com\/es\/especialidades-cdinc\/epilepsia\/\">epilepsia<\/a> y <a href=\"https:\/\/cdincbarcelona.com\/es\/especialidades-cdinc\/trastornos-del-sueno\/\">los trastornos del sue\u00f1o<\/a> en la p\u00e1gina de CDINC.[\/vc_column_text][\/vc_column_inner][\/vc_row_inner][\/vc_column][\/vc_row][vc_row type=\u00bbfull_width_background\u00bb full_screen_row_position=\u00bbmiddle\u00bb equal_height=\u00bbyes\u00bb content_placement=\u00bbmiddle\u00bb column_margin=\u00bbdefault\u00bb bg_image=\u00bb6711&#8243; bg_position=\u00bbcenter center\u00bb bg_repeat=\u00bbno-repeat\u00bb scene_position=\u00bbcenter\u00bb text_color=\u00bblight\u00bb text_align=\u00bbleft\u00bb top_padding=\u00bb4%\u00bb bottom_padding=\u00bb4%\u00bb color_overlay=\u00bbrgba(10,6,6,0.84)\u00bb overlay_strength=\u00bb0.5&#8243; shape_divider_position=\u00bbbottom\u00bb bg_image_animation=\u00bbnone\u00bb shape_type=\u00bb\u00bb][vc_column column_padding=\u00bbno-extra-padding\u00bb column_padding_position=\u00bball\u00bb background_color_opacity=\u00bb1&#8243; background_hover_color_opacity=\u00bb1&#8243; column_link_target=\u00bb_self\u00bb column_shadow=\u00bbnone\u00bb column_border_radius=\u00bbnone\u00bb width=\u00bb1\/1&#8243; tablet_width_inherit=\u00bbdefault\u00bb tablet_text_alignment=\u00bbdefault\u00bb phone_text_alignment=\u00bbdefault\u00bb overlay_strength=\u00bb0.3&#8243; column_border_width=\u00bbnone\u00bb column_border_style=\u00bbsolid\u00bb bg_image_animation=\u00bbnone\u00bb][vc_row_inner column_margin=\u00bbdefault\u00bb text_align=\u00bbleft\u00bb][vc_column_inner column_padding=\u00bbno-extra-padding\u00bb column_padding_position=\u00bball\u00bb background_color_opacity=\u00bb1&#8243; background_hover_color_opacity=\u00bb1&#8243; column_shadow=\u00bbnone\u00bb column_border_radius=\u00bbnone\u00bb column_link_target=\u00bb_self\u00bb width=\u00bb1\/6&#8243; tablet_width_inherit=\u00bbdefault\u00bb overlay_strength=\u00bb0.3&#8243; column_border_width=\u00bbnone\u00bb column_border_style=\u00bbsolid\u00bb bg_image_animation=\u00bbnone\u00bb][\/vc_column_inner][vc_column_inner column_padding=\u00bbpadding-2-percent\u00bb column_padding_position=\u00bbleft-right\u00bb centered_text=\u00bbtrue\u00bb background_color_opacity=\u00bb1&#8243; background_hover_color_opacity=\u00bb1&#8243; column_shadow=\u00bbnone\u00bb column_border_radius=\u00bbnone\u00bb column_link_target=\u00bb_self\u00bb width=\u00bb2\/3&#8243; tablet_width_inherit=\u00bbdefault\u00bb overlay_strength=\u00bb0.3&#8243; column_border_width=\u00bbnone\u00bb column_border_style=\u00bbsolid\u00bb bg_image_animation=\u00bbnone\u00bb][vc_custom_heading text=\u00bbSOLICITE INFORMACI\u00d3N \/ VISITA\u00bb font_container=\u00bbtag:h3|font_size:42|text_align:center|line_height:42px\u00bb use_theme_fonts=\u00bbyes\u00bb css_animation=\u00bbnone\u00bb][divider line_type=\u00bbNo Line\u00bb custom_height=\u00bb5&#8243;][nectar_btn size=\u00bblarge\u00bb button_style=\u00bbregular\u00bb button_color_2=\u00bbAccent-Color\u00bb icon_family=\u00bbdefault_arrow\u00bb url=\u00bb\/es\/solicitar-informacion-visita\/\u00bb text=\u00bbSolicitar\u00bb css_animation=\u00bbnone\u00bb margin_top=\u00bb10&#8243;][\/vc_column_inner][vc_column_inner column_padding=\u00bbno-extra-padding\u00bb column_padding_position=\u00bball\u00bb background_color_opacity=\u00bb1&#8243; background_hover_color_opacity=\u00bb1&#8243; column_shadow=\u00bbnone\u00bb column_border_radius=\u00bbnone\u00bb column_link_target=\u00bb_self\u00bb width=\u00bb1\/6&#8243; tablet_width_inherit=\u00bbdefault\u00bb overlay_strength=\u00bb0.3&#8243; column_border_width=\u00bbnone\u00bb column_border_style=\u00bbsolid\u00bb bg_image_animation=\u00bbnone\u00bb][\/vc_column_inner][\/vc_row_inner][\/vc_column][\/vc_row]\n","protected":false},"excerpt":{"rendered":"<p>[vc_row type=\u00bbfull_width_background\u00bb full_screen_row_position=\u00bbmiddle\u00bb column_margin=\u00bbdefault\u00bb bg_image=\u00bb6675&#8243; bg_position=\u00bbleft top\u00bb bg_repeat=\u00bbno-repeat\u00bb bg_color=\u00bb#333333&#8243; scene_position=\u00bbcenter\u00bb video_bg=\u00bbuse_video\u00bb text_color=\u00bblight\u00bb text_align=\u00bbleft\u00bb top_padding=\u00bb7%\u00bb bottom_padding=\u00bb3%\u00bb color_overlay=\u00bb#0a0a0a\u00bb overlay_strength=\u00bb0.5&#8243; shape_divider_position=\u00bbbottom\u00bb bg_image_animation=\u00bbnone\u00bb parallax_bg=\u00bbtrue\u00bb parallax_bg_speed=\u00bbfast\u00bb video_mute=\u00bbtrue\u00bb shape_type=\u00bb\u00bb][vc_column column_padding=\u00bbno-extra-padding\u00bb column_padding_position=\u00bball\u00bb&#8230;<\/p>\n","protected":false},"author":1,"featured_media":0,"parent":6760,"menu_order":0,"comment_status":"closed","ping_status":"closed","template":"","meta":{"footnotes":""},"class_list":["post-8379","page","type-page","status-publish"],"yoast_head":"<!-- This site is optimized with the Yoast SEO plugin v27.5 - https:\/\/yoast.com\/product\/yoast-seo-wordpress\/ -->\n<title>Dr. Javier Salas Puig | Epilepsia y trastornos del sue\u00f1o | CDINC<\/title>\n<meta name=\"description\" content=\"El Dr. Salas es el director de la consulta de epilepsia y trastornos del sue\u00f1o en CDINC y jefe de secci\u00f3n de neurolog\u00eda en el Hospital Vall d\u2019Hebron de Barcelona.\" \/>\n<meta name=\"robots\" content=\"index, follow, max-snippet:-1, max-image-preview:large, max-video-preview:-1\" \/>\n<link rel=\"canonical\" href=\"https:\/\/cdincbarcelona.com\/es\/equipo-profesionales-cdinc\/javier-salas-puig-neurologo-epilepsia\/\" \/>\n<meta property=\"og:locale\" content=\"es_ES\" \/>\n<meta property=\"og:type\" content=\"article\" \/>\n<meta property=\"og:title\" content=\"Dr. Javier Salas Puig | Epilepsia y trastornos del sue\u00f1o | CDINC\" \/>\n<meta property=\"og:description\" content=\"El Dr. Salas es el director de la consulta de epilepsia y trastornos del sue\u00f1o en CDINC y jefe de secci\u00f3n de neurolog\u00eda en el Hospital Vall d\u2019Hebron de Barcelona.\" \/>\n<meta property=\"og:url\" content=\"https:\/\/cdincbarcelona.com\/es\/equipo-profesionales-cdinc\/javier-salas-puig-neurologo-epilepsia\/\" \/>\n<meta property=\"og:site_name\" content=\"CDINC\" \/>\n<meta property=\"article:modified_time\" content=\"2021-11-17T17:13:35+00:00\" \/>\n<meta name=\"twitter:card\" content=\"summary_large_image\" \/>\n<meta name=\"twitter:label1\" content=\"Tiempo de lectura\" \/>\n\t<meta name=\"twitter:data1\" content=\"3 minutos\" \/>\n<script type=\"application\/ld+json\" class=\"yoast-schema-graph\">{\"@context\":\"https:\\\/\\\/schema.org\",\"@graph\":[{\"@type\":\"WebPage\",\"@id\":\"https:\\\/\\\/cdincbarcelona.com\\\/es\\\/equipo-profesionales-cdinc\\\/javier-salas-puig-neurologo-epilepsia\\\/\",\"url\":\"https:\\\/\\\/cdincbarcelona.com\\\/es\\\/equipo-profesionales-cdinc\\\/javier-salas-puig-neurologo-epilepsia\\\/\",\"name\":\"Dr. Javier Salas Puig | Epilepsia y trastornos del sue\u00f1o | CDINC\",\"isPartOf\":{\"@id\":\"https:\\\/\\\/cdincbarcelona.com\\\/#website\"},\"datePublished\":\"2019-02-01T09:00:30+00:00\",\"dateModified\":\"2021-11-17T17:13:35+00:00\",\"description\":\"El Dr. Salas es el director de la consulta de epilepsia y trastornos del sue\u00f1o en CDINC y jefe de secci\u00f3n de neurolog\u00eda en el Hospital Vall d\u2019Hebron de Barcelona.\",\"breadcrumb\":{\"@id\":\"https:\\\/\\\/cdincbarcelona.com\\\/es\\\/equipo-profesionales-cdinc\\\/javier-salas-puig-neurologo-epilepsia\\\/#breadcrumb\"},\"inLanguage\":\"es\",\"potentialAction\":[{\"@type\":\"ReadAction\",\"target\":[\"https:\\\/\\\/cdincbarcelona.com\\\/es\\\/equipo-profesionales-cdinc\\\/javier-salas-puig-neurologo-epilepsia\\\/\"]}]},{\"@type\":\"BreadcrumbList\",\"@id\":\"https:\\\/\\\/cdincbarcelona.com\\\/es\\\/equipo-profesionales-cdinc\\\/javier-salas-puig-neurologo-epilepsia\\\/#breadcrumb\",\"itemListElement\":[{\"@type\":\"ListItem\",\"position\":1,\"name\":\"Portada\",\"item\":\"https:\\\/\\\/cdincbarcelona.com\\\/es\\\/\"},{\"@type\":\"ListItem\",\"position\":2,\"name\":\"Equipo\",\"item\":\"https:\\\/\\\/cdincbarcelona.com\\\/es\\\/equipo-profesionales-cdinc\\\/\"},{\"@type\":\"ListItem\",\"position\":3,\"name\":\"Dr. Javier Salas Puig\"}]},{\"@type\":\"WebSite\",\"@id\":\"https:\\\/\\\/cdincbarcelona.com\\\/#website\",\"url\":\"https:\\\/\\\/cdincbarcelona.com\\\/\",\"name\":\"CDINC\",\"description\":\"Centre de diagn\u00f2stic i intervenci\u00f3 neurocognitiva Barcelona\",\"publisher\":{\"@id\":\"https:\\\/\\\/cdincbarcelona.com\\\/#organization\"},\"potentialAction\":[{\"@type\":\"SearchAction\",\"target\":{\"@type\":\"EntryPoint\",\"urlTemplate\":\"https:\\\/\\\/cdincbarcelona.com\\\/?s={search_term_string}\"},\"query-input\":{\"@type\":\"PropertyValueSpecification\",\"valueRequired\":true,\"valueName\":\"search_term_string\"}}],\"inLanguage\":\"es\"},{\"@type\":\"Organization\",\"@id\":\"https:\\\/\\\/cdincbarcelona.com\\\/#organization\",\"name\":\"CDINC Centre de Diagn\u00f2stic i Intervenci\u00f3 Neurocognitiva\",\"url\":\"https:\\\/\\\/cdincbarcelona.com\\\/\",\"logo\":{\"@type\":\"ImageObject\",\"inLanguage\":\"es\",\"@id\":\"https:\\\/\\\/cdincbarcelona.com\\\/#\\\/schema\\\/logo\\\/image\\\/\",\"url\":\"https:\\\/\\\/cdincbarcelona.com\\\/wp-content\\\/uploads\\\/2017\\\/10\\\/cdinc-logo@2x.png\",\"contentUrl\":\"https:\\\/\\\/cdincbarcelona.com\\\/wp-content\\\/uploads\\\/2017\\\/10\\\/cdinc-logo@2x.png\",\"width\":825,\"height\":200,\"caption\":\"CDINC Centre de Diagn\u00f2stic i Intervenci\u00f3 Neurocognitiva\"},\"image\":{\"@id\":\"https:\\\/\\\/cdincbarcelona.com\\\/#\\\/schema\\\/logo\\\/image\\\/\"}}]}<\/script>\n<!-- \/ Yoast SEO plugin. -->","yoast_head_json":{"title":"Dr. Javier Salas Puig | Epilepsia y trastornos del sue\u00f1o | CDINC","description":"El Dr. Salas es el director de la consulta de epilepsia y trastornos del sue\u00f1o en CDINC y jefe de secci\u00f3n de neurolog\u00eda en el Hospital Vall d\u2019Hebron de Barcelona.","robots":{"index":"index","follow":"follow","max-snippet":"max-snippet:-1","max-image-preview":"max-image-preview:large","max-video-preview":"max-video-preview:-1"},"canonical":"https:\/\/cdincbarcelona.com\/es\/equipo-profesionales-cdinc\/javier-salas-puig-neurologo-epilepsia\/","og_locale":"es_ES","og_type":"article","og_title":"Dr. Javier Salas Puig | Epilepsia y trastornos del sue\u00f1o | CDINC","og_description":"El Dr. Salas es el director de la consulta de epilepsia y trastornos del sue\u00f1o en CDINC y jefe de secci\u00f3n de neurolog\u00eda en el Hospital Vall d\u2019Hebron de Barcelona.","og_url":"https:\/\/cdincbarcelona.com\/es\/equipo-profesionales-cdinc\/javier-salas-puig-neurologo-epilepsia\/","og_site_name":"CDINC","article_modified_time":"2021-11-17T17:13:35+00:00","twitter_card":"summary_large_image","twitter_misc":{"Tiempo de lectura":"3 minutos"},"schema":{"@context":"https:\/\/schema.org","@graph":[{"@type":"WebPage","@id":"https:\/\/cdincbarcelona.com\/es\/equipo-profesionales-cdinc\/javier-salas-puig-neurologo-epilepsia\/","url":"https:\/\/cdincbarcelona.com\/es\/equipo-profesionales-cdinc\/javier-salas-puig-neurologo-epilepsia\/","name":"Dr. Javier Salas Puig | Epilepsia y trastornos del sue\u00f1o | CDINC","isPartOf":{"@id":"https:\/\/cdincbarcelona.com\/#website"},"datePublished":"2019-02-01T09:00:30+00:00","dateModified":"2021-11-17T17:13:35+00:00","description":"El Dr. Salas es el director de la consulta de epilepsia y trastornos del sue\u00f1o en CDINC y jefe de secci\u00f3n de neurolog\u00eda en el Hospital Vall d\u2019Hebron de Barcelona.","breadcrumb":{"@id":"https:\/\/cdincbarcelona.com\/es\/equipo-profesionales-cdinc\/javier-salas-puig-neurologo-epilepsia\/#breadcrumb"},"inLanguage":"es","potentialAction":[{"@type":"ReadAction","target":["https:\/\/cdincbarcelona.com\/es\/equipo-profesionales-cdinc\/javier-salas-puig-neurologo-epilepsia\/"]}]},{"@type":"BreadcrumbList","@id":"https:\/\/cdincbarcelona.com\/es\/equipo-profesionales-cdinc\/javier-salas-puig-neurologo-epilepsia\/#breadcrumb","itemListElement":[{"@type":"ListItem","position":1,"name":"Portada","item":"https:\/\/cdincbarcelona.com\/es\/"},{"@type":"ListItem","position":2,"name":"Equipo","item":"https:\/\/cdincbarcelona.com\/es\/equipo-profesionales-cdinc\/"},{"@type":"ListItem","position":3,"name":"Dr. Javier Salas Puig"}]},{"@type":"WebSite","@id":"https:\/\/cdincbarcelona.com\/#website","url":"https:\/\/cdincbarcelona.com\/","name":"CDINC","description":"Centre de diagn\u00f2stic i intervenci\u00f3 neurocognitiva Barcelona","publisher":{"@id":"https:\/\/cdincbarcelona.com\/#organization"},"potentialAction":[{"@type":"SearchAction","target":{"@type":"EntryPoint","urlTemplate":"https:\/\/cdincbarcelona.com\/?s={search_term_string}"},"query-input":{"@type":"PropertyValueSpecification","valueRequired":true,"valueName":"search_term_string"}}],"inLanguage":"es"},{"@type":"Organization","@id":"https:\/\/cdincbarcelona.com\/#organization","name":"CDINC Centre de Diagn\u00f2stic i Intervenci\u00f3 Neurocognitiva","url":"https:\/\/cdincbarcelona.com\/","logo":{"@type":"ImageObject","inLanguage":"es","@id":"https:\/\/cdincbarcelona.com\/#\/schema\/logo\/image\/","url":"https:\/\/cdincbarcelona.com\/wp-content\/uploads\/2017\/10\/cdinc-logo@2x.png","contentUrl":"https:\/\/cdincbarcelona.com\/wp-content\/uploads\/2017\/10\/cdinc-logo@2x.png","width":825,"height":200,"caption":"CDINC Centre de Diagn\u00f2stic i Intervenci\u00f3 Neurocognitiva"},"image":{"@id":"https:\/\/cdincbarcelona.com\/#\/schema\/logo\/image\/"}}]}},"_links":{"self":[{"href":"https:\/\/cdincbarcelona.com\/es\/wp-json\/wp\/v2\/pages\/8379","targetHints":{"allow":["GET"]}}],"collection":[{"href":"https:\/\/cdincbarcelona.com\/es\/wp-json\/wp\/v2\/pages"}],"about":[{"href":"https:\/\/cdincbarcelona.com\/es\/wp-json\/wp\/v2\/types\/page"}],"author":[{"embeddable":true,"href":"https:\/\/cdincbarcelona.com\/es\/wp-json\/wp\/v2\/users\/1"}],"replies":[{"embeddable":true,"href":"https:\/\/cdincbarcelona.com\/es\/wp-json\/wp\/v2\/comments?post=8379"}],"version-history":[{"count":9,"href":"https:\/\/cdincbarcelona.com\/es\/wp-json\/wp\/v2\/pages\/8379\/revisions"}],"predecessor-version":[{"id":10097,"href":"https:\/\/cdincbarcelona.com\/es\/wp-json\/wp\/v2\/pages\/8379\/revisions\/10097"}],"up":[{"embeddable":true,"href":"https:\/\/cdincbarcelona.com\/es\/wp-json\/wp\/v2\/pages\/6760"}],"wp:attachment":[{"href":"https:\/\/cdincbarcelona.com\/es\/wp-json\/wp\/v2\/media?parent=8379"}],"curies":[{"name":"wp","href":"https:\/\/api.w.org\/{rel}","templated":true}]}}